{"id":3480,"date":"2026-03-30T13:56:15","date_gmt":"2026-03-30T11:56:15","guid":{"rendered":"https:\/\/vb-bachstein.de\/wolfsburg\/?page_id=3480"},"modified":"2026-04-27T09:48:09","modified_gmt":"2026-04-27T07:48:09","slug":"new-planning-from-wittingen-via-brome-to-wolfsburg","status":"publish","type":"page","link":"https:\/\/vb-bachstein.de\/wolfsburg\/en\/mobilitaet\/neuplanung-von-wittingen-ueber-brome-bis-wolfsburg\/","title":{"rendered":"New planning from Wittingen via Brome to Wolfsburg"},"content":{"rendered":"\t\t<div data-elementor-type=\"wp-page\" data-elementor-id=\"3480\" class=\"elementor elementor-3480\" data-elementor-post-type=\"page\">\n\t\t\t\t\t\t<section class=\"elementor-section elementor-top-section elementor-element elementor-element-10fed1b elementor-section-boxed elementor-section-height-default elementor-section-height-default wpr-particle-no wpr-jarallax-no wpr-parallax-no wpr-sticky-section-no wpr-equal-height-no\" data-id=\"10fed1b\" data-element_type=\"section\" data-e-type=\"section\">\n\t\t\t\t\t\t<div class=\"elementor-container elementor-column-gap-default\">\n\t\t\t\t\t<div class=\"elementor-column elementor-col-50 elementor-top-column elementor-element elementor-element-2b5188d\" data-id=\"2b5188d\" data-element_type=\"column\" data-e-type=\"column\">\n\t\t\t<div class=\"elementor-widget-wrap elementor-element-populated\">\n\t\t\t\t\t\t<div class=\"elementor-element elementor-element-f4b3d55 elementor-widget elementor-widget-heading\" data-id=\"f4b3d55\" data-element_type=\"widget\" data-e-type=\"widget\" data-widget_type=\"heading.default\">\n\t\t\t\t<div class=\"elementor-widget-container\">\n\t\t\t\t\t<h2 class=\"elementor-heading-title elementor-size-default\">NEUE WEGE - NEUE ZIELE<\/h2>\t\t\t\t<\/div>\n\t\t\t\t<\/div>\n\t\t\t\t<div class=\"elementor-element elementor-element-63ea5b3 elementor-widget elementor-widget-text-editor\" data-id=\"63ea5b3\" data-element_type=\"widget\" data-e-type=\"widget\" data-widget_type=\"text-editor.default\">\n\t\t\t\t<div class=\"elementor-widget-container\">\n\t\t\t\t\t\t\t\t\t<p><strong>Umgestaltung des Busverkehrs zwischen Wittingen, Brome und Wolfsburg \u2013 f\u00fcr bessere Anschl\u00fcsse und \u00fcbersichtliche Fahrpl\u00e4ne.<\/strong><\/p><p>Die Umsetzung der Neustrukturierung des Busverkehrs in der Region Wittingen \u2013 Brome \u2013 Wolfsburg ist zum <strong>1. Juni 2026 <\/strong>geplant.<\/p>\t\t\t\t\t\t\t\t<\/div>\n\t\t\t\t<\/div>\n\t\t\t\t<div class=\"elementor-element elementor-element-50735ed elementor-widget elementor-widget-menu-anchor\" data-id=\"50735ed\" data-element_type=\"widget\" data-e-type=\"widget\" data-widget_type=\"menu-anchor.default\">\n\t\t\t\t<div class=\"elementor-widget-container\">\n\t\t\t\t\t\t\t<div class=\"elementor-menu-anchor\" id=\"EinleitungNeuplanung\"><\/div>\n\t\t\t\t\t\t<\/div>\n\t\t\t\t<\/div>\n\t\t\t\t\t<\/div>\n\t\t<\/div>\n\t\t\t\t<div class=\"elementor-column elementor-col-50 elementor-top-column elementor-element elementor-element-39db7a1\" data-id=\"39db7a1\" data-element_type=\"column\" data-e-type=\"column\">\n\t\t\t<div class=\"elementor-widget-wrap\">\n\t\t\t\t\t\t\t<\/div>\n\t\t<\/div>\n\t\t\t\t\t<\/div>\n\t\t<\/section>\n\t\t<div class=\"elementor-element elementor-element-b6a86c0 e-flex e-con-boxed wpr-particle-no wpr-jarallax-no wpr-parallax-no wpr-sticky-section-no wpr-equal-height-no e-con e-parent\" data-id=\"b6a86c0\" data-element_type=\"container\" data-e-type=\"container\">\n\t\t\t\t\t<div class=\"e-con-inner\">\n\t\t\t\t<div class=\"elementor-element elementor-element-4fc01b6 elementor-widget elementor-widget-text-editor\" data-id=\"4fc01b6\" data-element_type=\"widget\" data-e-type=\"widget\" data-widget_type=\"text-editor.default\">\n\t\t\t\t<div class=\"elementor-widget-container\">\n\t\t\t\t\t\t\t\t\t<p>Am Grundkonzept der im Jahr 2025 vorgestellten Neuplanung wird dabei festgehalten. Auf Basis aktueller Daten sowie vorliegender Hinweise\u00a0 \u2013 insbesondere zur Sch\u00fclerbef\u00f6rderung \u2013 wurden allerdings einzelne Linienf\u00fchrungen, Taktungen und Zeitfenster \u00fcberpr\u00fcft und weiterentwickelt.<\/p><p>Alle geplanten Anpassungen erfolgen in enger Abstimmung mit dem Regionalverband Gro\u00dfraum Braunschweig und ber\u00fccksichtigen die Datengrundlagen sowie die Finanzierung des Landkreises Gifhorn.<\/p><p>Ziel ist es, ein attraktives, verl\u00e4ssliches und gut abgestimmtes Angebot f\u00fcr das gesamte Gebiet zu schaffen, das den Bed\u00fcrfnissen der Menschen in der Region bestm\u00f6glich entspricht.<\/p>\t\t\t\t\t\t\t\t<\/div>\n\t\t\t\t<\/div>\n\t\t\t\t<div class=\"elementor-element elementor-element-68911e5 elementor-widget elementor-widget-spacer\" data-id=\"68911e5\" data-element_type=\"widget\" data-e-type=\"widget\" data-widget_type=\"spacer.default\">\n\t\t\t\t<div class=\"elementor-widget-container\">\n\t\t\t\t\t\t\t<div class=\"elementor-spacer\">\n\t\t\t<div class=\"elementor-spacer-inner\"><\/div>\n\t\t<\/div>\n\t\t\t\t\t\t<\/div>\n\t\t\t\t<\/div>\n\t\t\t\t\t<\/div>\n\t\t\t\t<\/div>\n\t\t<div class=\"elementor-element elementor-element-2a4d7b1 e-flex e-con-boxed wpr-particle-no wpr-jarallax-no wpr-parallax-no wpr-sticky-section-no wpr-equal-height-no e-con e-parent\" data-id=\"2a4d7b1\" data-element_type=\"container\" data-e-type=\"container\">\n\t\t\t\t\t<div class=\"e-con-inner\">\n\t\t\t\t<div class=\"elementor-element elementor-element-4881b2b elementor-widget__width-initial elementor-widget-mobile__width-initial elementor-widget elementor-widget-image\" data-id=\"4881b2b\" data-element_type=\"widget\" data-e-type=\"widget\" data-widget_type=\"image.default\">\n\t\t\t\t<div class=\"elementor-widget-container\">\n\t\t\t\t\t\t\t\t\t\t\t\t\t\t\t<img fetchpriority=\"high\" fetchpriority=\"high\" decoding=\"async\" width=\"1810\" height=\"2560\" src=\"https:\/\/vb-bachstein.de\/wolfsburg\/wp-content\/uploads\/sites\/14\/liniennetz_region-wolfsburg-tn14_01-2026-scaled.png\" class=\"attachment- size-\" alt=\"\" srcset=\"https:\/\/vb-bachstein.de\/wolfsburg\/wp-content\/uploads\/sites\/14\/liniennetz_region-wolfsburg-tn14_01-2026-scaled.png 1810w, https:\/\/vb-bachstein.de\/wolfsburg\/wp-content\/uploads\/sites\/14\/liniennetz_region-wolfsburg-tn14_01-2026-362x512.png 362w, https:\/\/vb-bachstein.de\/wolfsburg\/wp-content\/uploads\/sites\/14\/liniennetz_region-wolfsburg-tn14_01-2026-724x1024.png 724w, https:\/\/vb-bachstein.de\/wolfsburg\/wp-content\/uploads\/sites\/14\/liniennetz_region-wolfsburg-tn14_01-2026-768x1086.png 768w, https:\/\/vb-bachstein.de\/wolfsburg\/wp-content\/uploads\/sites\/14\/liniennetz_region-wolfsburg-tn14_01-2026-1086x1536.png 1086w, https:\/\/vb-bachstein.de\/wolfsburg\/wp-content\/uploads\/sites\/14\/liniennetz_region-wolfsburg-tn14_01-2026-1448x2048.png 1448w, https:\/\/vb-bachstein.de\/wolfsburg\/wp-content\/uploads\/sites\/14\/liniennetz_region-wolfsburg-tn14_01-2026-8x12.png 8w\" sizes=\"(max-width: 1810px) 100vw, 1810px\" \/>\t\t\t\t\t\t\t\t\t\t\t\t\t\t\t<\/div>\n\t\t\t\t<\/div>\n\t\t\t\t<div class=\"elementor-element elementor-element-8244b94 elementor-widget elementor-widget-spacer\" data-id=\"8244b94\" data-element_type=\"widget\" data-e-type=\"widget\" data-widget_type=\"spacer.default\">\n\t\t\t\t<div class=\"elementor-widget-container\">\n\t\t\t\t\t\t\t<div class=\"elementor-spacer\">\n\t\t\t<div class=\"elementor-spacer-inner\"><\/div>\n\t\t<\/div>\n\t\t\t\t\t\t<\/div>\n\t\t\t\t<\/div>\n\t\t\t\t<div class=\"elementor-element elementor-element-6488787 elementor-widget elementor-widget-menu-anchor\" data-id=\"6488787\" data-element_type=\"widget\" data-e-type=\"widget\" data-widget_type=\"menu-anchor.default\">\n\t\t\t\t<div class=\"elementor-widget-container\">\n\t\t\t\t\t\t\t<div class=\"elementor-menu-anchor\" id=\"ZieleNeuplanung\"><\/div>\n\t\t\t\t\t\t<\/div>\n\t\t\t\t<\/div>\n\t\t\t\t\t<\/div>\n\t\t\t\t<\/div>\n\t\t<div class=\"elementor-element elementor-element-6c20731 e-flex e-con-boxed wpr-particle-no wpr-jarallax-no wpr-parallax-no wpr-sticky-section-no wpr-equal-height-no e-con e-parent\" data-id=\"6c20731\" data-element_type=\"container\" data-e-type=\"container\">\n\t\t\t\t\t<div class=\"e-con-inner\">\n\t\t\t\t<div class=\"elementor-element elementor-element-6e95ba3 elementor-widget elementor-widget-heading\" data-id=\"6e95ba3\" data-element_type=\"widget\" data-e-type=\"widget\" data-widget_type=\"heading.default\">\n\t\t\t\t<div class=\"elementor-widget-container\">\n\t\t\t\t\t<h3 class=\"elementor-heading-title elementor-size-default\">Die Ziele der Netzumstellung auf einem Blick<\/h3>\t\t\t\t<\/div>\n\t\t\t\t<\/div>\n\t\t\t\t<div class=\"elementor-element elementor-element-6c9cadf elementor-icon-list--layout-traditional elementor-list-item-link-full_width elementor-widget elementor-widget-icon-list\" data-id=\"6c9cadf\" data-element_type=\"widget\" data-e-type=\"widget\" data-widget_type=\"icon-list.default\">\n\t\t\t\t<div class=\"elementor-widget-container\">\n\t\t\t\t\t\t\t<ul class=\"elementor-icon-list-items\">\n\t\t\t\t\t\t\t<li class=\"elementor-icon-list-item\">\n\t\t\t\t\t\t\t\t\t\t\t<span class=\"elementor-icon-list-icon\">\n\t\t\t\t\t\t\t<i aria-hidden=\"true\" class=\"fas fa-check\"><\/i>\t\t\t\t\t\t<\/span>\n\t\t\t\t\t\t\t\t\t\t<span class=\"elementor-icon-list-text\">Angebote f\u00fcr alle Orte im Gebiet<\/span>\n\t\t\t\t\t\t\t\t\t<\/li>\n\t\t\t\t\t\t\t\t<li class=\"elementor-icon-list-item\">\n\t\t\t\t\t\t\t\t\t\t\t<span class=\"elementor-icon-list-icon\">\n\t\t\t\t\t\t\t<i aria-hidden=\"true\" class=\"fas fa-check\"><\/i>\t\t\t\t\t\t<\/span>\n\t\t\t\t\t\t\t\t\t\t<span class=\"elementor-icon-list-text\">Abgestimmte Fahrzeiten zwischen den Linien  160 &amp; 300<\/span>\n\t\t\t\t\t\t\t\t\t<\/li>\n\t\t\t\t\t\t\t\t<li class=\"elementor-icon-list-item\">\n\t\t\t\t\t\t\t\t\t\t\t<span class=\"elementor-icon-list-icon\">\n\t\t\t\t\t\t\t<i aria-hidden=\"true\" class=\"fas fa-check\"><\/i>\t\t\t\t\t\t<\/span>\n\t\t\t\t\t\t\t\t\t\t<span class=\"elementor-icon-list-text\">Bessere Anschl\u00fcsse an Bahn- und Busverkehre<\/span>\n\t\t\t\t\t\t\t\t\t<\/li>\n\t\t\t\t\t\t\t\t<li class=\"elementor-icon-list-item\">\n\t\t\t\t\t\t\t\t\t\t\t<span class=\"elementor-icon-list-icon\">\n\t\t\t\t\t\t\t<i aria-hidden=\"true\" class=\"fas fa-check\"><\/i>\t\t\t\t\t\t<\/span>\n\t\t\t\t\t\t\t\t\t\t<span class=\"elementor-icon-list-text\">Klare und merkbare Taktstrukturen<\/span>\n\t\t\t\t\t\t\t\t\t<\/li>\n\t\t\t\t\t\t\t\t<li class=\"elementor-icon-list-item\">\n\t\t\t\t\t\t\t\t\t\t\t<span class=\"elementor-icon-list-icon\">\n\t\t\t\t\t\t\t<i aria-hidden=\"true\" class=\"fas fa-check\"><\/i>\t\t\t\t\t\t<\/span>\n\t\t\t\t\t\t\t\t\t\t<span class=\"elementor-icon-list-text\">Optimierte Sch\u00fclerbef\u00f6rderung<\/span>\n\t\t\t\t\t\t\t\t\t<\/li>\n\t\t\t\t\t\t\t\t<li class=\"elementor-icon-list-item\">\n\t\t\t\t\t\t\t\t\t\t\t<span class=\"elementor-icon-list-icon\">\n\t\t\t\t\t\t\t<i aria-hidden=\"true\" class=\"fas fa-check\"><\/i>\t\t\t\t\t\t<\/span>\n\t\t\t\t\t\t\t\t\t\t<span class=\"elementor-icon-list-text\">Neue und verbesserte Direktverbindungen<\/span>\n\t\t\t\t\t\t\t\t\t<\/li>\n\t\t\t\t\t\t\t\t<li class=\"elementor-icon-list-item\">\n\t\t\t\t\t\t\t\t\t\t\t<span class=\"elementor-icon-list-icon\">\n\t\t\t\t\t\t\t<i aria-hidden=\"true\" class=\"fas fa-check\"><\/i>\t\t\t\t\t\t<\/span>\n\t\t\t\t\t\t\t\t\t\t<span class=\"elementor-icon-list-text\">\u00dcbersichtliche und einheitliche Linienwege<\/span>\n\t\t\t\t\t\t\t\t\t<\/li>\n\t\t\t\t\t\t\t\t<li class=\"elementor-icon-list-item\">\n\t\t\t\t\t\t\t\t\t\t\t<span class=\"elementor-icon-list-icon\">\n\t\t\t\t\t\t\t<i aria-hidden=\"true\" class=\"fas fa-check\"><\/i>\t\t\t\t\t\t<\/span>\n\t\t\t\t\t\t\t\t\t\t<span class=\"elementor-icon-list-text\">Wirtschaftlich tragf\u00e4hige Fahrpl\u00e4ne<\/span>\n\t\t\t\t\t\t\t\t\t<\/li>\n\t\t\t\t\t\t<\/ul>\n\t\t\t\t\t\t<\/div>\n\t\t\t\t<\/div>\n\t\t\t\t<div class=\"elementor-element elementor-element-c4bded5 elementor-widget elementor-widget-spacer\" data-id=\"c4bded5\" data-element_type=\"widget\" data-e-type=\"widget\" data-widget_type=\"spacer.default\">\n\t\t\t\t<div class=\"elementor-widget-container\">\n\t\t\t\t\t\t\t<div class=\"elementor-spacer\">\n\t\t\t<div class=\"elementor-spacer-inner\"><\/div>\n\t\t<\/div>\n\t\t\t\t\t\t<\/div>\n\t\t\t\t<\/div>\n\t\t\t\t\t<\/div>\n\t\t\t\t<\/div>\n\t\t<div class=\"elementor-element elementor-element-d3196f9 e-flex e-con-boxed wpr-particle-no wpr-jarallax-no wpr-parallax-no wpr-sticky-section-no wpr-equal-height-no e-con e-parent\" data-id=\"d3196f9\" data-element_type=\"container\" data-e-type=\"container\">\n\t\t\t\t\t<div class=\"e-con-inner\">\n\t\t\t\t<div class=\"elementor-element elementor-element-a0c3c25 elementor-widget elementor-widget-menu-anchor\" data-id=\"a0c3c25\" data-element_type=\"widget\" data-e-type=\"widget\" data-widget_type=\"menu-anchor.default\">\n\t\t\t\t<div class=\"elementor-widget-container\">\n\t\t\t\t\t\t\t<div class=\"elementor-menu-anchor\" id=\"OptimierungNeuplanung\"><\/div>\n\t\t\t\t\t\t<\/div>\n\t\t\t\t<\/div>\n\t\t\t\t<div class=\"elementor-element elementor-element-8fb1f5d elementor-widget elementor-widget-heading\" data-id=\"8fb1f5d\" data-element_type=\"widget\" data-e-type=\"widget\" data-widget_type=\"heading.default\">\n\t\t\t\t<div class=\"elementor-widget-container\">\n\t\t\t\t\t<h3 class=\"elementor-heading-title elementor-size-default\">Optimierung der Sch\u00fclerbef\u00f6rderung<\/h3>\t\t\t\t<\/div>\n\t\t\t\t<\/div>\n\t\t\t\t<div class=\"elementor-element elementor-element-be6cce3 elementor-widget elementor-widget-text-editor\" data-id=\"be6cce3\" data-element_type=\"widget\" data-e-type=\"widget\" data-widget_type=\"text-editor.default\">\n\t\t\t\t<div class=\"elementor-widget-container\">\n\t\t\t\t\t\t\t\t\t<p>Auf Grundlage neuer Sch\u00fclerlisten sowie relevanter Unterrichtszeiten werden folgende Anpassungen in der Sch\u00fclerbef\u00f6rderung vorgenommen:<\/p><ul><li>In der Regel werden, nach Festlegung durch den Landkreis Gifhorn und in Abstimmung mit den Schulen, k\u00fcnftig <strong>zwei Hinfahrten und drei R\u00fcckfahrten je Schule<\/strong> angeboten.<\/li><li>F\u00fcr viele Orte entstehen dazu <strong>Direktverbindungen<\/strong>. Unter anderem zur <strong>IGS Sassenburg<\/strong> (zur 1. und 2. Stunde sowie nach der 6. und 9. Stunde) sowie zum <strong>Gymnasium Hankensb\u00fcttel<\/strong> (zur 1. Stunde).<\/li><li>F\u00fcr den Unterrichtsbeginn zur <strong>2. Stunde am Gymnasium Hankensb\u00fcttel<\/strong> wurde die bestehende Umsteigeverbindung verbessert, es bleibt jedoch weiterhin eine Umsteigeverbindung.<\/li><\/ul><p>Die <strong>Schulfahrpl\u00e4ne werden klar strukturiert und transparent ver\u00f6ffentlicht<\/strong>.\u00a0<\/p><p><strong>Unser Ziel:<\/strong> Verl\u00e4ssliche und planbare Schulwege mit klaren Linienf\u00fchrungen und Fahrpl\u00e4nen, die auf die Unterrichtszeiten abgestimmt sind.<br \/><strong>Dein Vorteil:<\/strong> Gute \u00dcbersicht und bessere Planbarkeit f\u00fcr dich und deine Familie.<\/p>\t\t\t\t\t\t\t\t<\/div>\n\t\t\t\t<\/div>\n\t\t\t\t<div class=\"elementor-element elementor-element-4dc8747 elementor-widget elementor-widget-button\" data-id=\"4dc8747\" data-element_type=\"widget\" data-e-type=\"widget\" data-widget_type=\"button.default\">\n\t\t\t\t<div class=\"elementor-widget-container\">\n\t\t\t\t\t\t\t\t\t<div class=\"elementor-button-wrapper\">\n\t\t\t\t\t<a class=\"elementor-button elementor-button-link elementor-size-sm\" href=\"https:\/\/vb-bachstein.de\/wolfsburg\/mobilitaet\/schulfahrplaene\/\" target=\"_blank\">\n\t\t\t\t\t\t<span class=\"elementor-button-content-wrapper\">\n\t\t\t\t\t\t<span class=\"elementor-button-icon\">\n\t\t\t\t<i aria-hidden=\"true\" class=\"fas fa-arrow-alt-circle-right\"><\/i>\t\t\t<\/span>\n\t\t\t\t\t\t\t\t\t<span class=\"elementor-button-text\">ZU DEN SCHULFAHRPL\u00c4NEN<\/span>\n\t\t\t\t\t<\/span>\n\t\t\t\t\t<\/a>\n\t\t\t\t<\/div>\n\t\t\t\t\t\t\t\t<\/div>\n\t\t\t\t<\/div>\n\t\t\t\t<div class=\"elementor-element elementor-element-ee1ce7a elementor-widget elementor-widget-spacer\" data-id=\"ee1ce7a\" data-element_type=\"widget\" data-e-type=\"widget\" data-widget_type=\"spacer.default\">\n\t\t\t\t<div class=\"elementor-widget-container\">\n\t\t\t\t\t\t\t<div class=\"elementor-spacer\">\n\t\t\t<div class=\"elementor-spacer-inner\"><\/div>\n\t\t<\/div>\n\t\t\t\t\t\t<\/div>\n\t\t\t\t<\/div>\n\t\t\t\t<div class=\"elementor-element elementor-element-feaacbd elementor-widget elementor-widget-menu-anchor\" data-id=\"feaacbd\" data-element_type=\"widget\" data-e-type=\"widget\" data-widget_type=\"menu-anchor.default\">\n\t\t\t\t<div class=\"elementor-widget-container\">\n\t\t\t\t\t\t\t<div class=\"elementor-menu-anchor\" id=\"LinienNeuplanung\"><\/div>\n\t\t\t\t\t\t<\/div>\n\t\t\t\t<\/div>\n\t\t\t\t\t<\/div>\n\t\t\t\t<\/div>\n\t\t<div class=\"elementor-element elementor-element-dbf7267 e-flex e-con-boxed wpr-particle-no wpr-jarallax-no wpr-parallax-no wpr-sticky-section-no wpr-equal-height-no e-con e-parent\" data-id=\"dbf7267\" data-element_type=\"container\" data-e-type=\"container\">\n\t\t\t\t\t<div class=\"e-con-inner\">\n\t\t\t\t<div class=\"elementor-element elementor-element-fa4196c elementor-widget elementor-widget-heading\" data-id=\"fa4196c\" data-element_type=\"widget\" data-e-type=\"widget\" data-widget_type=\"heading.default\">\n\t\t\t\t<div class=\"elementor-widget-container\">\n\t\t\t\t\t<h3 class=\"elementor-heading-title elementor-size-default\">Die Neuigkeiten zu deiner Linie im Detail<\/h3>\t\t\t\t<\/div>\n\t\t\t\t<\/div>\n\t\t\t\t<div class=\"elementor-element elementor-element-8a84754 grey-light uael-faq-box-layout-yes align-at-left elementor-widget elementor-widget-uael-faq\" data-id=\"8a84754\" data-element_type=\"widget\" data-e-type=\"widget\" data-widget_type=\"uael-faq.default\">\n\t\t\t\t<div class=\"elementor-widget-container\">\n\t\t\t\t\t\n\t\t\t<div id='uael-faq-wrapper-145' class=\"uael-faq-wrapper\">\n\t\t\t\t<div class=\"uael-faq-container uael-faq-layout-accordion\" data-layout=\"accordion\" >\n\t\t\t\t\t\t\t\t\t\t\t\t<div id=\"uael-accordion-1713d25\" class=\"uael-faq-accordion\" role=\"tablist\">\n\t\t\t\t\t\t\t\t<div class= \"uael-accordion-title\" aria-expanded=\"false\" role=\"tab\">\n\t\t\t\t\t\t\t\t\t<span class=\"uael-accordion-icon uael-accordion-icon-left\">\n\t\t\t\t\t\t\t\t\t\t<span class=\"uael-accordion-icon-closed\"><i class=\"fas fa-angle-right\"><\/i><\/span>\n\t\t\t\t\t\t\t\t\t\t<span class=\"uael-accordion-icon-opened\"><i class=\"fas fa-angle-up\"><\/i><\/span>\n\t\t\t\t\t\t\t\t\t<\/span>\n\t\t\t\t\t\t\t\t\t<span class=\"uael-question-1713d25 uael-question-span\" tabindex=\"0\" id=\"uael-faq-1-69f2e2bb91d37\">RegioBus-Linie 160 | Brome \u2013 Croya\/Bergfeld \u2013 Parsau \u2013 R\u00fchen \u2013 Wolfsburg<\/span>\n\t\t\t\t\t\t\t\t<\/div>\n\t\t\t\t\t\t\t\t<div class=\"uael-accordion-content\" role=\"tabpanel\">\n\t\t\t\t\t\t\t\t\t<span>\n\t\t\t\t\t\t\t\t\t\t\t<div data-elementor-type=\"section\" data-elementor-id=\"3489\" class=\"elementor elementor-3489\" data-elementor-post-type=\"elementor_library\">\n\t\t\t<div class=\"elementor-element elementor-element-107ce8b e-con-full e-flex wpr-particle-no wpr-jarallax-no wpr-parallax-no wpr-sticky-section-no wpr-equal-height-no e-con e-parent\" data-id=\"107ce8b\" data-element_type=\"container\" data-e-type=\"container\">\n\t\t\t\t<div class=\"elementor-element elementor-element-5236b35 elementor-widget elementor-widget-text-editor\" data-id=\"5236b35\" data-element_type=\"widget\" data-e-type=\"widget\" data-widget_type=\"text-editor.default\">\n\t\t\t\t<div class=\"elementor-widget-container\">\n\t\t\t\t\t\t\t\t\t<ul><li>Anpassung der Fahrzeiten zur besseren Erg\u00e4nzung mit der <a href=\"https:\/\/www.pvgs-salzwedel.de\/\"><strong>Landesbuslinie 300<\/strong><\/a> und damit Aufhebung von Parallelfahrten. Gemeinsam mit der Landesbuslinie 300 entsteht zwischen <strong>Parsau, R\u00fchen und Wolfsburg<\/strong> ein abgestimmter Taktverkehr:<ul><li>Montag bis Freitag tags\u00fcber bis zu <strong>zwei Fahrten pro Stunde und Richtung<\/strong><\/li><li>Abends sowie am Wochenende verl\u00e4ssliche Verbindungen durch die Kombination beider Linien (pro Linie im <strong>2-Stunden-Takt<\/strong>)<\/li><\/ul><\/li><li><strong>Direkte Verbindungen von Wittingen \u00fcber Brome nach Wolfsburg <\/strong>durch die Durchbindung von Fahrten der <strong>Linien 160 und 163<\/strong>, mit Zuganschl\u00fcssen in Wittingen und Wolfsburg<\/li><li>Wechselnder Linienweg \u00fcber <strong>Croya\/Ahnebeck und Bergfeld<\/strong>, wodurch Bergfeld <strong>neu<\/strong> an die <strong>RegioBus-Linie 160<\/strong> angebunden wird<\/li><li>In den sp\u00e4teren Abendstunden sowie am Wochenende erfolgt die Linienf\u00fchrung ausschlie\u00dflich \u00fcber Bergfeld. Croya\/Ahnebeck wird durch die Landesbuslinie 300 bedient<\/li><li>Ausrichtung der Fahrzeiten auf die Ankunfts- und Abfahrtszeiten der Regionalbahnen <strong>RE30 (Hannover)<\/strong> und <strong>RE50 (Braunschweig)<\/strong> in Wolfsburg<\/li><\/ul><p><strong>Unser Ziel:<\/strong> Bessere Anschl\u00fcsse, klarere Strukturen und ein Angebot, das sich sinnvoll erg\u00e4nzt, statt parallel zu verlaufen.<br \/><strong>Dein Vorteil:<\/strong> Mehr Planbarkeit sowie eine bessere Anbindung an den Bus- und Bahnverkehr in Wolfsburg. Direkte Verbindungen zwischen Wittingen und Wolfsburg \u00fcberwiegend ohne Umstieg und Anbindung von Bergfeld an die RegioBus-Linie 160.<\/p><p><strong><a href=\"https:\/\/vb-bachstein.de\/wolfsburg\/fahrplaene\/#Linie160\" target=\"_blank\" rel=\"noopener\">Fahrplan zum Download<\/a><\/strong><\/p>\t\t\t\t\t\t\t\t<\/div>\n\t\t\t\t<\/div>\n\t\t\t\t<div class=\"elementor-element elementor-element-6c5b1b8 elementor-widget elementor-widget-spacer\" data-id=\"6c5b1b8\" data-element_type=\"widget\" data-e-type=\"widget\" data-widget_type=\"spacer.default\">\n\t\t\t\t<div class=\"elementor-widget-container\">\n\t\t\t\t\t\t\t<div class=\"elementor-spacer\">\n\t\t\t<div class=\"elementor-spacer-inner\"><\/div>\n\t\t<\/div>\n\t\t\t\t\t\t<\/div>\n\t\t\t\t<\/div>\n\t\t\t\t<div class=\"elementor-element elementor-element-fd2967d elementor-widget__width-initial elementor-widget-mobile__width-initial elementor-widget elementor-widget-image\" data-id=\"fd2967d\" data-element_type=\"widget\" data-e-type=\"widget\" data-widget_type=\"image.default\">\n\t\t\t\t<div class=\"elementor-widget-container\">\n\t\t\t\t\t\t\t\t\t\t\t\t\t\t\t\t<a href=\"https:\/\/vb-bachstein.de\/wolfsburg\/wp-content\/uploads\/sites\/14\/perlschnur_linie-160-reduziert-2-scaled.png\" data-elementor-open-lightbox=\"yes\" data-e-action-hash=\"#elementor-action%3Aaction%3Dlightbox%26settings%3DeyJpZCI6NDQxMCwidXJsIjpmYWxzZX0%3D\">\n\t\t\t\t\t\t\t<img decoding=\"async\" width=\"2560\" height=\"727\" src=\"https:\/\/vb-bachstein.de\/wolfsburg\/wp-content\/uploads\/sites\/14\/perlschnur_linie-160-reduziert-2-scaled.png\" class=\"attachment- size-\" alt=\"\" srcset=\"https:\/\/vb-bachstein.de\/wolfsburg\/wp-content\/uploads\/sites\/14\/perlschnur_linie-160-reduziert-2-scaled.png 2560w, https:\/\/vb-bachstein.de\/wolfsburg\/wp-content\/uploads\/sites\/14\/perlschnur_linie-160-reduziert-2-512x145.png 512w, https:\/\/vb-bachstein.de\/wolfsburg\/wp-content\/uploads\/sites\/14\/perlschnur_linie-160-reduziert-2-1024x291.png 1024w, https:\/\/vb-bachstein.de\/wolfsburg\/wp-content\/uploads\/sites\/14\/perlschnur_linie-160-reduziert-2-768x218.png 768w, https:\/\/vb-bachstein.de\/wolfsburg\/wp-content\/uploads\/sites\/14\/perlschnur_linie-160-reduziert-2-1536x436.png 1536w, https:\/\/vb-bachstein.de\/wolfsburg\/wp-content\/uploads\/sites\/14\/perlschnur_linie-160-reduziert-2-2048x582.png 2048w, https:\/\/vb-bachstein.de\/wolfsburg\/wp-content\/uploads\/sites\/14\/perlschnur_linie-160-reduziert-2-18x5.png 18w\" sizes=\"(max-width: 2560px) 100vw, 2560px\" \/>\t\t\t\t\t\t\t\t<\/a>\n\t\t\t\t\t\t\t\t\t\t\t\t\t\t\t<\/div>\n\t\t\t\t<\/div>\n\t\t\t\t<div class=\"elementor-element elementor-element-ce0e168 elementor-widget elementor-widget-spacer\" data-id=\"ce0e168\" data-element_type=\"widget\" data-e-type=\"widget\" data-widget_type=\"spacer.default\">\n\t\t\t\t<div class=\"elementor-widget-container\">\n\t\t\t\t\t\t\t<div class=\"elementor-spacer\">\n\t\t\t<div class=\"elementor-spacer-inner\"><\/div>\n\t\t<\/div>\n\t\t\t\t\t\t<\/div>\n\t\t\t\t<\/div>\n\t\t\t\t<\/div>\n\t\t\t\t<\/div>\n\t\t\t\t\t\t\t\t\t\t\t<\/span>\n\t\t\t\t\t\t\t\t<\/div>\n\t\t\t\t\t\t\t<\/div>\n\t\t\t\t\t\t\t\t\t\t\t\t\t\t<div id=\"uael-accordion-062c48b\" class=\"uael-faq-accordion\" role=\"tablist\">\n\t\t\t\t\t\t\t\t<div class= \"uael-accordion-title\" aria-expanded=\"false\" role=\"tab\">\n\t\t\t\t\t\t\t\t\t<span class=\"uael-accordion-icon uael-accordion-icon-left\">\n\t\t\t\t\t\t\t\t\t\t<span class=\"uael-accordion-icon-closed\"><i class=\"fas fa-angle-right\"><\/i><\/span>\n\t\t\t\t\t\t\t\t\t\t<span class=\"uael-accordion-icon-opened\"><i class=\"fas fa-angle-up\"><\/i><\/span>\n\t\t\t\t\t\t\t\t\t<\/span>\n\t\t\t\t\t\t\t\t\t<span class=\"uael-question-062c48b uael-question-span\" tabindex=\"0\" id=\"uael-faq-2-69f2e2bb97491\">Linie 161 | Brome \u2013 Th\u00fclau \u2013 Parsau \u2013 R\u00fchen<\/span>\n\t\t\t\t\t\t\t\t<\/div>\n\t\t\t\t\t\t\t\t<div class=\"uael-accordion-content\" role=\"tabpanel\">\n\t\t\t\t\t\t\t\t\t<span>\n\t\t\t\t\t\t\t\t\t<span><p>\u00a0<\/p><ul><li>Strukturierter Fahrplan der auf die Unterrichtszeiten der Schulen ausgerichtet ist<\/li><\/ul><p><strong>Unser Ziel:<\/strong> Ein strukturiertes und verl\u00e4ssliches Angebot f\u00fcr den Sch\u00fclerverkehr.<br \/><strong>Dein Vorteil:<\/strong> Ein Fahrplan, der gezielt auf deine Schule abgestimmt ist.<\/p><p><a href=\"https:\/\/vb-bachstein.de\/salzgitter\/wp-content\/uploads\/sites\/14\/161_260601-FP_1-1.pdf\" target=\"_blank\" rel=\"noopener\"><strong>Fahrplan zum Download<\/strong><\/a><\/p><\/span>\t\t\t\t\t\t\t\t\t<\/span>\n\t\t\t\t\t\t\t\t<\/div>\n\t\t\t\t\t\t\t<\/div>\n\t\t\t\t\t\t\t\t\t\t\t\t\t\t<div id=\"uael-accordion-9c009ca\" class=\"uael-faq-accordion\" role=\"tablist\">\n\t\t\t\t\t\t\t\t<div class= \"uael-accordion-title\" aria-expanded=\"false\" role=\"tab\">\n\t\t\t\t\t\t\t\t\t<span class=\"uael-accordion-icon uael-accordion-icon-left\">\n\t\t\t\t\t\t\t\t\t\t<span class=\"uael-accordion-icon-closed\"><i class=\"fas fa-angle-right\"><\/i><\/span>\n\t\t\t\t\t\t\t\t\t\t<span class=\"uael-accordion-icon-opened\"><i class=\"fas fa-angle-up\"><\/i><\/span>\n\t\t\t\t\t\t\t\t\t<\/span>\n\t\t\t\t\t\t\t\t\t<span class=\"uael-question-9c009ca uael-question-span\" tabindex=\"0\" id=\"uael-faq-3-69f2e2bb97531\">Linie 162 | Ehra-Lessien \u2013 Bergfeld \u2013 Velstove \u2013 R\u00fchen<\/span>\n\t\t\t\t\t\t\t\t<\/div>\n\t\t\t\t\t\t\t\t<div class=\"uael-accordion-content\" role=\"tabpanel\">\n\t\t\t\t\t\t\t\t\t<span>\n\t\t\t\t\t\t\t\t\t\t\t<div data-elementor-type=\"section\" data-elementor-id=\"3490\" class=\"elementor elementor-3490\" data-elementor-post-type=\"elementor_library\">\n\t\t\t<div class=\"elementor-element elementor-element-107ce8b e-con-full e-flex wpr-particle-no wpr-jarallax-no wpr-parallax-no wpr-sticky-section-no wpr-equal-height-no e-con e-parent\" data-id=\"107ce8b\" data-element_type=\"container\" data-e-type=\"container\">\n\t\t\t\t<div class=\"elementor-element elementor-element-5236b35 elementor-widget elementor-widget-text-editor\" data-id=\"5236b35\" data-element_type=\"widget\" data-e-type=\"widget\" data-widget_type=\"text-editor.default\">\n\t\t\t\t<div class=\"elementor-widget-container\">\n\t\t\t\t\t\t\t\t\t<ul><li>Einheitliche Linienf\u00fchrung: Ehra-Lessien \u2013 Bergfeld \u2013 Velstove \u2013 R\u00fchen<\/li><li>Neue Anbindung in Velstove an die WVG-Linie 201 (von\/nach Vorsfelde \u2013 Wolfsburg)<\/li><li>Anschluss an die RegioBus-Linie 160 (von\/nach Brome) in R\u00fchen<\/li><li>Anschluss an die Landesbuslinie 300 (von\/nach Wolfsburg \u2013 Parsau \u2013 Salzwedel) in Brechtorf<\/li><li>Au\u00dferhalb der Sch\u00fclerbef\u00f6rderung ALT-Verkehr (RufMobil)<\/li><li>2-Stunden-Takt<\/li><\/ul><p><strong>Unser Ziel:<\/strong> Bessere Vernetzung und klare Linienwege.<br \/><strong>Dein Vorteil:<\/strong> Verl\u00e4ssliche Anschl\u00fcsse und ein sinnvoll aufeinander abgestimmtes Angebot mit Schaffung neuer Umsteigeverbindungen.<\/p><p><a href=\"https:\/\/vb-bachstein.de\/wolfsburg\/fahrplaene\/#Linie162\" target=\"_blank\" rel=\"noopener\"><strong>Fahrplan zum Download<\/strong><\/a><\/p>\t\t\t\t\t\t\t\t<\/div>\n\t\t\t\t<\/div>\n\t\t\t\t<div class=\"elementor-element elementor-element-6c5b1b8 elementor-widget elementor-widget-spacer\" data-id=\"6c5b1b8\" data-element_type=\"widget\" data-e-type=\"widget\" data-widget_type=\"spacer.default\">\n\t\t\t\t<div class=\"elementor-widget-container\">\n\t\t\t\t\t\t\t<div class=\"elementor-spacer\">\n\t\t\t<div class=\"elementor-spacer-inner\"><\/div>\n\t\t<\/div>\n\t\t\t\t\t\t<\/div>\n\t\t\t\t<\/div>\n\t\t\t\t<div class=\"elementor-element elementor-element-fd2967d elementor-widget__width-initial elementor-widget-mobile__width-initial elementor-widget elementor-widget-image\" data-id=\"fd2967d\" data-element_type=\"widget\" data-e-type=\"widget\" data-widget_type=\"image.default\">\n\t\t\t\t<div class=\"elementor-widget-container\">\n\t\t\t\t\t\t\t\t\t\t\t\t\t\t\t\t<a href=\"https:\/\/vb-bachstein.de\/wolfsburg\/wp-content\/uploads\/sites\/14\/perlschnur_linie-162-reduziert-2-scaled.png\" data-elementor-open-lightbox=\"yes\" data-e-action-hash=\"#elementor-action%3Aaction%3Dlightbox%26settings%3DeyJpZCI6NDQxMSwidXJsIjpmYWxzZX0%3D\">\n\t\t\t\t\t\t\t<img decoding=\"async\" width=\"2560\" height=\"727\" src=\"https:\/\/vb-bachstein.de\/wolfsburg\/wp-content\/uploads\/sites\/14\/perlschnur_linie-162-reduziert-2-scaled.png\" class=\"attachment- size-\" alt=\"\" srcset=\"https:\/\/vb-bachstein.de\/wolfsburg\/wp-content\/uploads\/sites\/14\/perlschnur_linie-162-reduziert-2-scaled.png 2560w, https:\/\/vb-bachstein.de\/wolfsburg\/wp-content\/uploads\/sites\/14\/perlschnur_linie-162-reduziert-2-512x145.png 512w, https:\/\/vb-bachstein.de\/wolfsburg\/wp-content\/uploads\/sites\/14\/perlschnur_linie-162-reduziert-2-1024x291.png 1024w, https:\/\/vb-bachstein.de\/wolfsburg\/wp-content\/uploads\/sites\/14\/perlschnur_linie-162-reduziert-2-768x218.png 768w, https:\/\/vb-bachstein.de\/wolfsburg\/wp-content\/uploads\/sites\/14\/perlschnur_linie-162-reduziert-2-1536x436.png 1536w, https:\/\/vb-bachstein.de\/wolfsburg\/wp-content\/uploads\/sites\/14\/perlschnur_linie-162-reduziert-2-2048x582.png 2048w, https:\/\/vb-bachstein.de\/wolfsburg\/wp-content\/uploads\/sites\/14\/perlschnur_linie-162-reduziert-2-18x5.png 18w\" sizes=\"(max-width: 2560px) 100vw, 2560px\" \/>\t\t\t\t\t\t\t\t<\/a>\n\t\t\t\t\t\t\t\t\t\t\t\t\t\t\t<\/div>\n\t\t\t\t<\/div>\n\t\t\t\t<div class=\"elementor-element elementor-element-ce0e168 elementor-widget elementor-widget-spacer\" data-id=\"ce0e168\" data-element_type=\"widget\" data-e-type=\"widget\" data-widget_type=\"spacer.default\">\n\t\t\t\t<div class=\"elementor-widget-container\">\n\t\t\t\t\t\t\t<div class=\"elementor-spacer\">\n\t\t\t<div class=\"elementor-spacer-inner\"><\/div>\n\t\t<\/div>\n\t\t\t\t\t\t<\/div>\n\t\t\t\t<\/div>\n\t\t\t\t<\/div>\n\t\t\t\t<\/div>\n\t\t\t\t\t\t\t\t\t\t\t<\/span>\n\t\t\t\t\t\t\t\t<\/div>\n\t\t\t\t\t\t\t<\/div>\n\t\t\t\t\t\t\t\t\t\t\t\t\t\t<div id=\"uael-accordion-024e47d\" class=\"uael-faq-accordion\" role=\"tablist\">\n\t\t\t\t\t\t\t\t<div class= \"uael-accordion-title\" aria-expanded=\"false\" role=\"tab\">\n\t\t\t\t\t\t\t\t\t<span class=\"uael-accordion-icon uael-accordion-icon-left\">\n\t\t\t\t\t\t\t\t\t\t<span class=\"uael-accordion-icon-closed\"><i class=\"fas fa-angle-right\"><\/i><\/span>\n\t\t\t\t\t\t\t\t\t\t<span class=\"uael-accordion-icon-opened\"><i class=\"fas fa-angle-up\"><\/i><\/span>\n\t\t\t\t\t\t\t\t\t<\/span>\n\t\t\t\t\t\t\t\t\t<span class=\"uael-question-024e47d uael-question-span\" tabindex=\"0\" id=\"uael-faq-4-69f2e2bb9a8e7\">Linie 163 | Wittingen \u2013 Zasenbeck \u2013 Radenbeck \u2013 Brome<\/span>\n\t\t\t\t\t\t\t\t<\/div>\n\t\t\t\t\t\t\t\t<div class=\"uael-accordion-content\" role=\"tabpanel\">\n\t\t\t\t\t\t\t\t\t<span>\n\t\t\t\t\t\t\t\t\t\t\t<div data-elementor-type=\"section\" data-elementor-id=\"3492\" class=\"elementor elementor-3492\" data-elementor-post-type=\"elementor_library\">\n\t\t\t<div class=\"elementor-element elementor-element-107ce8b e-con-full e-flex wpr-particle-no wpr-jarallax-no wpr-parallax-no wpr-sticky-section-no wpr-equal-height-no e-con e-parent\" data-id=\"107ce8b\" data-element_type=\"container\" data-e-type=\"container\">\n\t\t\t\t<div class=\"elementor-element elementor-element-5236b35 elementor-widget elementor-widget-text-editor\" data-id=\"5236b35\" data-element_type=\"widget\" data-e-type=\"widget\" data-widget_type=\"text-editor.default\">\n\t\t\t\t<div class=\"elementor-widget-container\">\n\t\t\t\t\t\t\t\t\t<ul><li>Verbindung Brome \u2013 Wittingen im 2-Stunden-Takt<\/li><li>In Brome Anschluss, <strong>\u00fcberwiegend ohne Umstieg<\/strong>, an RegioBus-Linie 160 von\/nach Wolfsburg<\/li><li>In Wolfsburg Anschluss an <strong>RE30 (von\/nach Hannover)<\/strong> und <strong>RE50 (von\/nach Braunschweig)<\/strong><\/li><li>In Wittingen Anschluss an RB47 (von\/nach Gifhorn\/Braunschweig)<\/li><li>Zu Randzeiten vereinzelt als ALT-Angebot (RufMobil)<\/li><\/ul><p><strong>Unser Ziel:<\/strong> \u00dcberwiegend Direktverbindungen zwischen Wittingen, Brome und Wolfsburg mit Anschluss an den Bahnverkehr in Wittingen und Wolfsburg.<br \/><strong>Dein Vorteil:<\/strong> Durchgehende Reiseketten mit abgestimmten \u00dcberg\u00e4ngen auf den Bahnverkehr.<\/p><p><a href=\"https:\/\/vb-bachstein.de\/wolfsburg\/fahrplaene\/#Linie163\" target=\"_blank\" rel=\"noopener\"><strong>Fahrplan zum Download<\/strong><\/a><\/p>\t\t\t\t\t\t\t\t<\/div>\n\t\t\t\t<\/div>\n\t\t\t\t<div class=\"elementor-element elementor-element-6c5b1b8 elementor-widget elementor-widget-spacer\" data-id=\"6c5b1b8\" data-element_type=\"widget\" data-e-type=\"widget\" data-widget_type=\"spacer.default\">\n\t\t\t\t<div class=\"elementor-widget-container\">\n\t\t\t\t\t\t\t<div class=\"elementor-spacer\">\n\t\t\t<div class=\"elementor-spacer-inner\"><\/div>\n\t\t<\/div>\n\t\t\t\t\t\t<\/div>\n\t\t\t\t<\/div>\n\t\t\t\t<div class=\"elementor-element elementor-element-fd2967d elementor-widget__width-initial elementor-widget-mobile__width-initial elementor-widget elementor-widget-image\" data-id=\"fd2967d\" data-element_type=\"widget\" data-e-type=\"widget\" data-widget_type=\"image.default\">\n\t\t\t\t<div class=\"elementor-widget-container\">\n\t\t\t\t\t\t\t\t\t\t\t\t\t\t\t\t<a href=\"https:\/\/vb-bachstein.de\/wolfsburg\/wp-content\/uploads\/sites\/14\/perlschnur_linie-163-reduziert-2-scaled.png\" data-elementor-open-lightbox=\"yes\" data-e-action-hash=\"#elementor-action%3Aaction%3Dlightbox%26settings%3DeyJpZCI6NDQxMiwidXJsIjpmYWxzZX0%3D\">\n\t\t\t\t\t\t\t<img loading=\"lazy\" loading=\"lazy\" decoding=\"async\" width=\"2560\" height=\"727\" src=\"https:\/\/vb-bachstein.de\/wolfsburg\/wp-content\/uploads\/sites\/14\/perlschnur_linie-163-reduziert-2-scaled.png\" class=\"attachment- size-\" alt=\"\" srcset=\"https:\/\/vb-bachstein.de\/wolfsburg\/wp-content\/uploads\/sites\/14\/perlschnur_linie-163-reduziert-2-scaled.png 2560w, https:\/\/vb-bachstein.de\/wolfsburg\/wp-content\/uploads\/sites\/14\/perlschnur_linie-163-reduziert-2-512x145.png 512w, https:\/\/vb-bachstein.de\/wolfsburg\/wp-content\/uploads\/sites\/14\/perlschnur_linie-163-reduziert-2-1024x291.png 1024w, https:\/\/vb-bachstein.de\/wolfsburg\/wp-content\/uploads\/sites\/14\/perlschnur_linie-163-reduziert-2-768x218.png 768w, https:\/\/vb-bachstein.de\/wolfsburg\/wp-content\/uploads\/sites\/14\/perlschnur_linie-163-reduziert-2-1536x436.png 1536w, https:\/\/vb-bachstein.de\/wolfsburg\/wp-content\/uploads\/sites\/14\/perlschnur_linie-163-reduziert-2-2048x582.png 2048w, https:\/\/vb-bachstein.de\/wolfsburg\/wp-content\/uploads\/sites\/14\/perlschnur_linie-163-reduziert-2-18x5.png 18w\" sizes=\"auto, (max-width: 2560px) 100vw, 2560px\" \/>\t\t\t\t\t\t\t\t<\/a>\n\t\t\t\t\t\t\t\t\t\t\t\t\t\t\t<\/div>\n\t\t\t\t<\/div>\n\t\t\t\t<div class=\"elementor-element elementor-element-ce0e168 elementor-widget elementor-widget-spacer\" data-id=\"ce0e168\" data-element_type=\"widget\" data-e-type=\"widget\" data-widget_type=\"spacer.default\">\n\t\t\t\t<div class=\"elementor-widget-container\">\n\t\t\t\t\t\t\t<div class=\"elementor-spacer\">\n\t\t\t<div class=\"elementor-spacer-inner\"><\/div>\n\t\t<\/div>\n\t\t\t\t\t\t<\/div>\n\t\t\t\t<\/div>\n\t\t\t\t<\/div>\n\t\t\t\t<\/div>\n\t\t\t\t\t\t\t\t\t\t\t<\/span>\n\t\t\t\t\t\t\t\t<\/div>\n\t\t\t\t\t\t\t<\/div>\n\t\t\t\t\t\t\t\t\t\t\t\t\t\t<div id=\"uael-accordion-fd87a88\" class=\"uael-faq-accordion\" role=\"tablist\">\n\t\t\t\t\t\t\t\t<div class= \"uael-accordion-title\" aria-expanded=\"false\" role=\"tab\">\n\t\t\t\t\t\t\t\t\t<span class=\"uael-accordion-icon uael-accordion-icon-left\">\n\t\t\t\t\t\t\t\t\t\t<span class=\"uael-accordion-icon-closed\"><i class=\"fas fa-angle-right\"><\/i><\/span>\n\t\t\t\t\t\t\t\t\t\t<span class=\"uael-accordion-icon-opened\"><i class=\"fas fa-angle-up\"><\/i><\/span>\n\t\t\t\t\t\t\t\t\t<\/span>\n\t\t\t\t\t\t\t\t\t<span class=\"uael-question-fd87a88 uael-question-span\" tabindex=\"0\" id=\"uael-faq-5-69f2e2bb9ddd0\">Linie 165 | Brome \u2013 Zicherie \u2013 R\u00fchen<\/span>\n\t\t\t\t\t\t\t\t<\/div>\n\t\t\t\t\t\t\t\t<div class=\"uael-accordion-content\" role=\"tabpanel\">\n\t\t\t\t\t\t\t\t\t<span>\n\t\t\t\t\t\t\t\t\t\t\t<div data-elementor-type=\"section\" data-elementor-id=\"3491\" class=\"elementor elementor-3491\" data-elementor-post-type=\"elementor_library\">\n\t\t\t<div class=\"elementor-element elementor-element-107ce8b e-con-full e-flex wpr-particle-no wpr-jarallax-no wpr-parallax-no wpr-sticky-section-no wpr-equal-height-no e-con e-parent\" data-id=\"107ce8b\" data-element_type=\"container\" data-e-type=\"container\">\n\t\t\t\t<div class=\"elementor-element elementor-element-5236b35 elementor-widget elementor-widget-text-editor\" data-id=\"5236b35\" data-element_type=\"widget\" data-e-type=\"widget\" data-widget_type=\"text-editor.default\">\n\t\t\t\t<div class=\"elementor-widget-container\">\n\t\t\t\t\t\t\t\t\t<ul><li>Neue Verbindung zwischen Zicherie und Brome mit strukturiertem Linienweg<\/li><li>Regelm\u00e4\u00dfiges Angebot montags bis freitags ann\u00e4hernd im 2-Stunden-Takt<\/li><li>Auf die Schulzeiten abgestimmte Fahrzeiten<\/li><li>Anbindung Kaiserwinkel zu schulrelevanten Zeiten<\/li><\/ul><p><strong>Unser Ziel:<\/strong> Die Anbindung von Zicherie zu optimieren, den Linienweg klar zu strukturieren und die Sch\u00fclerbef\u00f6rderung zu optimieren.<br \/><strong>Dein Vorteil:<\/strong> Ann\u00e4hernd 2-Stunden-Takt zwischen Zicherie und Brome mit Anschluss an die RegioBus-Linie 160 von\/nach Wolfsburg.<\/p><p><strong><a href=\"https:\/\/vb-bachstein.de\/wolfsburg\/fahrplaene\/#Linie165\" target=\"_blank\" rel=\"noopener\">Fahrplan zum Download<\/a><\/strong><\/p>\t\t\t\t\t\t\t\t<\/div>\n\t\t\t\t<\/div>\n\t\t\t\t<div class=\"elementor-element elementor-element-6c5b1b8 elementor-widget elementor-widget-spacer\" data-id=\"6c5b1b8\" data-element_type=\"widget\" data-e-type=\"widget\" data-widget_type=\"spacer.default\">\n\t\t\t\t<div class=\"elementor-widget-container\">\n\t\t\t\t\t\t\t<div class=\"elementor-spacer\">\n\t\t\t<div class=\"elementor-spacer-inner\"><\/div>\n\t\t<\/div>\n\t\t\t\t\t\t<\/div>\n\t\t\t\t<\/div>\n\t\t\t\t<div class=\"elementor-element elementor-element-fd2967d elementor-widget__width-initial elementor-widget-mobile__width-initial elementor-widget elementor-widget-image\" data-id=\"fd2967d\" data-element_type=\"widget\" data-e-type=\"widget\" data-widget_type=\"image.default\">\n\t\t\t\t<div class=\"elementor-widget-container\">\n\t\t\t\t\t\t\t\t\t\t\t\t\t\t\t\t<a href=\"https:\/\/vb-bachstein.de\/wolfsburg\/wp-content\/uploads\/sites\/14\/perlschnur_linie-165-reduziert-2-scaled.png\" data-elementor-open-lightbox=\"yes\" data-e-action-hash=\"#elementor-action%3Aaction%3Dlightbox%26settings%3DeyJpZCI6NDQxMywidXJsIjpmYWxzZX0%3D\">\n\t\t\t\t\t\t\t<img loading=\"lazy\" loading=\"lazy\" decoding=\"async\" width=\"2560\" height=\"727\" src=\"https:\/\/vb-bachstein.de\/wolfsburg\/wp-content\/uploads\/sites\/14\/perlschnur_linie-165-reduziert-2-scaled.png\" class=\"attachment- size-\" alt=\"\" srcset=\"https:\/\/vb-bachstein.de\/wolfsburg\/wp-content\/uploads\/sites\/14\/perlschnur_linie-165-reduziert-2-scaled.png 2560w, https:\/\/vb-bachstein.de\/wolfsburg\/wp-content\/uploads\/sites\/14\/perlschnur_linie-165-reduziert-2-512x145.png 512w, https:\/\/vb-bachstein.de\/wolfsburg\/wp-content\/uploads\/sites\/14\/perlschnur_linie-165-reduziert-2-1024x291.png 1024w, https:\/\/vb-bachstein.de\/wolfsburg\/wp-content\/uploads\/sites\/14\/perlschnur_linie-165-reduziert-2-768x218.png 768w, https:\/\/vb-bachstein.de\/wolfsburg\/wp-content\/uploads\/sites\/14\/perlschnur_linie-165-reduziert-2-1536x436.png 1536w, https:\/\/vb-bachstein.de\/wolfsburg\/wp-content\/uploads\/sites\/14\/perlschnur_linie-165-reduziert-2-2048x582.png 2048w, https:\/\/vb-bachstein.de\/wolfsburg\/wp-content\/uploads\/sites\/14\/perlschnur_linie-165-reduziert-2-18x5.png 18w\" sizes=\"auto, (max-width: 2560px) 100vw, 2560px\" \/>\t\t\t\t\t\t\t\t<\/a>\n\t\t\t\t\t\t\t\t\t\t\t\t\t\t\t<\/div>\n\t\t\t\t<\/div>\n\t\t\t\t<div class=\"elementor-element elementor-element-ce0e168 elementor-widget elementor-widget-spacer\" data-id=\"ce0e168\" data-element_type=\"widget\" data-e-type=\"widget\" data-widget_type=\"spacer.default\">\n\t\t\t\t<div class=\"elementor-widget-container\">\n\t\t\t\t\t\t\t<div class=\"elementor-spacer\">\n\t\t\t<div class=\"elementor-spacer-inner\"><\/div>\n\t\t<\/div>\n\t\t\t\t\t\t<\/div>\n\t\t\t\t<\/div>\n\t\t\t\t<\/div>\n\t\t\t\t<\/div>\n\t\t\t\t\t\t\t\t\t\t\t<\/span>\n\t\t\t\t\t\t\t\t<\/div>\n\t\t\t\t\t\t\t<\/div>\n\t\t\t\t\t\t\t\t\t\t\t\t\t\t<div id=\"uael-accordion-10a384f\" class=\"uael-faq-accordion\" role=\"tablist\">\n\t\t\t\t\t\t\t\t<div class= \"uael-accordion-title\" aria-expanded=\"false\" role=\"tab\">\n\t\t\t\t\t\t\t\t\t<span class=\"uael-accordion-icon uael-accordion-icon-left\">\n\t\t\t\t\t\t\t\t\t\t<span class=\"uael-accordion-icon-closed\"><i class=\"fas fa-angle-right\"><\/i><\/span>\n\t\t\t\t\t\t\t\t\t\t<span class=\"uael-accordion-icon-opened\"><i class=\"fas fa-angle-up\"><\/i><\/span>\n\t\t\t\t\t\t\t\t\t<\/span>\n\t\t\t\t\t\t\t\t\t<span class=\"uael-question-10a384f uael-question-span\" tabindex=\"0\" id=\"uael-faq-6-69f2e2bba1041\">Linien 151 und 153 | Wittingen \u2013 Brome \u2013 Wolfsburg<\/span>\n\t\t\t\t\t\t\t\t<\/div>\n\t\t\t\t\t\t\t\t<div class=\"uael-accordion-content\" role=\"tabpanel\">\n\t\t\t\t\t\t\t\t\t<span>\n\t\t\t\t\t\t\t\t\t<span><p>\u00a0<\/p><ul><li>Verl\u00e4ssliche Abstimmung der Fahrzeiten auf die <strong>VW-Schichtzeiten<\/strong><\/li><li>Beide Linien <strong>bleiben<\/strong> <strong>eigenst\u00e4ndig bestehen<\/strong><\/li><\/ul><p><strong>Unser Ziel:<\/strong> Verl\u00e4ssliche Pendlerverbindungen.<br \/><strong>Dein Vorteil:<\/strong> Optimale Abstimmung auf deine Arbeitszeiten im VW-Werk.<\/p><p><a href=\"https:\/\/vb-bachstein.de\/salzgitter\/wp-content\/uploads\/sites\/14\/151_260601-FP.pdf\" target=\"_blank\" rel=\"noopener\"><strong>Fahrplan Linie 151 zum Download<\/strong><\/a><\/p><p><strong>Fahrplan Linie 153 zum Download<a href=\"https:\/\/vb-bachstein.de\/salzgitter\/wp-content\/uploads\/sites\/14\/153_260601-FP.pdf\" target=\"_blank\" rel=\"noopener\">https:\/\/vb-bachstein.de\/salzgitter\/wp-content\/uploads\/sites\/14\/153_260601-FP.pdf<\/a><\/strong><\/p><\/span>\t\t\t\t\t\t\t\t\t<\/span>\n\t\t\t\t\t\t\t\t<\/div>\n\t\t\t\t\t\t\t<\/div>\n\t\t\t\t\t\t\t\t\t\t\t<\/div>\n\t\t\t<\/div>\n\t\t\t\t\t\t\t<\/div>\n\t\t\t\t<\/div>\n\t\t\t\t\t<\/div>\n\t\t\t\t<\/div>\n\t\t<div class=\"elementor-element elementor-element-ba20bc5 e-flex e-con-boxed wpr-particle-no wpr-jarallax-no wpr-parallax-no wpr-sticky-section-no wpr-equal-height-no e-con e-parent\" data-id=\"ba20bc5\" data-element_type=\"container\" data-e-type=\"container\">\n\t\t\t\t\t<div class=\"e-con-inner\">\n\t\t\t\t<div class=\"elementor-element elementor-element-bf24b0f elementor-widget elementor-widget-spacer\" data-id=\"bf24b0f\" data-element_type=\"widget\" data-e-type=\"widget\" data-widget_type=\"spacer.default\">\n\t\t\t\t<div class=\"elementor-widget-container\">\n\t\t\t\t\t\t\t<div class=\"elementor-spacer\">\n\t\t\t<div class=\"elementor-spacer-inner\"><\/div>\n\t\t<\/div>\n\t\t\t\t\t\t<\/div>\n\t\t\t\t<\/div>\n\t\t\t\t<div class=\"elementor-element elementor-element-7174f43 elementor-widget elementor-widget-elementor-extension-gravity-forms\" data-id=\"7174f43\" data-element_type=\"widget\" data-e-type=\"widget\" data-widget_type=\"elementor-extension-gravity-forms.default\">\n\t\t\t\t<div class=\"elementor-widget-container\">\n\t\t\t\t\t<script type=\"text\/javascript\">\n\/* <![CDATA[ *\/\nvar gform;gform||(document.addEventListener(\"gform_main_scripts_loaded\",function(){gform.scriptsLoaded=!0}),document.addEventListener(\"gform\/theme\/scripts_loaded\",function(){gform.themeScriptsLoaded=!0}),window.addEventListener(\"DOMContentLoaded\",function(){gform.domLoaded=!0}),gform={domLoaded:!1,scriptsLoaded:!1,themeScriptsLoaded:!1,isFormEditor:()=>\"function\"==typeof InitializeEditor,callIfLoaded:function(o){return!(!gform.domLoaded||!gform.scriptsLoaded||!gform.themeScriptsLoaded&&!gform.isFormEditor()||(gform.isFormEditor()&&console.warn(\"The use of gform.initializeOnLoaded() is deprecated in the form editor context and will be removed in Gravity Forms 3.1.\"),o(),0))},initializeOnLoaded:function(o){gform.callIfLoaded(o)||(document.addEventListener(\"gform_main_scripts_loaded\",()=>{gform.scriptsLoaded=!0,gform.callIfLoaded(o)}),document.addEventListener(\"gform\/theme\/scripts_loaded\",()=>{gform.themeScriptsLoaded=!0,gform.callIfLoaded(o)}),window.addEventListener(\"DOMContentLoaded\",()=>{gform.domLoaded=!0,gform.callIfLoaded(o)}))},hooks:{action:{},filter:{}},addAction:function(o,r,e,t){gform.addHook(\"action\",o,r,e,t)},addFilter:function(o,r,e,t){gform.addHook(\"filter\",o,r,e,t)},doAction:function(o){gform.doHook(\"action\",o,arguments)},applyFilters:function(o){return gform.doHook(\"filter\",o,arguments)},removeAction:function(o,r){gform.removeHook(\"action\",o,r)},removeFilter:function(o,r,e){gform.removeHook(\"filter\",o,r,e)},addHook:function(o,r,e,t,n){null==gform.hooks[o][r]&&(gform.hooks[o][r]=[]);var d=gform.hooks[o][r];null==n&&(n=r+\"_\"+d.length),gform.hooks[o][r].push({tag:n,callable:e,priority:t=null==t?10:t})},doHook:function(r,o,e){var t;if(e=Array.prototype.slice.call(e,1),null!=gform.hooks[r][o]&&((o=gform.hooks[r][o]).sort(function(o,r){return o.priority-r.priority}),o.forEach(function(o){\"function\"!=typeof(t=o.callable)&&(t=window[t]),\"action\"==r?t.apply(null,e):e[0]=t.apply(null,e)})),\"filter\"==r)return e[0]},removeHook:function(o,r,t,n){var e;null!=gform.hooks[o][r]&&(e=(e=gform.hooks[o][r]).filter(function(o,r,e){return!!(null!=n&&n!=o.tag||null!=t&&t!=o.priority)}),gform.hooks[o][r]=e)}});\n\/* ]]> *\/\n<\/script>\n\n                <div class='gf_browser_gecko gform_wrapper gravity-theme gform-theme--no-framework' data-form-theme='gravity-theme' data-form-index='0' id='gform_wrapper_18' ><form method='post' enctype='multipart\/form-data'  id='gform_18'  action='\/wolfsburg\/wp-json\/wp\/v2\/pages\/3480' data-formid='18' novalidate>\n                        <div class='gform-body gform_body'><div id='gform_fields_18' class='gform_fields top_label form_sublabel_below description_below validation_below'><div id=\"field_18_1\" class=\"gfield gfield--type-survey gfield--input-type-rating field_sublabel_below gfield--no-description field_description_below field_validation_below gfield_visibility_visible gsurvey-survey-field \"  data-field-class=\"gsurvey-survey-field\" ><label class='gfield_label gform-field-label' >Wie gut gef\u00e4llt dir unsere Website?<\/label><div class='ginput_container gsurvey-rating-wrapper'><div class='gsurvey-rating' id='input_18_1'><input name='input_1' type='radio' value='grating172b515f7'  id='choice_18_1_0'    \/><label for='choice_18_1_0' title='Herausragend'><span>Herausragend<\/span><\/label><input name='input_1' type='radio' value='grating15b90bab7'  id='choice_18_1_1'    \/><label for='choice_18_1_1' title='Vorwiegend gut'><span>Vorwiegend gut<\/span><\/label><input name='input_1' type='radio' value='grating196111746'  id='choice_18_1_2'    \/><label for='choice_18_1_2' title='Neutral'><span>Neutral<\/span><\/label><input name='input_1' type='radio' value='grating112dfd37b'  id='choice_18_1_3'    \/><label for='choice_18_1_3' title='Nicht gut'><span>Nicht gut<\/span><\/label><input name='input_1' type='radio' value='grating16b0d9dde'  id='choice_18_1_4'    \/><label for='choice_18_1_4' title='Furchtbar'><span>Furchtbar<\/span><\/label><\/div><\/div><\/div><div id=\"field_18_5\" class=\"gfield gfield--type-website gfield--input-type-website gfield--width-full gfield_contains_required field_sublabel_below gfield--no-description field_description_below field_validation_below gfield_visibility_visible\"  ><label class='gfield_label gform-field-label' for='input_18_5'>Auf welcher Seite befindest du dich?<span class=\"gfield_required\"><span class=\"gfield_required gfield_required_text\">(erforderlich)<\/span><\/span><\/label><div class='ginput_container ginput_container_website'>\n                    <input name='input_5' id='input_18_5' type='url' value='' class='large'    placeholder='https:\/\/' aria-required=\"true\" aria-invalid=\"false\" \/>\n                <\/div><\/div><div id=\"field_18_3\" class=\"gfield gfield--type-textarea gfield--input-type-textarea gfield--width-full field_sublabel_below gfield--no-description field_description_below field_validation_below gfield_visibility_visible\"  ><label class='gfield_label gform-field-label' for='input_18_3'>M\u00f6chtest du uns sonst noch etwas sagen?<\/label><div class='ginput_container ginput_container_textarea'><textarea name='input_3' id='input_18_3' class='textarea small'      aria-invalid=\"false\"   rows='10' cols='50'><\/textarea><\/div><\/div><\/div><\/div>\n        <div class='gform-footer gform_footer top_label'> <input type='submit' id='gform_submit_button_18' class='gform_button button' onclick='gform.submission.handleButtonClick(this);' data-submission-type='submit' value='ABSENDEN'  \/> \n            <input type='hidden' class='gform_hidden' name='gform_submission_method' data-js='gform_submission_method_18' value='postback' \/>\n            <input type='hidden' class='gform_hidden' name='gform_theme' data-js='gform_theme_18' id='gform_theme_18' value='gravity-theme' \/>\n            <input type='hidden' class='gform_hidden' name='gform_style_settings' data-js='gform_style_settings_18' id='gform_style_settings_18' value='[]' \/>\n            <input type='hidden' class='gform_hidden' name='is_submit_18' value='1' \/>\n            <input type='hidden' class='gform_hidden' name='gform_submit' value='18' \/>\n            \n            <input type='hidden' class='gform_hidden' name='gform_currency' data-currency='EUR' value='7T54F\/12SQjq0xEfp7cN1tvuhrbll0xJkHLHo0IUb7jU2a1h+acwbAzAq+DmPJLvT7r9BuvMimMhLz6sSlSITOt0+wozqSOET4Izb4mB0LUpJKM=' \/>\n            <input type='hidden' class='gform_hidden' name='gform_unique_id' value='' \/>\n            <input type='hidden' class='gform_hidden' name='state_18' value='WyJbXSIsIjZmMTE0ODIzMzlhOGJjNDE3OWMyNjY1ZjgwYmQxODJiIl0=' \/>\n            <input type='hidden' autocomplete='off' class='gform_hidden' name='gform_target_page_number_18' id='gform_target_page_number_18' value='0' \/>\n            <input type='hidden' autocomplete='off' class='gform_hidden' name='gform_source_page_number_18' id='gform_source_page_number_18' value='1' \/>\n            <input type='hidden' name='gform_field_values' value='' \/>\n            \n        <\/div>\n                        <input type=\"hidden\" id=\"ct_checkjs_a4a042cf4fd6bfb47701cbc8a1653ada\" name=\"ct_checkjs\" value=\"0\" \/><script >setTimeout(function(){var ct_input_name = \"ct_checkjs_a4a042cf4fd6bfb47701cbc8a1653ada\";if (document.getElementById(ct_input_name) !== null) {var ct_input_value = document.getElementById(ct_input_name).value;document.getElementById(ct_input_name).value = document.getElementById(ct_input_name).value.replace(ct_input_value, '63e94b69225451aa4411bcc49c4210af095bd89ae3deb444968bea89264ea14b');}}, 1000);<\/script><input\n                    class=\"apbct_special_field apbct_email_id__gravity_form\"\n                    name=\"apbct__email_id__gravity_form\"\n                    aria-label=\"apbct__label_id__gravity_form\"\n                    type=\"text\" size=\"30\" maxlength=\"200\" autocomplete=\"off\"\n                    value=\"\"\n                \/><input\n                    class=\"apbct_special_field apbct_email_id__elementor_form\"\n                    name=\"apbct__email_id__elementor_form\"\n                    aria-label=\"apbct__label_id__elementor_form\"\n                    type=\"text\" size=\"30\" maxlength=\"200\" autocomplete=\"off\"\n                    value=\"\"\n                \/><\/form>\n                        <\/div><script type=\"text\/javascript\">\n\/* <![CDATA[ *\/\n gform.initializeOnLoaded( function() {gformInitSpinner( 18, 'https:\/\/vb-bachstein.de\/wolfsburg\/wp-content\/plugins\/gravityforms\/images\/spinner.svg', true );jQuery('#gform_ajax_frame_18').on('load',function(){var contents = jQuery(this).contents().find('*').html();var is_postback = contents.indexOf('GF_AJAX_POSTBACK') >= 0;if(!is_postback){return;}var form_content = jQuery(this).contents().find('#gform_wrapper_18');var is_confirmation = jQuery(this).contents().find('#gform_confirmation_wrapper_18').length > 0;var is_redirect = contents.indexOf('gformRedirect(){') >= 0;var is_form = form_content.length > 0 && ! is_redirect && ! is_confirmation;var mt = parseInt(jQuery('html').css('margin-top'), 10) + parseInt(jQuery('body').css('margin-top'), 10) + 100;if(is_form){jQuery('#gform_wrapper_18').html(form_content.html());if(form_content.hasClass('gform_validation_error')){jQuery('#gform_wrapper_18').addClass('gform_validation_error');} else {jQuery('#gform_wrapper_18').removeClass('gform_validation_error');}setTimeout( function() { \/* delay the scroll by 50 milliseconds to fix a bug in chrome *\/  }, 50 );if(window['gformInitDatepicker']) {gformInitDatepicker();}if(window['gformInitPriceFields']) {gformInitPriceFields();}var current_page = jQuery('#gform_source_page_number_18').val();gformInitSpinner( 18, 'https:\/\/vb-bachstein.de\/wolfsburg\/wp-content\/plugins\/gravityforms\/images\/spinner.svg', true );jQuery(document).trigger('gform_page_loaded', [18, current_page]);window['gf_submitting_18'] = false;}else if(!is_redirect){var confirmation_content = jQuery(this).contents().find('.GF_AJAX_POSTBACK').html();if(!confirmation_content){confirmation_content = contents;}jQuery('#gform_wrapper_18').replaceWith(confirmation_content);jQuery(document).trigger('gform_confirmation_loaded', [18]);window['gf_submitting_18'] = false;wp.a11y.speak(jQuery('#gform_confirmation_message_18').text());}else{jQuery('#gform_18').append(contents);if(window['gformRedirect']) {gformRedirect();}}jQuery(document).trigger(\"gform_pre_post_render\", [{ formId: \"18\", currentPage: \"current_page\", abort: function() { this.preventDefault(); } }]);        if (event && event.defaultPrevented) {                return;        }        const gformWrapperDiv = document.getElementById( \"gform_wrapper_18\" );        if ( gformWrapperDiv ) {            const visibilitySpan = document.createElement( \"span\" );            visibilitySpan.id = \"gform_visibility_test_18\";            gformWrapperDiv.insertAdjacentElement( \"afterend\", visibilitySpan );        }        const visibilityTestDiv = document.getElementById( \"gform_visibility_test_18\" );        let postRenderFired = false;        function triggerPostRender() {            if ( postRenderFired ) {                return;            }            postRenderFired = true;            gform.core.triggerPostRenderEvents( 18, current_page );            if ( visibilityTestDiv ) {                visibilityTestDiv.parentNode.removeChild( visibilityTestDiv );            }        }        function debounce( func, wait, immediate ) {            var timeout;            return function() {                var context = this, args = arguments;                var later = function() {                    timeout = null;                    if ( !immediate ) func.apply( context, args );                };                var callNow = immediate && !timeout;                clearTimeout( timeout );                timeout = setTimeout( later, wait );                if ( callNow ) func.apply( context, args );            };        }        const debouncedTriggerPostRender = debounce( function() {            triggerPostRender();        }, 200 );        if ( visibilityTestDiv && visibilityTestDiv.offsetParent === null ) {            const observer = new MutationObserver( ( mutations ) => {                mutations.forEach( ( mutation ) => {                    if ( mutation.type === 'attributes' && visibilityTestDiv.offsetParent !== null ) {                        debouncedTriggerPostRender();                        observer.disconnect();                    }                });            });            observer.observe( document.body, {                attributes: true,                childList: false,                subtree: true,                attributeFilter: [ 'style', 'class' ],            });        } else {            triggerPostRender();        }    } );} ); \n\/* ]]> *\/\n<\/script>\n\t\t\t\t<\/div>\n\t\t\t\t<\/div>\n\t\t\t\t<div class=\"elementor-element elementor-element-b30cd6e elementor-widget elementor-widget-spacer\" data-id=\"b30cd6e\" data-element_type=\"widget\" data-e-type=\"widget\" data-widget_type=\"spacer.default\">\n\t\t\t\t<div class=\"elementor-widget-container\">\n\t\t\t\t\t\t\t<div class=\"elementor-spacer\">\n\t\t\t<div class=\"elementor-spacer-inner\"><\/div>\n\t\t<\/div>\n\t\t\t\t\t\t<\/div>\n\t\t\t\t<\/div>\n\t\t\t\t\t<\/div>\n\t\t\t\t<\/div>\n\t\t\t\t<\/div>\n\t\t","protected":false},"excerpt":{"rendered":"<p>NEUE WEGE &#8211; NEUE ZIELE Umgestaltung des Busverkehrs zwischen Wittingen, Brome und Wolfsburg \u2013 f\u00fcr bessere Anschl\u00fcsse und \u00fcbersichtliche Fahrpl\u00e4ne. Die Umsetzung der Neustrukturierung des Busverkehrs in der Region Wittingen \u2013 Brome \u2013 Wolfsburg ist zum 1. Juni 2026 geplant. Am Grundkonzept der im Jahr 2025 vorgestellten Neuplanung wird dabei festgehalten. Auf Basis aktueller Daten sowie vorliegender Hinweise\u00a0 \u2013 insbesondere zur Sch\u00fclerbef\u00f6rderung \u2013 wurden allerdings einzelne Linienf\u00fchrungen, Taktungen und Zeitfenster \u00fcberpr\u00fcft und weiterentwickelt. Alle geplanten Anpassungen erfolgen in enger Abstimmung mit dem Regionalverband Gro\u00dfraum Braunschweig und ber\u00fccksichtigen die Datengrundlagen sowie die Finanzierung des Landkreises Gifhorn. Ziel ist es, ein attraktives, verl\u00e4ssliches und gut abgestimmtes Angebot f\u00fcr das gesamte Gebiet zu schaffen, das den Bed\u00fcrfnissen der Menschen in der Region bestm\u00f6glich entspricht. Die Ziele der Netzumstellung auf einem Blick Angebote f\u00fcr alle Orte im Gebiet Abgestimmte Fahrzeiten zwischen den Linien 160 &amp; 300 Bessere Anschl\u00fcsse an Bahn- und Busverkehre Klare und merkbare Taktstrukturen Optimierte Sch\u00fclerbef\u00f6rderung Neue und verbesserte Direktverbindungen \u00dcbersichtliche und einheitliche Linienwege Wirtschaftlich tragf\u00e4hige Fahrpl\u00e4ne Optimierung der Sch\u00fclerbef\u00f6rderung Auf Grundlage neuer Sch\u00fclerlisten sowie relevanter Unterrichtszeiten werden folgende Anpassungen in der Sch\u00fclerbef\u00f6rderung vorgenommen: In der Regel werden, nach Festlegung durch den Landkreis Gifhorn und in Abstimmung mit den Schulen, k\u00fcnftig zwei Hinfahrten und drei R\u00fcckfahrten je Schule angeboten. F\u00fcr viele Orte entstehen dazu Direktverbindungen. Unter anderem zur IGS Sassenburg (zur 1. und 2. Stunde sowie nach der 6. und 9. Stunde) sowie zum Gymnasium Hankensb\u00fcttel (zur 1. Stunde). F\u00fcr den Unterrichtsbeginn zur 2. Stunde am Gymnasium Hankensb\u00fcttel wurde die bestehende Umsteigeverbindung verbessert, es bleibt jedoch weiterhin eine Umsteigeverbindung. Die Schulfahrpl\u00e4ne werden klar strukturiert und transparent ver\u00f6ffentlicht.\u00a0 Unser Ziel: Verl\u00e4ssliche und planbare Schulwege mit klaren Linienf\u00fchrungen und Fahrpl\u00e4nen, die auf die Unterrichtszeiten abgestimmt sind.Dein Vorteil: Gute \u00dcbersicht und bessere Planbarkeit f\u00fcr dich und deine Familie. ZU DEN SCHULFAHRPL\u00c4NEN Die Neuigkeiten zu deiner Linie im Detail RegioBus-Linie 160 | Brome \u2013 Croya\/Bergfeld \u2013 Parsau \u2013 R\u00fchen \u2013 Wolfsburg .elementor-3489 .elementor-element.elementor-element-107ce8b{&#8211;display:flex;&#8211;flex-direction:column;&#8211;container-widget-width:100%;&#8211;container-widget-height:initial;&#8211;container-widget-flex-grow:0;&#8211;container-widget-align-self:initial;&#8211;flex-wrap-mobile:wrap;}.elementor-3489 .elementor-element.elementor-element-107ce8b.e-con{&#8211;flex-grow:0;&#8211;flex-shrink:0;}.elementor-3489 .elementor-element.elementor-element-6c5b1b8{&#8211;spacer-size:50px;}.elementor-3489 .elementor-element.elementor-element-fd2967d{width:var( &#8211;container-widget-width, 64.306% );max-width:64.306%;&#8211;container-widget-width:64.306%;&#8211;container-widget-flex-grow:0;}.elementor-3489 .elementor-element.elementor-element-fd2967d.elementor-element{&#8211;flex-grow:0;&#8211;flex-shrink:0;}.elementor-3489 .elementor-element.elementor-element-ce0e168{&#8211;spacer-size:50px;}@media(max-width:767px){.elementor-3489 .elementor-element.elementor-element-107ce8b{&#8211;width:309px;}.elementor-3489 .elementor-element.elementor-element-6c5b1b8{&#8211;spacer-size:15px;}.elementor-3489 .elementor-element.elementor-element-fd2967d{width:var( &#8211;container-widget-width, 303.333px );max-width:303.333px;&#8211;container-widget-width:303.333px;&#8211;container-widget-flex-grow:0;}} Anpassung der Fahrzeiten zur besseren Erg\u00e4nzung mit der Landesbuslinie 300 und damit Aufhebung von Parallelfahrten. Gemeinsam mit der Landesbuslinie 300 entsteht zwischen Parsau, R\u00fchen und Wolfsburg ein abgestimmter Taktverkehr: Montag bis Freitag tags\u00fcber bis zu zwei Fahrten pro Stunde und Richtung Abends sowie am Wochenende verl\u00e4ssliche Verbindungen durch die Kombination beider Linien (pro Linie im 2-Stunden-Takt) Direkte Verbindungen von Wittingen \u00fcber Brome nach Wolfsburg durch die Durchbindung von Fahrten der Linien 160 und 163, mit Zuganschl\u00fcssen in Wittingen und Wolfsburg Wechselnder Linienweg \u00fcber Croya\/Ahnebeck und Bergfeld, wodurch Bergfeld neu an die RegioBus-Linie 160 angebunden wird In den sp\u00e4teren Abendstunden sowie am Wochenende erfolgt die Linienf\u00fchrung ausschlie\u00dflich \u00fcber Bergfeld. Croya\/Ahnebeck wird durch die Landesbuslinie 300 bedient Ausrichtung der Fahrzeiten auf die Ankunfts- und Abfahrtszeiten der Regionalbahnen RE30 (Hannover) und RE50 (Braunschweig) in Wolfsburg Unser Ziel: Bessere Anschl\u00fcsse, klarere Strukturen und ein Angebot, das sich sinnvoll erg\u00e4nzt, statt parallel zu verlaufen.Dein Vorteil: Mehr Planbarkeit sowie eine bessere Anbindung an den Bus- und Bahnverkehr in Wolfsburg. Direkte Verbindungen zwischen Wittingen und Wolfsburg \u00fcberwiegend ohne Umstieg und Anbindung von Bergfeld an die RegioBus-Linie 160. Fahrplan zum Download Linie 161 | Brome \u2013 Th\u00fclau \u2013 Parsau \u2013 R\u00fchen \u00a0 Strukturierter Fahrplan der auf die Unterrichtszeiten der Schulen ausgerichtet ist Unser Ziel: Ein strukturiertes und verl\u00e4ssliches Angebot f\u00fcr den Sch\u00fclerverkehr.Dein Vorteil: Ein Fahrplan, der gezielt auf deine Schule abgestimmt ist. Fahrplan zum Download Linie 162 | Ehra-Lessien \u2013 Bergfeld \u2013 Velstove \u2013 R\u00fchen .elementor-3490 .elementor-element.elementor-element-107ce8b{&#8211;display:flex;&#8211;flex-direction:column;&#8211;container-widget-width:100%;&#8211;container-widget-height:initial;&#8211;container-widget-flex-grow:0;&#8211;container-widget-align-self:initial;&#8211;flex-wrap-mobile:wrap;}.elementor-3490 .elementor-element.elementor-element-107ce8b.e-con{&#8211;flex-grow:0;&#8211;flex-shrink:0;}.elementor-3490 .elementor-element.elementor-element-6c5b1b8{&#8211;spacer-size:50px;}.elementor-3490 .elementor-element.elementor-element-fd2967d{width:var( &#8211;container-widget-width, 64.306% );max-width:64.306%;&#8211;container-widget-width:64.306%;&#8211;container-widget-flex-grow:0;}.elementor-3490 .elementor-element.elementor-element-fd2967d.elementor-element{&#8211;flex-grow:0;&#8211;flex-shrink:0;}.elementor-3490 .elementor-element.elementor-element-ce0e168{&#8211;spacer-size:50px;}@media(max-width:767px){.elementor-3490 .elementor-element.elementor-element-107ce8b{&#8211;width:309px;}.elementor-3490 .elementor-element.elementor-element-6c5b1b8{&#8211;spacer-size:15px;}.elementor-3490 .elementor-element.elementor-element-fd2967d{width:var( &#8211;container-widget-width, 303.333px );max-width:303.333px;&#8211;container-widget-width:303.333px;&#8211;container-widget-flex-grow:0;}} Einheitliche Linienf\u00fchrung: Ehra-Lessien \u2013 Bergfeld \u2013 Velstove \u2013 R\u00fchen Neue Anbindung in Velstove an die WVG-Linie 201 (von\/nach Vorsfelde \u2013 Wolfsburg) Anschluss an die RegioBus-Linie 160 (von\/nach Brome) in R\u00fchen Anschluss an die Landesbuslinie 300 (von\/nach Wolfsburg \u2013 Parsau \u2013 Salzwedel) in Brechtorf Au\u00dferhalb der Sch\u00fclerbef\u00f6rderung ALT-Verkehr (RufMobil) 2-Stunden-Takt Unser Ziel: Bessere Vernetzung und klare Linienwege.Dein Vorteil: Verl\u00e4ssliche Anschl\u00fcsse und ein sinnvoll aufeinander abgestimmtes Angebot mit Schaffung neuer Umsteigeverbindungen. Fahrplan zum Download Linie 163 | Wittingen \u2013 Zasenbeck \u2013 Radenbeck \u2013 Brome .elementor-3492 .elementor-element.elementor-element-107ce8b{&#8211;display:flex;&#8211;flex-direction:column;&#8211;container-widget-width:100%;&#8211;container-widget-height:initial;&#8211;container-widget-flex-grow:0;&#8211;container-widget-align-self:initial;&#8211;flex-wrap-mobile:wrap;}.elementor-3492 .elementor-element.elementor-element-107ce8b.e-con{&#8211;flex-grow:0;&#8211;flex-shrink:0;}.elementor-3492 .elementor-element.elementor-element-6c5b1b8{&#8211;spacer-size:50px;}.elementor-3492 .elementor-element.elementor-element-fd2967d{width:var( &#8211;container-widget-width, 64.306% );max-width:64.306%;&#8211;container-widget-width:64.306%;&#8211;container-widget-flex-grow:0;}.elementor-3492 .elementor-element.elementor-element-fd2967d.elementor-element{&#8211;flex-grow:0;&#8211;flex-shrink:0;}.elementor-3492 .elementor-element.elementor-element-ce0e168{&#8211;spacer-size:50px;}@media(max-width:767px){.elementor-3492 .elementor-element.elementor-element-107ce8b{&#8211;width:309px;}.elementor-3492 .elementor-element.elementor-element-6c5b1b8{&#8211;spacer-size:15px;}.elementor-3492 .elementor-element.elementor-element-fd2967d{width:var( &#8211;container-widget-width, 303.333px );max-width:303.333px;&#8211;container-widget-width:303.333px;&#8211;container-widget-flex-grow:0;}} Verbindung Brome \u2013 Wittingen im 2-Stunden-Takt In Brome Anschluss, \u00fcberwiegend ohne Umstieg, an RegioBus-Linie 160 von\/nach Wolfsburg In Wolfsburg Anschluss an RE30 (von\/nach Hannover) und RE50 (von\/nach Braunschweig) In Wittingen Anschluss an RB47 (von\/nach Gifhorn\/Braunschweig) Zu Randzeiten vereinzelt als ALT-Angebot (RufMobil) Unser Ziel: \u00dcberwiegend Direktverbindungen zwischen Wittingen, Brome und Wolfsburg mit Anschluss an den Bahnverkehr in Wittingen und Wolfsburg.Dein Vorteil: Durchgehende Reiseketten mit abgestimmten \u00dcberg\u00e4ngen auf den Bahnverkehr. Fahrplan zum Download Linie 165 | Brome \u2013 Zicherie \u2013 R\u00fchen .elementor-3491 .elementor-element.elementor-element-107ce8b{&#8211;display:flex;&#8211;flex-direction:column;&#8211;container-widget-width:100%;&#8211;container-widget-height:initial;&#8211;container-widget-flex-grow:0;&#8211;container-widget-align-self:initial;&#8211;flex-wrap-mobile:wrap;}.elementor-3491 .elementor-element.elementor-element-107ce8b.e-con{&#8211;flex-grow:0;&#8211;flex-shrink:0;}.elementor-3491 .elementor-element.elementor-element-6c5b1b8{&#8211;spacer-size:50px;}.elementor-3491 .elementor-element.elementor-element-fd2967d{width:var( &#8211;container-widget-width, 64.306% );max-width:64.306%;&#8211;container-widget-width:64.306%;&#8211;container-widget-flex-grow:0;}.elementor-3491 .elementor-element.elementor-element-fd2967d.elementor-element{&#8211;flex-grow:0;&#8211;flex-shrink:0;}.elementor-3491 .elementor-element.elementor-element-ce0e168{&#8211;spacer-size:50px;}@media(max-width:767px){.elementor-3491 .elementor-element.elementor-element-107ce8b{&#8211;width:309px;}.elementor-3491 .elementor-element.elementor-element-6c5b1b8{&#8211;spacer-size:15px;}.elementor-3491 .elementor-element.elementor-element-fd2967d{width:var( &#8211;container-widget-width, 303.333px );max-width:303.333px;&#8211;container-widget-width:303.333px;&#8211;container-widget-flex-grow:0;}} Neue Verbindung zwischen Zicherie und Brome mit strukturiertem Linienweg Regelm\u00e4\u00dfiges Angebot montags bis freitags ann\u00e4hernd im 2-Stunden-Takt Auf die Schulzeiten abgestimmte Fahrzeiten Anbindung Kaiserwinkel zu schulrelevanten Zeiten Unser Ziel: Die Anbindung von Zicherie zu optimieren, den Linienweg klar zu strukturieren und die Sch\u00fclerbef\u00f6rderung zu optimieren.Dein Vorteil: Ann\u00e4hernd 2-Stunden-Takt zwischen Zicherie und Brome mit Anschluss an die RegioBus-Linie 160 von\/nach Wolfsburg. Fahrplan zum Download Linien 151 und 153 | Wittingen \u2013 Brome \u2013 Wolfsburg \u00a0 Verl\u00e4ssliche Abstimmung der Fahrzeiten auf die VW-Schichtzeiten Beide Linien bleiben eigenst\u00e4ndig bestehen Unser Ziel: Verl\u00e4ssliche Pendlerverbindungen.Dein Vorteil: Optimale Abstimmung auf deine Arbeitszeiten im VW-Werk. Fahrplan Linie 151 zum Download Fahrplan Linie 153 zum Downloadhttps:\/\/vb-bachstein.de\/salzgitter\/wp-content\/uploads\/sites\/14\/153_260601-FP.pdf Wie gut gef\u00e4llt dir unsere Website?HerausragendVorwiegend gutNeutralNicht gutFurchtbarAuf welcher Seite befindest du dich?(erforderlich) M\u00f6chtest du uns sonst noch etwas sagen?<\/p>","protected":false},"author":6,"featured_media":4083,"parent":408,"menu_order":12,"comment_status":"closed","ping_status":"closed","template":"","meta":{"footnotes":""},"class_list":["post-3480","page","type-page","status-publish","has-post-thumbnail","hentry"],"yoast_head":"<!-- This site is optimized with the Yoast SEO plugin v27.4 - https:\/\/yoast.com\/product\/yoast-seo-wordpress\/ -->\n<title>Neuplanung von Wittingen \u00fcber Brome bis Wolfsburg - VB-Wolfsburg<\/title>\n<meta name=\"robots\" content=\"index, follow, max-snippet:-1, max-image-preview:large, max-video-preview:-1\" \/>\n<link rel=\"canonical\" href=\"https:\/\/vb-bachstein.de\/wolfsburg\/mobility\/new-planning-from-wittingen-via-brome-to-wolfsburg\/\" \/>\n<meta property=\"og:locale\" content=\"en_GB\" \/>\n<meta property=\"og:type\" content=\"article\" \/>\n<meta property=\"og:title\" content=\"Neuplanung von Wittingen \u00fcber Brome bis Wolfsburg - VB-Wolfsburg\" \/>\n<meta property=\"og:description\" content=\"NEUE WEGE &#8211; NEUE ZIELE Umgestaltung des Busverkehrs zwischen Wittingen, Brome und Wolfsburg \u2013 f\u00fcr bessere Anschl\u00fcsse und \u00fcbersichtliche Fahrpl\u00e4ne. Die Umsetzung der Neustrukturierung des Busverkehrs in der Region Wittingen \u2013 Brome \u2013 Wolfsburg ist zum 1. Juni 2026 geplant. Am Grundkonzept der im Jahr 2025 vorgestellten Neuplanung wird dabei festgehalten. Auf Basis aktueller Daten sowie vorliegender Hinweise\u00a0 \u2013 insbesondere zur Sch\u00fclerbef\u00f6rderung \u2013 wurden allerdings einzelne Linienf\u00fchrungen, Taktungen und Zeitfenster \u00fcberpr\u00fcft und weiterentwickelt. Alle geplanten Anpassungen erfolgen in enger Abstimmung mit dem Regionalverband Gro\u00dfraum Braunschweig und ber\u00fccksichtigen die Datengrundlagen sowie die Finanzierung des Landkreises Gifhorn. Ziel ist es, ein attraktives, verl\u00e4ssliches und gut abgestimmtes Angebot f\u00fcr das gesamte Gebiet zu schaffen, das den Bed\u00fcrfnissen der Menschen in der Region bestm\u00f6glich entspricht. Die Ziele der Netzumstellung auf einem Blick Angebote f\u00fcr alle Orte im Gebiet Abgestimmte Fahrzeiten zwischen den Linien 160 &amp; 300 Bessere Anschl\u00fcsse an Bahn- und Busverkehre Klare und merkbare Taktstrukturen Optimierte Sch\u00fclerbef\u00f6rderung Neue und verbesserte Direktverbindungen \u00dcbersichtliche und einheitliche Linienwege Wirtschaftlich tragf\u00e4hige Fahrpl\u00e4ne Optimierung der Sch\u00fclerbef\u00f6rderung Auf Grundlage neuer Sch\u00fclerlisten sowie relevanter Unterrichtszeiten werden folgende Anpassungen in der Sch\u00fclerbef\u00f6rderung vorgenommen: In der Regel werden, nach Festlegung durch den Landkreis Gifhorn und in Abstimmung mit den Schulen, k\u00fcnftig zwei Hinfahrten und drei R\u00fcckfahrten je Schule angeboten. F\u00fcr viele Orte entstehen dazu Direktverbindungen. Unter anderem zur IGS Sassenburg (zur 1. und 2. Stunde sowie nach der 6. und 9. Stunde) sowie zum Gymnasium Hankensb\u00fcttel (zur 1. Stunde). F\u00fcr den Unterrichtsbeginn zur 2. Stunde am Gymnasium Hankensb\u00fcttel wurde die bestehende Umsteigeverbindung verbessert, es bleibt jedoch weiterhin eine Umsteigeverbindung. Die Schulfahrpl\u00e4ne werden klar strukturiert und transparent ver\u00f6ffentlicht.\u00a0 Unser Ziel: Verl\u00e4ssliche und planbare Schulwege mit klaren Linienf\u00fchrungen und Fahrpl\u00e4nen, die auf die Unterrichtszeiten abgestimmt sind.Dein Vorteil: Gute \u00dcbersicht und bessere Planbarkeit f\u00fcr dich und deine Familie. ZU DEN SCHULFAHRPL\u00c4NEN Die Neuigkeiten zu deiner Linie im Detail RegioBus-Linie 160 | Brome \u2013 Croya\/Bergfeld \u2013 Parsau \u2013 R\u00fchen \u2013 Wolfsburg .elementor-3489 .elementor-element.elementor-element-107ce8b{&#8211;display:flex;&#8211;flex-direction:column;&#8211;container-widget-width:100%;&#8211;container-widget-height:initial;&#8211;container-widget-flex-grow:0;&#8211;container-widget-align-self:initial;&#8211;flex-wrap-mobile:wrap;}.elementor-3489 .elementor-element.elementor-element-107ce8b.e-con{&#8211;flex-grow:0;&#8211;flex-shrink:0;}.elementor-3489 .elementor-element.elementor-element-6c5b1b8{&#8211;spacer-size:50px;}.elementor-3489 .elementor-element.elementor-element-fd2967d{width:var( &#8211;container-widget-width, 64.306% );max-width:64.306%;&#8211;container-widget-width:64.306%;&#8211;container-widget-flex-grow:0;}.elementor-3489 .elementor-element.elementor-element-fd2967d.elementor-element{&#8211;flex-grow:0;&#8211;flex-shrink:0;}.elementor-3489 .elementor-element.elementor-element-ce0e168{&#8211;spacer-size:50px;}@media(max-width:767px){.elementor-3489 .elementor-element.elementor-element-107ce8b{&#8211;width:309px;}.elementor-3489 .elementor-element.elementor-element-6c5b1b8{&#8211;spacer-size:15px;}.elementor-3489 .elementor-element.elementor-element-fd2967d{width:var( &#8211;container-widget-width, 303.333px );max-width:303.333px;&#8211;container-widget-width:303.333px;&#8211;container-widget-flex-grow:0;}} Anpassung der Fahrzeiten zur besseren Erg\u00e4nzung mit der Landesbuslinie 300 und damit Aufhebung von Parallelfahrten. Gemeinsam mit der Landesbuslinie 300 entsteht zwischen Parsau, R\u00fchen und Wolfsburg ein abgestimmter Taktverkehr: Montag bis Freitag tags\u00fcber bis zu zwei Fahrten pro Stunde und Richtung Abends sowie am Wochenende verl\u00e4ssliche Verbindungen durch die Kombination beider Linien (pro Linie im 2-Stunden-Takt) Direkte Verbindungen von Wittingen \u00fcber Brome nach Wolfsburg durch die Durchbindung von Fahrten der Linien 160 und 163, mit Zuganschl\u00fcssen in Wittingen und Wolfsburg Wechselnder Linienweg \u00fcber Croya\/Ahnebeck und Bergfeld, wodurch Bergfeld neu an die RegioBus-Linie 160 angebunden wird In den sp\u00e4teren Abendstunden sowie am Wochenende erfolgt die Linienf\u00fchrung ausschlie\u00dflich \u00fcber Bergfeld. Croya\/Ahnebeck wird durch die Landesbuslinie 300 bedient Ausrichtung der Fahrzeiten auf die Ankunfts- und Abfahrtszeiten der Regionalbahnen RE30 (Hannover) und RE50 (Braunschweig) in Wolfsburg Unser Ziel: Bessere Anschl\u00fcsse, klarere Strukturen und ein Angebot, das sich sinnvoll erg\u00e4nzt, statt parallel zu verlaufen.Dein Vorteil: Mehr Planbarkeit sowie eine bessere Anbindung an den Bus- und Bahnverkehr in Wolfsburg. Direkte Verbindungen zwischen Wittingen und Wolfsburg \u00fcberwiegend ohne Umstieg und Anbindung von Bergfeld an die RegioBus-Linie 160. Fahrplan zum Download Linie 161 | Brome \u2013 Th\u00fclau \u2013 Parsau \u2013 R\u00fchen \u00a0 Strukturierter Fahrplan der auf die Unterrichtszeiten der Schulen ausgerichtet ist Unser Ziel: Ein strukturiertes und verl\u00e4ssliches Angebot f\u00fcr den Sch\u00fclerverkehr.Dein Vorteil: Ein Fahrplan, der gezielt auf deine Schule abgestimmt ist. Fahrplan zum Download Linie 162 | Ehra-Lessien \u2013 Bergfeld \u2013 Velstove \u2013 R\u00fchen .elementor-3490 .elementor-element.elementor-element-107ce8b{&#8211;display:flex;&#8211;flex-direction:column;&#8211;container-widget-width:100%;&#8211;container-widget-height:initial;&#8211;container-widget-flex-grow:0;&#8211;container-widget-align-self:initial;&#8211;flex-wrap-mobile:wrap;}.elementor-3490 .elementor-element.elementor-element-107ce8b.e-con{&#8211;flex-grow:0;&#8211;flex-shrink:0;}.elementor-3490 .elementor-element.elementor-element-6c5b1b8{&#8211;spacer-size:50px;}.elementor-3490 .elementor-element.elementor-element-fd2967d{width:var( &#8211;container-widget-width, 64.306% );max-width:64.306%;&#8211;container-widget-width:64.306%;&#8211;container-widget-flex-grow:0;}.elementor-3490 .elementor-element.elementor-element-fd2967d.elementor-element{&#8211;flex-grow:0;&#8211;flex-shrink:0;}.elementor-3490 .elementor-element.elementor-element-ce0e168{&#8211;spacer-size:50px;}@media(max-width:767px){.elementor-3490 .elementor-element.elementor-element-107ce8b{&#8211;width:309px;}.elementor-3490 .elementor-element.elementor-element-6c5b1b8{&#8211;spacer-size:15px;}.elementor-3490 .elementor-element.elementor-element-fd2967d{width:var( &#8211;container-widget-width, 303.333px );max-width:303.333px;&#8211;container-widget-width:303.333px;&#8211;container-widget-flex-grow:0;}} Einheitliche Linienf\u00fchrung: Ehra-Lessien \u2013 Bergfeld \u2013 Velstove \u2013 R\u00fchen Neue Anbindung in Velstove an die WVG-Linie 201 (von\/nach Vorsfelde \u2013 Wolfsburg) Anschluss an die RegioBus-Linie 160 (von\/nach Brome) in R\u00fchen Anschluss an die Landesbuslinie 300 (von\/nach Wolfsburg \u2013 Parsau \u2013 Salzwedel) in Brechtorf Au\u00dferhalb der Sch\u00fclerbef\u00f6rderung ALT-Verkehr (RufMobil) 2-Stunden-Takt Unser Ziel: Bessere Vernetzung und klare Linienwege.Dein Vorteil: Verl\u00e4ssliche Anschl\u00fcsse und ein sinnvoll aufeinander abgestimmtes Angebot mit Schaffung neuer Umsteigeverbindungen. Fahrplan zum Download Linie 163 | Wittingen \u2013 Zasenbeck \u2013 Radenbeck \u2013 Brome .elementor-3492 .elementor-element.elementor-element-107ce8b{&#8211;display:flex;&#8211;flex-direction:column;&#8211;container-widget-width:100%;&#8211;container-widget-height:initial;&#8211;container-widget-flex-grow:0;&#8211;container-widget-align-self:initial;&#8211;flex-wrap-mobile:wrap;}.elementor-3492 .elementor-element.elementor-element-107ce8b.e-con{&#8211;flex-grow:0;&#8211;flex-shrink:0;}.elementor-3492 .elementor-element.elementor-element-6c5b1b8{&#8211;spacer-size:50px;}.elementor-3492 .elementor-element.elementor-element-fd2967d{width:var( &#8211;container-widget-width, 64.306% );max-width:64.306%;&#8211;container-widget-width:64.306%;&#8211;container-widget-flex-grow:0;}.elementor-3492 .elementor-element.elementor-element-fd2967d.elementor-element{&#8211;flex-grow:0;&#8211;flex-shrink:0;}.elementor-3492 .elementor-element.elementor-element-ce0e168{&#8211;spacer-size:50px;}@media(max-width:767px){.elementor-3492 .elementor-element.elementor-element-107ce8b{&#8211;width:309px;}.elementor-3492 .elementor-element.elementor-element-6c5b1b8{&#8211;spacer-size:15px;}.elementor-3492 .elementor-element.elementor-element-fd2967d{width:var( &#8211;container-widget-width, 303.333px );max-width:303.333px;&#8211;container-widget-width:303.333px;&#8211;container-widget-flex-grow:0;}} Verbindung Brome \u2013 Wittingen im 2-Stunden-Takt In Brome Anschluss, \u00fcberwiegend ohne Umstieg, an RegioBus-Linie 160 von\/nach Wolfsburg In Wolfsburg Anschluss an RE30 (von\/nach Hannover) und RE50 (von\/nach Braunschweig) In Wittingen Anschluss an RB47 (von\/nach Gifhorn\/Braunschweig) Zu Randzeiten vereinzelt als ALT-Angebot (RufMobil) Unser Ziel: \u00dcberwiegend Direktverbindungen zwischen Wittingen, Brome und Wolfsburg mit Anschluss an den Bahnverkehr in Wittingen und Wolfsburg.Dein Vorteil: Durchgehende Reiseketten mit abgestimmten \u00dcberg\u00e4ngen auf den Bahnverkehr. Fahrplan zum Download Linie 165 | Brome \u2013 Zicherie \u2013 R\u00fchen .elementor-3491 .elementor-element.elementor-element-107ce8b{&#8211;display:flex;&#8211;flex-direction:column;&#8211;container-widget-width:100%;&#8211;container-widget-height:initial;&#8211;container-widget-flex-grow:0;&#8211;container-widget-align-self:initial;&#8211;flex-wrap-mobile:wrap;}.elementor-3491 .elementor-element.elementor-element-107ce8b.e-con{&#8211;flex-grow:0;&#8211;flex-shrink:0;}.elementor-3491 .elementor-element.elementor-element-6c5b1b8{&#8211;spacer-size:50px;}.elementor-3491 .elementor-element.elementor-element-fd2967d{width:var( &#8211;container-widget-width, 64.306% );max-width:64.306%;&#8211;container-widget-width:64.306%;&#8211;container-widget-flex-grow:0;}.elementor-3491 .elementor-element.elementor-element-fd2967d.elementor-element{&#8211;flex-grow:0;&#8211;flex-shrink:0;}.elementor-3491 .elementor-element.elementor-element-ce0e168{&#8211;spacer-size:50px;}@media(max-width:767px){.elementor-3491 .elementor-element.elementor-element-107ce8b{&#8211;width:309px;}.elementor-3491 .elementor-element.elementor-element-6c5b1b8{&#8211;spacer-size:15px;}.elementor-3491 .elementor-element.elementor-element-fd2967d{width:var( &#8211;container-widget-width, 303.333px );max-width:303.333px;&#8211;container-widget-width:303.333px;&#8211;container-widget-flex-grow:0;}} Neue Verbindung zwischen Zicherie und Brome mit strukturiertem Linienweg Regelm\u00e4\u00dfiges Angebot montags bis freitags ann\u00e4hernd im 2-Stunden-Takt Auf die Schulzeiten abgestimmte Fahrzeiten Anbindung Kaiserwinkel zu schulrelevanten Zeiten Unser Ziel: Die Anbindung von Zicherie zu optimieren, den Linienweg klar zu strukturieren und die Sch\u00fclerbef\u00f6rderung zu optimieren.Dein Vorteil: Ann\u00e4hernd 2-Stunden-Takt zwischen Zicherie und Brome mit Anschluss an die RegioBus-Linie 160 von\/nach Wolfsburg. Fahrplan zum Download Linien 151 und 153 | Wittingen \u2013 Brome \u2013 Wolfsburg \u00a0 Verl\u00e4ssliche Abstimmung der Fahrzeiten auf die VW-Schichtzeiten Beide Linien bleiben eigenst\u00e4ndig bestehen Unser Ziel: Verl\u00e4ssliche Pendlerverbindungen.Dein Vorteil: Optimale Abstimmung auf deine Arbeitszeiten im VW-Werk. Fahrplan Linie 151 zum Download Fahrplan Linie 153 zum Downloadhttps:\/\/vb-bachstein.de\/salzgitter\/wp-content\/uploads\/sites\/14\/153_260601-FP.pdf Wie gut gef\u00e4llt dir unsere Website?HerausragendVorwiegend gutNeutralNicht gutFurchtbarAuf welcher Seite befindest du dich?(erforderlich) M\u00f6chtest du uns sonst noch etwas sagen?\" \/>\n<meta property=\"og:url\" content=\"https:\/\/vb-bachstein.de\/wolfsburg\/mobility\/new-planning-from-wittingen-via-brome-to-wolfsburg\/\" \/>\n<meta property=\"og:site_name\" content=\"VB-Wolfsburg\" \/>\n<meta property=\"article:modified_time\" content=\"2026-04-27T07:48:09+00:00\" \/>\n<meta name=\"twitter:card\" content=\"summary_large_image\" \/>\n<meta name=\"twitter:label1\" content=\"Estimated reading time\" \/>\n\t<meta name=\"twitter:data1\" content=\"9 minutes\" \/>\n<script type=\"application\/ld+json\" class=\"yoast-schema-graph\">{\"@context\":\"https:\\\/\\\/schema.org\",\"@graph\":[{\"@type\":\"WebPage\",\"@id\":\"https:\\\/\\\/vb-bachstein.de\\\/wolfsburg\\\/mobilitaet\\\/neuplanung-von-wittingen-ueber-brome-bis-wolfsburg\\\/\",\"url\":\"https:\\\/\\\/vb-bachstein.de\\\/wolfsburg\\\/mobilitaet\\\/neuplanung-von-wittingen-ueber-brome-bis-wolfsburg\\\/\",\"name\":\"Neuplanung von Wittingen \u00fcber Brome bis Wolfsburg - VB-Wolfsburg\",\"isPartOf\":{\"@id\":\"https:\\\/\\\/vb-bachstein.de\\\/wolfsburg\\\/#website\"},\"primaryImageOfPage\":{\"@id\":\"https:\\\/\\\/vb-bachstein.de\\\/wolfsburg\\\/mobilitaet\\\/neuplanung-von-wittingen-ueber-brome-bis-wolfsburg\\\/#primaryimage\"},\"image\":{\"@id\":\"https:\\\/\\\/vb-bachstein.de\\\/wolfsburg\\\/mobilitaet\\\/neuplanung-von-wittingen-ueber-brome-bis-wolfsburg\\\/#primaryimage\"},\"thumbnailUrl\":\"https:\\\/\\\/vb-bachstein.de\\\/wolfsburg\\\/wp-content\\\/uploads\\\/sites\\\/14\\\/header-subsites_vb-2.jpg\",\"datePublished\":\"2026-03-30T11:56:15+00:00\",\"dateModified\":\"2026-04-27T07:48:09+00:00\",\"breadcrumb\":{\"@id\":\"https:\\\/\\\/vb-bachstein.de\\\/wolfsburg\\\/mobilitaet\\\/neuplanung-von-wittingen-ueber-brome-bis-wolfsburg\\\/#breadcrumb\"},\"inLanguage\":\"en-GB\",\"potentialAction\":[{\"@type\":\"ReadAction\",\"target\":[\"https:\\\/\\\/vb-bachstein.de\\\/wolfsburg\\\/mobilitaet\\\/neuplanung-von-wittingen-ueber-brome-bis-wolfsburg\\\/\"]}]},{\"@type\":\"ImageObject\",\"inLanguage\":\"en-GB\",\"@id\":\"https:\\\/\\\/vb-bachstein.de\\\/wolfsburg\\\/mobilitaet\\\/neuplanung-von-wittingen-ueber-brome-bis-wolfsburg\\\/#primaryimage\",\"url\":\"https:\\\/\\\/vb-bachstein.de\\\/wolfsburg\\\/wp-content\\\/uploads\\\/sites\\\/14\\\/header-subsites_vb-2.jpg\",\"contentUrl\":\"https:\\\/\\\/vb-bachstein.de\\\/wolfsburg\\\/wp-content\\\/uploads\\\/sites\\\/14\\\/header-subsites_vb-2.jpg\"},{\"@type\":\"BreadcrumbList\",\"@id\":\"https:\\\/\\\/vb-bachstein.de\\\/wolfsburg\\\/mobilitaet\\\/neuplanung-von-wittingen-ueber-brome-bis-wolfsburg\\\/#breadcrumb\",\"itemListElement\":[{\"@type\":\"ListItem\",\"position\":1,\"name\":\"Startseite\",\"item\":\"https:\\\/\\\/vb-bachstein.de\\\/wolfsburg\\\/\"},{\"@type\":\"ListItem\",\"position\":2,\"name\":\"Mobilit\u00e4t\",\"item\":\"https:\\\/\\\/vb-bachstein.de\\\/wolfsburg\\\/mobilitaet\\\/\"},{\"@type\":\"ListItem\",\"position\":3,\"name\":\"Neuplanung von Wittingen \u00fcber Brome bis Wolfsburg\"}]},{\"@type\":\"WebSite\",\"@id\":\"https:\\\/\\\/vb-bachstein.de\\\/wolfsburg\\\/#website\",\"url\":\"https:\\\/\\\/vb-bachstein.de\\\/wolfsburg\\\/\",\"name\":\"VB-Wolfsburg\",\"description\":\"\",\"publisher\":{\"@id\":\"https:\\\/\\\/vb-bachstein.de\\\/wolfsburg\\\/#organization\"},\"potentialAction\":[{\"@type\":\"SearchAction\",\"target\":{\"@type\":\"EntryPoint\",\"urlTemplate\":\"https:\\\/\\\/vb-bachstein.de\\\/wolfsburg\\\/?s={search_term_string}\"},\"query-input\":{\"@type\":\"PropertyValueSpecification\",\"valueRequired\":true,\"valueName\":\"search_term_string\"}}],\"inLanguage\":\"en-GB\"},{\"@type\":\"Organization\",\"@id\":\"https:\\\/\\\/vb-bachstein.de\\\/wolfsburg\\\/#organization\",\"name\":\"VB-Wolfsburg\",\"url\":\"https:\\\/\\\/vb-bachstein.de\\\/wolfsburg\\\/\",\"logo\":{\"@type\":\"ImageObject\",\"inLanguage\":\"en-GB\",\"@id\":\"https:\\\/\\\/vb-bachstein.de\\\/wolfsburg\\\/#\\\/schema\\\/logo\\\/image\\\/\",\"url\":\"https:\\\/\\\/vb-bachstein.de\\\/wolfsburg\\\/wp-content\\\/uploads\\\/sites\\\/14\\\/vb-bachstein_logo.svg\",\"contentUrl\":\"https:\\\/\\\/vb-bachstein.de\\\/wolfsburg\\\/wp-content\\\/uploads\\\/sites\\\/14\\\/vb-bachstein_logo.svg\",\"caption\":\"VB-Wolfsburg\"},\"image\":{\"@id\":\"https:\\\/\\\/vb-bachstein.de\\\/wolfsburg\\\/#\\\/schema\\\/logo\\\/image\\\/\"}}]}<\/script>\n<!-- \/ Yoast SEO plugin. -->","yoast_head_json":{"title":"New planning from Wittingen via Brome to Wolfsburg - VB-Wolfsburg","robots":{"index":"index","follow":"follow","max-snippet":"max-snippet:-1","max-image-preview":"max-image-preview:large","max-video-preview":"max-video-preview:-1"},"canonical":"https:\/\/vb-bachstein.de\/wolfsburg\/mobility\/new-planning-from-wittingen-via-brome-to-wolfsburg\/","og_locale":"en_GB","og_type":"article","og_title":"Neuplanung von Wittingen \u00fcber Brome bis Wolfsburg - VB-Wolfsburg","og_description":"NEUE WEGE &#8211; NEUE ZIELE Umgestaltung des Busverkehrs zwischen Wittingen, Brome und Wolfsburg \u2013 f\u00fcr bessere Anschl\u00fcsse und \u00fcbersichtliche Fahrpl\u00e4ne. Die Umsetzung der Neustrukturierung des Busverkehrs in der Region Wittingen \u2013 Brome \u2013 Wolfsburg ist zum 1. Juni 2026 geplant. Am Grundkonzept der im Jahr 2025 vorgestellten Neuplanung wird dabei festgehalten. Auf Basis aktueller Daten sowie vorliegender Hinweise\u00a0 \u2013 insbesondere zur Sch\u00fclerbef\u00f6rderung \u2013 wurden allerdings einzelne Linienf\u00fchrungen, Taktungen und Zeitfenster \u00fcberpr\u00fcft und weiterentwickelt. Alle geplanten Anpassungen erfolgen in enger Abstimmung mit dem Regionalverband Gro\u00dfraum Braunschweig und ber\u00fccksichtigen die Datengrundlagen sowie die Finanzierung des Landkreises Gifhorn. Ziel ist es, ein attraktives, verl\u00e4ssliches und gut abgestimmtes Angebot f\u00fcr das gesamte Gebiet zu schaffen, das den Bed\u00fcrfnissen der Menschen in der Region bestm\u00f6glich entspricht. Die Ziele der Netzumstellung auf einem Blick Angebote f\u00fcr alle Orte im Gebiet Abgestimmte Fahrzeiten zwischen den Linien 160 &amp; 300 Bessere Anschl\u00fcsse an Bahn- und Busverkehre Klare und merkbare Taktstrukturen Optimierte Sch\u00fclerbef\u00f6rderung Neue und verbesserte Direktverbindungen \u00dcbersichtliche und einheitliche Linienwege Wirtschaftlich tragf\u00e4hige Fahrpl\u00e4ne Optimierung der Sch\u00fclerbef\u00f6rderung Auf Grundlage neuer Sch\u00fclerlisten sowie relevanter Unterrichtszeiten werden folgende Anpassungen in der Sch\u00fclerbef\u00f6rderung vorgenommen: In der Regel werden, nach Festlegung durch den Landkreis Gifhorn und in Abstimmung mit den Schulen, k\u00fcnftig zwei Hinfahrten und drei R\u00fcckfahrten je Schule angeboten. F\u00fcr viele Orte entstehen dazu Direktverbindungen. Unter anderem zur IGS Sassenburg (zur 1. und 2. Stunde sowie nach der 6. und 9. Stunde) sowie zum Gymnasium Hankensb\u00fcttel (zur 1. Stunde). F\u00fcr den Unterrichtsbeginn zur 2. Stunde am Gymnasium Hankensb\u00fcttel wurde die bestehende Umsteigeverbindung verbessert, es bleibt jedoch weiterhin eine Umsteigeverbindung. Die Schulfahrpl\u00e4ne werden klar strukturiert und transparent ver\u00f6ffentlicht.\u00a0 Unser Ziel: Verl\u00e4ssliche und planbare Schulwege mit klaren Linienf\u00fchrungen und Fahrpl\u00e4nen, die auf die Unterrichtszeiten abgestimmt sind.Dein Vorteil: Gute \u00dcbersicht und bessere Planbarkeit f\u00fcr dich und deine Familie. ZU DEN SCHULFAHRPL\u00c4NEN Die Neuigkeiten zu deiner Linie im Detail RegioBus-Linie 160 | Brome \u2013 Croya\/Bergfeld \u2013 Parsau \u2013 R\u00fchen \u2013 Wolfsburg .elementor-3489 .elementor-element.elementor-element-107ce8b{&#8211;display:flex;&#8211;flex-direction:column;&#8211;container-widget-width:100%;&#8211;container-widget-height:initial;&#8211;container-widget-flex-grow:0;&#8211;container-widget-align-self:initial;&#8211;flex-wrap-mobile:wrap;}.elementor-3489 .elementor-element.elementor-element-107ce8b.e-con{&#8211;flex-grow:0;&#8211;flex-shrink:0;}.elementor-3489 .elementor-element.elementor-element-6c5b1b8{&#8211;spacer-size:50px;}.elementor-3489 .elementor-element.elementor-element-fd2967d{width:var( &#8211;container-widget-width, 64.306% );max-width:64.306%;&#8211;container-widget-width:64.306%;&#8211;container-widget-flex-grow:0;}.elementor-3489 .elementor-element.elementor-element-fd2967d.elementor-element{&#8211;flex-grow:0;&#8211;flex-shrink:0;}.elementor-3489 .elementor-element.elementor-element-ce0e168{&#8211;spacer-size:50px;}@media(max-width:767px){.elementor-3489 .elementor-element.elementor-element-107ce8b{&#8211;width:309px;}.elementor-3489 .elementor-element.elementor-element-6c5b1b8{&#8211;spacer-size:15px;}.elementor-3489 .elementor-element.elementor-element-fd2967d{width:var( &#8211;container-widget-width, 303.333px );max-width:303.333px;&#8211;container-widget-width:303.333px;&#8211;container-widget-flex-grow:0;}} Anpassung der Fahrzeiten zur besseren Erg\u00e4nzung mit der Landesbuslinie 300 und damit Aufhebung von Parallelfahrten. Gemeinsam mit der Landesbuslinie 300 entsteht zwischen Parsau, R\u00fchen und Wolfsburg ein abgestimmter Taktverkehr: Montag bis Freitag tags\u00fcber bis zu zwei Fahrten pro Stunde und Richtung Abends sowie am Wochenende verl\u00e4ssliche Verbindungen durch die Kombination beider Linien (pro Linie im 2-Stunden-Takt) Direkte Verbindungen von Wittingen \u00fcber Brome nach Wolfsburg durch die Durchbindung von Fahrten der Linien 160 und 163, mit Zuganschl\u00fcssen in Wittingen und Wolfsburg Wechselnder Linienweg \u00fcber Croya\/Ahnebeck und Bergfeld, wodurch Bergfeld neu an die RegioBus-Linie 160 angebunden wird In den sp\u00e4teren Abendstunden sowie am Wochenende erfolgt die Linienf\u00fchrung ausschlie\u00dflich \u00fcber Bergfeld. Croya\/Ahnebeck wird durch die Landesbuslinie 300 bedient Ausrichtung der Fahrzeiten auf die Ankunfts- und Abfahrtszeiten der Regionalbahnen RE30 (Hannover) und RE50 (Braunschweig) in Wolfsburg Unser Ziel: Bessere Anschl\u00fcsse, klarere Strukturen und ein Angebot, das sich sinnvoll erg\u00e4nzt, statt parallel zu verlaufen.Dein Vorteil: Mehr Planbarkeit sowie eine bessere Anbindung an den Bus- und Bahnverkehr in Wolfsburg. Direkte Verbindungen zwischen Wittingen und Wolfsburg \u00fcberwiegend ohne Umstieg und Anbindung von Bergfeld an die RegioBus-Linie 160. Fahrplan zum Download Linie 161 | Brome \u2013 Th\u00fclau \u2013 Parsau \u2013 R\u00fchen \u00a0 Strukturierter Fahrplan der auf die Unterrichtszeiten der Schulen ausgerichtet ist Unser Ziel: Ein strukturiertes und verl\u00e4ssliches Angebot f\u00fcr den Sch\u00fclerverkehr.Dein Vorteil: Ein Fahrplan, der gezielt auf deine Schule abgestimmt ist. Fahrplan zum Download Linie 162 | Ehra-Lessien \u2013 Bergfeld \u2013 Velstove \u2013 R\u00fchen .elementor-3490 .elementor-element.elementor-element-107ce8b{&#8211;display:flex;&#8211;flex-direction:column;&#8211;container-widget-width:100%;&#8211;container-widget-height:initial;&#8211;container-widget-flex-grow:0;&#8211;container-widget-align-self:initial;&#8211;flex-wrap-mobile:wrap;}.elementor-3490 .elementor-element.elementor-element-107ce8b.e-con{&#8211;flex-grow:0;&#8211;flex-shrink:0;}.elementor-3490 .elementor-element.elementor-element-6c5b1b8{&#8211;spacer-size:50px;}.elementor-3490 .elementor-element.elementor-element-fd2967d{width:var( &#8211;container-widget-width, 64.306% );max-width:64.306%;&#8211;container-widget-width:64.306%;&#8211;container-widget-flex-grow:0;}.elementor-3490 .elementor-element.elementor-element-fd2967d.elementor-element{&#8211;flex-grow:0;&#8211;flex-shrink:0;}.elementor-3490 .elementor-element.elementor-element-ce0e168{&#8211;spacer-size:50px;}@media(max-width:767px){.elementor-3490 .elementor-element.elementor-element-107ce8b{&#8211;width:309px;}.elementor-3490 .elementor-element.elementor-element-6c5b1b8{&#8211;spacer-size:15px;}.elementor-3490 .elementor-element.elementor-element-fd2967d{width:var( &#8211;container-widget-width, 303.333px );max-width:303.333px;&#8211;container-widget-width:303.333px;&#8211;container-widget-flex-grow:0;}} Einheitliche Linienf\u00fchrung: Ehra-Lessien \u2013 Bergfeld \u2013 Velstove \u2013 R\u00fchen Neue Anbindung in Velstove an die WVG-Linie 201 (von\/nach Vorsfelde \u2013 Wolfsburg) Anschluss an die RegioBus-Linie 160 (von\/nach Brome) in R\u00fchen Anschluss an die Landesbuslinie 300 (von\/nach Wolfsburg \u2013 Parsau \u2013 Salzwedel) in Brechtorf Au\u00dferhalb der Sch\u00fclerbef\u00f6rderung ALT-Verkehr (RufMobil) 2-Stunden-Takt Unser Ziel: Bessere Vernetzung und klare Linienwege.Dein Vorteil: Verl\u00e4ssliche Anschl\u00fcsse und ein sinnvoll aufeinander abgestimmtes Angebot mit Schaffung neuer Umsteigeverbindungen. Fahrplan zum Download Linie 163 | Wittingen \u2013 Zasenbeck \u2013 Radenbeck \u2013 Brome .elementor-3492 .elementor-element.elementor-element-107ce8b{&#8211;display:flex;&#8211;flex-direction:column;&#8211;container-widget-width:100%;&#8211;container-widget-height:initial;&#8211;container-widget-flex-grow:0;&#8211;container-widget-align-self:initial;&#8211;flex-wrap-mobile:wrap;}.elementor-3492 .elementor-element.elementor-element-107ce8b.e-con{&#8211;flex-grow:0;&#8211;flex-shrink:0;}.elementor-3492 .elementor-element.elementor-element-6c5b1b8{&#8211;spacer-size:50px;}.elementor-3492 .elementor-element.elementor-element-fd2967d{width:var( &#8211;container-widget-width, 64.306% );max-width:64.306%;&#8211;container-widget-width:64.306%;&#8211;container-widget-flex-grow:0;}.elementor-3492 .elementor-element.elementor-element-fd2967d.elementor-element{&#8211;flex-grow:0;&#8211;flex-shrink:0;}.elementor-3492 .elementor-element.elementor-element-ce0e168{&#8211;spacer-size:50px;}@media(max-width:767px){.elementor-3492 .elementor-element.elementor-element-107ce8b{&#8211;width:309px;}.elementor-3492 .elementor-element.elementor-element-6c5b1b8{&#8211;spacer-size:15px;}.elementor-3492 .elementor-element.elementor-element-fd2967d{width:var( &#8211;container-widget-width, 303.333px );max-width:303.333px;&#8211;container-widget-width:303.333px;&#8211;container-widget-flex-grow:0;}} Verbindung Brome \u2013 Wittingen im 2-Stunden-Takt In Brome Anschluss, \u00fcberwiegend ohne Umstieg, an RegioBus-Linie 160 von\/nach Wolfsburg In Wolfsburg Anschluss an RE30 (von\/nach Hannover) und RE50 (von\/nach Braunschweig) In Wittingen Anschluss an RB47 (von\/nach Gifhorn\/Braunschweig) Zu Randzeiten vereinzelt als ALT-Angebot (RufMobil) Unser Ziel: \u00dcberwiegend Direktverbindungen zwischen Wittingen, Brome und Wolfsburg mit Anschluss an den Bahnverkehr in Wittingen und Wolfsburg.Dein Vorteil: Durchgehende Reiseketten mit abgestimmten \u00dcberg\u00e4ngen auf den Bahnverkehr. Fahrplan zum Download Linie 165 | Brome \u2013 Zicherie \u2013 R\u00fchen .elementor-3491 .elementor-element.elementor-element-107ce8b{&#8211;display:flex;&#8211;flex-direction:column;&#8211;container-widget-width:100%;&#8211;container-widget-height:initial;&#8211;container-widget-flex-grow:0;&#8211;container-widget-align-self:initial;&#8211;flex-wrap-mobile:wrap;}.elementor-3491 .elementor-element.elementor-element-107ce8b.e-con{&#8211;flex-grow:0;&#8211;flex-shrink:0;}.elementor-3491 .elementor-element.elementor-element-6c5b1b8{&#8211;spacer-size:50px;}.elementor-3491 .elementor-element.elementor-element-fd2967d{width:var( &#8211;container-widget-width, 64.306% );max-width:64.306%;&#8211;container-widget-width:64.306%;&#8211;container-widget-flex-grow:0;}.elementor-3491 .elementor-element.elementor-element-fd2967d.elementor-element{&#8211;flex-grow:0;&#8211;flex-shrink:0;}.elementor-3491 .elementor-element.elementor-element-ce0e168{&#8211;spacer-size:50px;}@media(max-width:767px){.elementor-3491 .elementor-element.elementor-element-107ce8b{&#8211;width:309px;}.elementor-3491 .elementor-element.elementor-element-6c5b1b8{&#8211;spacer-size:15px;}.elementor-3491 .elementor-element.elementor-element-fd2967d{width:var( &#8211;container-widget-width, 303.333px );max-width:303.333px;&#8211;container-widget-width:303.333px;&#8211;container-widget-flex-grow:0;}} Neue Verbindung zwischen Zicherie und Brome mit strukturiertem Linienweg Regelm\u00e4\u00dfiges Angebot montags bis freitags ann\u00e4hernd im 2-Stunden-Takt Auf die Schulzeiten abgestimmte Fahrzeiten Anbindung Kaiserwinkel zu schulrelevanten Zeiten Unser Ziel: Die Anbindung von Zicherie zu optimieren, den Linienweg klar zu strukturieren und die Sch\u00fclerbef\u00f6rderung zu optimieren.Dein Vorteil: Ann\u00e4hernd 2-Stunden-Takt zwischen Zicherie und Brome mit Anschluss an die RegioBus-Linie 160 von\/nach Wolfsburg. Fahrplan zum Download Linien 151 und 153 | Wittingen \u2013 Brome \u2013 Wolfsburg \u00a0 Verl\u00e4ssliche Abstimmung der Fahrzeiten auf die VW-Schichtzeiten Beide Linien bleiben eigenst\u00e4ndig bestehen Unser Ziel: Verl\u00e4ssliche Pendlerverbindungen.Dein Vorteil: Optimale Abstimmung auf deine Arbeitszeiten im VW-Werk. Fahrplan Linie 151 zum Download Fahrplan Linie 153 zum Downloadhttps:\/\/vb-bachstein.de\/salzgitter\/wp-content\/uploads\/sites\/14\/153_260601-FP.pdf Wie gut gef\u00e4llt dir unsere Website?HerausragendVorwiegend gutNeutralNicht gutFurchtbarAuf welcher Seite befindest du dich?(erforderlich) M\u00f6chtest du uns sonst noch etwas sagen?","og_url":"https:\/\/vb-bachstein.de\/wolfsburg\/mobility\/new-planning-from-wittingen-via-brome-to-wolfsburg\/","og_site_name":"VB-Wolfsburg","article_modified_time":"2026-04-27T07:48:09+00:00","twitter_card":"summary_large_image","twitter_misc":{"Estimated reading time":"9 minutes"},"schema":{"@context":"https:\/\/schema.org","@graph":[{"@type":"WebPage","@id":"https:\/\/vb-bachstein.de\/wolfsburg\/mobilitaet\/neuplanung-von-wittingen-ueber-brome-bis-wolfsburg\/","url":"https:\/\/vb-bachstein.de\/wolfsburg\/mobilitaet\/neuplanung-von-wittingen-ueber-brome-bis-wolfsburg\/","name":"New planning from Wittingen via Brome to Wolfsburg - VB-Wolfsburg","isPartOf":{"@id":"https:\/\/vb-bachstein.de\/wolfsburg\/#website"},"primaryImageOfPage":{"@id":"https:\/\/vb-bachstein.de\/wolfsburg\/mobilitaet\/neuplanung-von-wittingen-ueber-brome-bis-wolfsburg\/#primaryimage"},"image":{"@id":"https:\/\/vb-bachstein.de\/wolfsburg\/mobilitaet\/neuplanung-von-wittingen-ueber-brome-bis-wolfsburg\/#primaryimage"},"thumbnailUrl":"https:\/\/vb-bachstein.de\/wolfsburg\/wp-content\/uploads\/sites\/14\/header-subsites_vb-2.jpg","datePublished":"2026-03-30T11:56:15+00:00","dateModified":"2026-04-27T07:48:09+00:00","breadcrumb":{"@id":"https:\/\/vb-bachstein.de\/wolfsburg\/mobilitaet\/neuplanung-von-wittingen-ueber-brome-bis-wolfsburg\/#breadcrumb"},"inLanguage":"en-GB","potentialAction":[{"@type":"ReadAction","target":["https:\/\/vb-bachstein.de\/wolfsburg\/mobilitaet\/neuplanung-von-wittingen-ueber-brome-bis-wolfsburg\/"]}]},{"@type":"ImageObject","inLanguage":"en-GB","@id":"https:\/\/vb-bachstein.de\/wolfsburg\/mobilitaet\/neuplanung-von-wittingen-ueber-brome-bis-wolfsburg\/#primaryimage","url":"https:\/\/vb-bachstein.de\/wolfsburg\/wp-content\/uploads\/sites\/14\/header-subsites_vb-2.jpg","contentUrl":"https:\/\/vb-bachstein.de\/wolfsburg\/wp-content\/uploads\/sites\/14\/header-subsites_vb-2.jpg"},{"@type":"BreadcrumbList","@id":"https:\/\/vb-bachstein.de\/wolfsburg\/mobilitaet\/neuplanung-von-wittingen-ueber-brome-bis-wolfsburg\/#breadcrumb","itemListElement":[{"@type":"ListItem","position":1,"name":"Startseite","item":"https:\/\/vb-bachstein.de\/wolfsburg\/"},{"@type":"ListItem","position":2,"name":"Mobilit\u00e4t","item":"https:\/\/vb-bachstein.de\/wolfsburg\/mobilitaet\/"},{"@type":"ListItem","position":3,"name":"Neuplanung von Wittingen \u00fcber Brome bis Wolfsburg"}]},{"@type":"WebSite","@id":"https:\/\/vb-bachstein.de\/wolfsburg\/#website","url":"https:\/\/vb-bachstein.de\/wolfsburg\/","name":"VB-Wolfsburg","description":"","publisher":{"@id":"https:\/\/vb-bachstein.de\/wolfsburg\/#organization"},"potentialAction":[{"@type":"SearchAction","target":{"@type":"EntryPoint","urlTemplate":"https:\/\/vb-bachstein.de\/wolfsburg\/?s={search_term_string}"},"query-input":{"@type":"PropertyValueSpecification","valueRequired":true,"valueName":"search_term_string"}}],"inLanguage":"en-GB"},{"@type":"Organization","@id":"https:\/\/vb-bachstein.de\/wolfsburg\/#organization","name":"VB-Wolfsburg","url":"https:\/\/vb-bachstein.de\/wolfsburg\/","logo":{"@type":"ImageObject","inLanguage":"en-GB","@id":"https:\/\/vb-bachstein.de\/wolfsburg\/#\/schema\/logo\/image\/","url":"https:\/\/vb-bachstein.de\/wolfsburg\/wp-content\/uploads\/sites\/14\/vb-bachstein_logo.svg","contentUrl":"https:\/\/vb-bachstein.de\/wolfsburg\/wp-content\/uploads\/sites\/14\/vb-bachstein_logo.svg","caption":"VB-Wolfsburg"},"image":{"@id":"https:\/\/vb-bachstein.de\/wolfsburg\/#\/schema\/logo\/image\/"}}]}},"_links":{"self":[{"href":"https:\/\/vb-bachstein.de\/wolfsburg\/en\/wp-json\/wp\/v2\/pages\/3480","targetHints":{"allow":["GET"]}}],"collection":[{"href":"https:\/\/vb-bachstein.de\/wolfsburg\/en\/wp-json\/wp\/v2\/pages"}],"about":[{"href":"https:\/\/vb-bachstein.de\/wolfsburg\/en\/wp-json\/wp\/v2\/types\/page"}],"author":[{"embeddable":true,"href":"https:\/\/vb-bachstein.de\/wolfsburg\/en\/wp-json\/wp\/v2\/users\/6"}],"replies":[{"embeddable":true,"href":"https:\/\/vb-bachstein.de\/wolfsburg\/en\/wp-json\/wp\/v2\/comments?post=3480"}],"version-history":[{"count":0,"href":"https:\/\/vb-bachstein.de\/wolfsburg\/en\/wp-json\/wp\/v2\/pages\/3480\/revisions"}],"up":[{"embeddable":true,"href":"https:\/\/vb-bachstein.de\/wolfsburg\/en\/wp-json\/wp\/v2\/pages\/408"}],"wp:featuredmedia":[{"embeddable":true,"href":"https:\/\/vb-bachstein.de\/wolfsburg\/en\/wp-json\/"}],"wp:attachment":[{"href":"https:\/\/vb-bachstein.de\/wolfsburg\/en\/wp-json\/wp\/v2\/media?parent=3480"}],"curies":[{"name":"wp","href":"https:\/\/api.w.org\/{rel}","templated":true}]}}