{"id":1323,"date":"2024-08-21T15:26:37","date_gmt":"2024-08-21T13:26:37","guid":{"rendered":"https:\/\/vb-bachstein.de\/wolfsburg\/?page_id=1323"},"modified":"2026-01-19T14:14:22","modified_gmt":"2026-01-19T13:14:22","slug":"aktualni-poruchy","status":"publish","type":"page","link":"https:\/\/vb-bachstein.de\/wolfsburg\/cs\/mobilitaet\/aktuelle-stoerungen\/","title":{"rendered":"Aktu\u00e1ln\u00ed poruchy"},"content":{"rendered":"<div data-elementor-type=\"wp-page\" data-elementor-id=\"1323\" class=\"elementor elementor-1323\" data-elementor-post-type=\"page\">\n\t\t\t\t\t\t<section class=\"elementor-section elementor-top-section elementor-element elementor-element-10fed1b elementor-section-boxed elementor-section-height-default elementor-section-height-default wpr-particle-no wpr-jarallax-no wpr-parallax-no wpr-sticky-section-no wpr-equal-height-no\" data-id=\"10fed1b\" data-element_type=\"section\" data-e-type=\"section\">\n\t\t\t\t\t\t<div class=\"elementor-container elementor-column-gap-default\">\n\t\t\t\t\t<div class=\"elementor-column elementor-col-50 elementor-top-column elementor-element elementor-element-2b5188d\" data-id=\"2b5188d\" data-element_type=\"column\" data-e-type=\"column\">\n\t\t\t<div class=\"elementor-widget-wrap elementor-element-populated\">\n\t\t\t\t\t\t<div class=\"elementor-element elementor-element-f4b3d55 elementor-widget elementor-widget-heading\" data-id=\"f4b3d55\" data-element_type=\"widget\" data-e-type=\"widget\" data-widget_type=\"heading.default\">\n\t\t\t\t<div class=\"elementor-widget-container\">\n\t\t\t\t\t<h2 class=\"elementor-heading-title elementor-size-default\">PORUCHY PROUDU<\/h2>\t\t\t\t<\/div>\n\t\t\t\t<\/div>\n\t\t\t\t\t<\/div>\n\t\t<\/div>\n\t\t\t\t<div class=\"elementor-column elementor-col-50 elementor-top-column elementor-element elementor-element-39db7a1\" data-id=\"39db7a1\" data-element_type=\"column\" data-e-type=\"column\">\n\t\t\t<div class=\"elementor-widget-wrap\">\n\t\t\t\t\t\t\t<\/div>\n\t\t<\/div>\n\t\t\t\t\t<\/div>\n\t\t<\/section>\n\t\t\t\t<section class=\"elementor-section elementor-top-section elementor-element elementor-element-6d96fc2 elementor-section-boxed elementor-section-height-default elementor-section-height-default wpr-particle-no wpr-jarallax-no wpr-parallax-no wpr-sticky-section-no wpr-equal-height-no\" data-id=\"6d96fc2\" data-element_type=\"section\" data-e-type=\"section\">\n\t\t\t\t\t\t<div class=\"elementor-container elementor-column-gap-default\">\n\t\t\t\t\t<div class=\"elementor-column elementor-col-50 elementor-top-column elementor-element elementor-element-9f31d88\" data-id=\"9f31d88\" data-element_type=\"column\" data-e-type=\"column\">\n\t\t\t<div class=\"elementor-widget-wrap elementor-element-populated\">\n\t\t\t\t\t\t<div class=\"elementor-element elementor-element-c9a8eeb elementor-search-form--button-type-text elementor-search-form--skin-classic elementor-widget elementor-widget-search-form\" data-id=\"c9a8eeb\" data-element_type=\"widget\" data-e-type=\"widget\" data-settings=\"{&quot;skin&quot;:&quot;classic&quot;}\" data-widget_type=\"search-form.default\">\n\t\t\t\t<div class=\"elementor-widget-container\">\n\t\t\t\t\t\t\t<search role=\"search\">\n\t\t\t<form class=\"elementor-search-form\" action=\"https:\/\/vb-bachstein.de\/wolfsburg\/\" method=\"get\" data-trp-original-action=\"https:\/\/vb-bachstein.de\/wolfsburg\/cs\">\n\t\t\t\t\t\t\t\t\t\t\t\t<div class=\"elementor-search-form__container\">\n\t\t\t\t\t<label class=\"elementor-screen-only\" for=\"elementor-search-form-c9a8eeb\">Search<\/label>\n\n\t\t\t\t\t\n\t\t\t\t\t<input id=\"elementor-search-form-c9a8eeb\" placeholder=\"\u0158\u00e1dek\" class=\"elementor-search-form__input\" type=\"search\" name=\"s\" value=\"\">\n\t\t\t\t\t\n\t\t\t\t\t\t\t\t\t\t\t<button class=\"elementor-search-form__submit\" type=\"submit\" aria-label=\"Search\">\n\t\t\t\t\t\t\t\t\t\t\t\t\t\t\tNAJD\u011aTE SVOU LINII\t\t\t\t\t\t\t\t\t\t\t\t\t<\/button>\n\t\t\t\t\t\n\t\t\t\t\t\t\t\t\t<\/div>\n\t\t\t<input type=\"hidden\" name=\"trp-form-language\" value=\"cs\"\/><\/form>\n\t\t<\/search>\n\t\t\t\t\t\t<\/div>\n\t\t\t\t<\/div>\n\t\t\t\t<div class=\"elementor-element elementor-element-7181967 elementor-widget elementor-widget-spacer\" data-id=\"7181967\" data-element_type=\"widget\" data-e-type=\"widget\" data-widget_type=\"spacer.default\">\n\t\t\t\t<div class=\"elementor-widget-container\">\n\t\t\t\t\t\t\t<div class=\"elementor-spacer\">\n\t\t\t<div class=\"elementor-spacer-inner\"><\/div>\n\t\t<\/div>\n\t\t\t\t\t\t<\/div>\n\t\t\t\t<\/div>\n\t\t\t\t\t<\/div>\n\t\t<\/div>\n\t\t\t\t<div class=\"elementor-column elementor-col-50 elementor-top-column elementor-element elementor-element-82b271b\" data-id=\"82b271b\" data-element_type=\"column\" data-e-type=\"column\">\n\t\t\t<div class=\"elementor-widget-wrap\">\n\t\t\t\t\t\t\t<\/div>\n\t\t<\/div>\n\t\t\t\t\t<\/div>\n\t\t<\/section>\n\t\t<div class=\"elementor-element elementor-element-2eea426 e-flex e-con-boxed wpr-particle-no wpr-jarallax-no wpr-parallax-no wpr-sticky-section-no wpr-equal-height-no e-con e-parent\" data-id=\"2eea426\" data-element_type=\"container\" data-e-type=\"container\">\n\t\t\t\t\t<div class=\"e-con-inner\">\n\t\t\t\t<div class=\"elementor-element elementor-element-fb8ba0a elementor-posts--thumbnail-none elementor-grid-3 elementor-grid-tablet-2 elementor-grid-mobile-1 elementor-card-shadow-yes elementor-posts__hover-gradient elementor-widget elementor-widget-posts\" data-id=\"fb8ba0a\" data-element_type=\"widget\" data-e-type=\"widget\" data-settings=\"{&quot;cards_columns&quot;:&quot;3&quot;,&quot;cards_columns_tablet&quot;:&quot;2&quot;,&quot;cards_columns_mobile&quot;:&quot;1&quot;,&quot;cards_row_gap&quot;:{&quot;unit&quot;:&quot;px&quot;,&quot;size&quot;:35,&quot;sizes&quot;:[]},&quot;cards_row_gap_tablet&quot;:{&quot;unit&quot;:&quot;px&quot;,&quot;size&quot;:&quot;&quot;,&quot;sizes&quot;:[]},&quot;cards_row_gap_mobile&quot;:{&quot;unit&quot;:&quot;px&quot;,&quot;size&quot;:&quot;&quot;,&quot;sizes&quot;:[]}}\" data-widget_type=\"posts.cards\">\n\t\t\t\t<div class=\"elementor-widget-container\">\n\t\t\t\t\t\t\t<div class=\"elementor-posts-container elementor-posts elementor-posts--skin-cards elementor-grid\" role=\"list\">\n\t\t\t\t<article class=\"elementor-post elementor-grid-item post-3469 post type-post status-publish format-standard has-post-thumbnail hentry category-fahrplanabweichungen category-news\" role=\"listitem\">\n\t\t\t<div class=\"elementor-post__card\">\n\t\t\t\t<div class=\"elementor-post__text\">\n\t\t\t\t<h3 class=\"elementor-post__title\">\n\t\t\t<a href=\"https:\/\/vb-bachstein.de\/wolfsburg\/cs\/verdi-ruft-zum-streik-am-02-02-206-auf-wir-streiken-nicht\/\" >\n\t\t\t\tVarovn\u00e1 st\u00e1vka 20.04. a 21.04.2026 | N\u00e1s se to net\u00fdk\u00e1!\t\t\t<\/a>\n\t\t<\/h3>\n\t\t\t\t<div class=\"elementor-post__excerpt\">\n\t\t\t<p>Pro pond\u011bl\u00ed 20. a \u00fater\u00fd 21. dubna 2026 je op\u011bt p\u0159ipraven<\/p>\n\t\t<\/div>\n\t\t\n\t\t<a class=\"elementor-post__read-more\" href=\"https:\/\/vb-bachstein.de\/wolfsburg\/cs\/verdi-ruft-zum-streik-am-02-02-206-auf-wir-streiken-nicht\/\" aria-label=\"Read more about Warnstreik am 20.04. &amp; 21.04.2026 | Wir sind NICHT betroffen!\" tabindex=\"-1\" >\n\t\t\tP\u0159e\u010dt\u011bte si v\u00edce \"\t\t<\/a>\n\n\t\t\t\t<\/div>\n\t\t\t\t\t<\/div>\n\t\t<\/article>\n\t\t\t\t<article class=\"elementor-post elementor-grid-item post-3478 post type-post status-publish format-standard has-post-thumbnail hentry category-fahrplanabweichungen\" role=\"listitem\">\n\t\t\t<div class=\"elementor-post__card\">\n\t\t\t\t<div class=\"elementor-post__text\">\n\t\t\t\t<h3 class=\"elementor-post__title\">\n\t\t\t<a href=\"https:\/\/vb-bachstein.de\/wolfsburg\/cs\/linie-160-sperrung-vorsfelde-max-valentin-strasse-23-03-24-04-2026\/\" >\n\t\t\t\tLinka 160 | Uzav\u00edrka Vorsfelde, Max-Valentin-Stra\u00dfe: 23.03. - 24.04.2026\t\t\t<\/a>\n\t\t<\/h3>\n\t\t\t\t<div class=\"elementor-post__excerpt\">\n\t\t\t<p>Z d\u016fvodu rekonstrukce bude ulice Max-Valentin-Stra\u00dfe ve Vorsfelde v tomto obdob\u00ed uzav\u0159ena.<\/p>\n\t\t<\/div>\n\t\t\n\t\t<a class=\"elementor-post__read-more\" href=\"https:\/\/vb-bachstein.de\/wolfsburg\/cs\/linie-160-sperrung-vorsfelde-max-valentin-strasse-23-03-24-04-2026\/\" aria-label=\"Read more about Linie 160 | Sperrung Vorsfelde, Max-Valentin-Stra\u00dfe: 23.03. &#8211; 24.04.2026\" tabindex=\"-1\" >\n\t\t\tP\u0159e\u010dt\u011bte si v\u00edce \"\t\t<\/a>\n\n\t\t\t\t<\/div>\n\t\t\t\t\t<\/div>\n\t\t<\/article>\n\t\t\t\t<article class=\"elementor-post elementor-grid-item post-3454 post type-post status-publish format-standard has-post-thumbnail hentry category-fahrplanabweichungen\" role=\"listitem\">\n\t\t\t<div class=\"elementor-post__card\">\n\t\t\t\t<div class=\"elementor-post__text\">\n\t\t\t\t<h3 class=\"elementor-post__title\">\n\t\t\t<a href=\"https:\/\/vb-bachstein.de\/wolfsburg\/cs\/linie-335-sperrung-wolfsburg-rothenfelder-strasse-02-02-02-10-2026\/\" >\n\t\t\t\tLinka 335 | Uzav\u00edrka Wolfsburg, Rothenfelder Stra\u00dfe: 02.02. - 02.10.2026\t\t\t<\/a>\n\t\t<\/h3>\n\t\t\t\t<div class=\"elementor-post__excerpt\">\n\t\t\t<p>Z d\u016fvodu prac\u00ed na potrub\u00ed je ulice Rothenfelder Stra\u00dfe ve Wolfsburgu uzav\u0159ena od 1. \u010dervence do 31. srpna.<\/p>\n\t\t<\/div>\n\t\t\n\t\t<a class=\"elementor-post__read-more\" href=\"https:\/\/vb-bachstein.de\/wolfsburg\/cs\/linie-335-sperrung-wolfsburg-rothenfelder-strasse-02-02-02-10-2026\/\" aria-label=\"Read more about Linie 335 | Sperrung Wolfsburg, Rothenfelder Stra\u00dfe: 02.02. &#8211; 02.10.2026\" tabindex=\"-1\" >\n\t\t\tP\u0159e\u010dt\u011bte si v\u00edce \"\t\t<\/a>\n\n\t\t\t\t<\/div>\n\t\t\t\t\t<\/div>\n\t\t<\/article>\n\t\t\t\t<article class=\"elementor-post elementor-grid-item post-3428 post type-post status-publish format-standard has-post-thumbnail hentry category-fahrplanabweichungen\" role=\"listitem\">\n\t\t\t<div class=\"elementor-post__card\">\n\t\t\t\t<div class=\"elementor-post__text\">\n\t\t\t\t<h3 class=\"elementor-post__title\">\n\t\t\t<a href=\"https:\/\/vb-bachstein.de\/wolfsburg\/cs\/linien-151-153-163-und-165-sperrungen-der-b244-zwischen-suderwittingen-und-ohrdorf-06-10-2025-bis-auf-weiteres\/\" >\n\t\t\t\tTrat\u011b 151, 153, 163 a 165 | Uzav\u00edrka silnice B244 mezi Suderwittingenem a Ohrdorfem: 06.10.2025 a\u017e do odvol\u00e1n\u00ed\t\t\t<\/a>\n\t\t<\/h3>\n\t\t\t\t<div class=\"elementor-post__excerpt\">\n\t\t\t<p>Dal\u0161\u00ed etapa v\u00fdstavby: uzav\u00edrka mezi Suderwittingenem a Ohrdorfem Krom\u011b ji\u017e proveden\u00fdch prac\u00ed<\/p>\n\t\t<\/div>\n\t\t\n\t\t<a class=\"elementor-post__read-more\" href=\"https:\/\/vb-bachstein.de\/wolfsburg\/cs\/linien-151-153-163-und-165-sperrungen-der-b244-zwischen-suderwittingen-und-ohrdorf-06-10-2025-bis-auf-weiteres\/\" aria-label=\"Read more about Linien 151, 153, 163 und 165 | Sperrungen der B244 zwischen Suderwittingen und Ohrdorf: 06.10.2025 bis auf Weiteres\" tabindex=\"-1\" >\n\t\t\tP\u0159e\u010dt\u011bte si v\u00edce \"\t\t<\/a>\n\n\t\t\t\t<\/div>\n\t\t\t\t\t<\/div>\n\t\t<\/article>\n\t\t\t\t<\/div>\n\t\t\n\t\t\t\t\t\t<\/div>\n\t\t\t\t<\/div>\n\t\t\t\t\t<\/div>\n\t\t\t\t<\/div>\n\t\t<div class=\"elementor-element elementor-element-b774eb7 e-flex e-con-boxed wpr-particle-no wpr-jarallax-no wpr-parallax-no wpr-sticky-section-no wpr-equal-height-no e-con e-parent\" data-id=\"b774eb7\" data-element_type=\"container\" data-e-type=\"container\">\n\t\t\t\t\t<div class=\"e-con-inner\">\n\t\t\t\t<div class=\"elementor-element elementor-element-cca8ff5 elementor-widget elementor-widget-spacer\" data-id=\"cca8ff5\" data-element_type=\"widget\" data-e-type=\"widget\" data-widget_type=\"spacer.default\">\n\t\t\t\t<div class=\"elementor-widget-container\">\n\t\t\t\t\t\t\t<div class=\"elementor-spacer\">\n\t\t\t<div class=\"elementor-spacer-inner\"><\/div>\n\t\t<\/div>\n\t\t\t\t\t\t<\/div>\n\t\t\t\t<\/div>\n\t\t\t\t\t<\/div>\n\t\t\t\t<\/div>\n\t\t\t\t<\/div>","protected":false},"excerpt":{"rendered":"<p>PORUCHY PROUDU<\/p>","protected":false},"author":1,"featured_media":4083,"parent":408,"menu_order":9,"comment_status":"closed","ping_status":"closed","template":"","meta":{"footnotes":""},"class_list":["post-1323","page","type-page","status-publish","has-post-thumbnail","hentry"],"yoast_head":"<!-- This site is optimized with the Yoast SEO plugin v27.4 - https:\/\/yoast.com\/product\/yoast-seo-wordpress\/ -->\n<title>Aktuelle St\u00f6rungen - VB-Wolfsburg<\/title>\n<meta name=\"robots\" content=\"index, follow, max-snippet:-1, max-image-preview:large, max-video-preview:-1\" \/>\n<link rel=\"canonical\" href=\"https:\/\/vb-bachstein.de\/wolfsburg\/mobilita\/aktualni-poruchy\/\" \/>\n<meta property=\"og:locale\" content=\"cs_CZ\" \/>\n<meta property=\"og:type\" content=\"article\" \/>\n<meta property=\"og:title\" content=\"Aktuelle St\u00f6rungen - VB-Wolfsburg\" \/>\n<meta property=\"og:description\" content=\"AKTUELLE ST\u00d6RUNGEN\" \/>\n<meta property=\"og:url\" content=\"https:\/\/vb-bachstein.de\/wolfsburg\/mobilita\/aktualni-poruchy\/\" \/>\n<meta property=\"og:site_name\" content=\"VB-Wolfsburg\" \/>\n<meta property=\"article:modified_time\" content=\"2026-01-19T13:14:22+00:00\" \/>\n<meta name=\"twitter:card\" content=\"summary_large_image\" \/>\n<meta name=\"twitter:label1\" content=\"Odhadovan\u00e1 doba \u010dten\u00ed\" \/>\n\t<meta name=\"twitter:data1\" content=\"1 minuta\" \/>\n<script type=\"application\/ld+json\" class=\"yoast-schema-graph\">{\"@context\":\"https:\\\/\\\/schema.org\",\"@graph\":[{\"@type\":\"WebPage\",\"@id\":\"https:\\\/\\\/vb-bachstein.de\\\/wolfsburg\\\/mobilitaet\\\/aktuelle-stoerungen\\\/\",\"url\":\"https:\\\/\\\/vb-bachstein.de\\\/wolfsburg\\\/mobilitaet\\\/aktuelle-stoerungen\\\/\",\"name\":\"Aktuelle St\u00f6rungen - VB-Wolfsburg\",\"isPartOf\":{\"@id\":\"https:\\\/\\\/vb-bachstein.de\\\/wolfsburg\\\/#website\"},\"primaryImageOfPage\":{\"@id\":\"https:\\\/\\\/vb-bachstein.de\\\/wolfsburg\\\/mobilitaet\\\/aktuelle-stoerungen\\\/#primaryimage\"},\"image\":{\"@id\":\"https:\\\/\\\/vb-bachstein.de\\\/wolfsburg\\\/mobilitaet\\\/aktuelle-stoerungen\\\/#primaryimage\"},\"thumbnailUrl\":\"https:\\\/\\\/vb-bachstein.de\\\/wolfsburg\\\/wp-content\\\/uploads\\\/sites\\\/14\\\/header-subsites_vb-2.jpg\",\"datePublished\":\"2024-08-21T13:26:37+00:00\",\"dateModified\":\"2026-01-19T13:14:22+00:00\",\"breadcrumb\":{\"@id\":\"https:\\\/\\\/vb-bachstein.de\\\/wolfsburg\\\/mobilitaet\\\/aktuelle-stoerungen\\\/#breadcrumb\"},\"inLanguage\":\"cs\",\"potentialAction\":[{\"@type\":\"ReadAction\",\"target\":[\"https:\\\/\\\/vb-bachstein.de\\\/wolfsburg\\\/mobilitaet\\\/aktuelle-stoerungen\\\/\"]}]},{\"@type\":\"ImageObject\",\"inLanguage\":\"cs\",\"@id\":\"https:\\\/\\\/vb-bachstein.de\\\/wolfsburg\\\/mobilitaet\\\/aktuelle-stoerungen\\\/#primaryimage\",\"url\":\"https:\\\/\\\/vb-bachstein.de\\\/wolfsburg\\\/wp-content\\\/uploads\\\/sites\\\/14\\\/header-subsites_vb-2.jpg\",\"contentUrl\":\"https:\\\/\\\/vb-bachstein.de\\\/wolfsburg\\\/wp-content\\\/uploads\\\/sites\\\/14\\\/header-subsites_vb-2.jpg\"},{\"@type\":\"BreadcrumbList\",\"@id\":\"https:\\\/\\\/vb-bachstein.de\\\/wolfsburg\\\/mobilitaet\\\/aktuelle-stoerungen\\\/#breadcrumb\",\"itemListElement\":[{\"@type\":\"ListItem\",\"position\":1,\"name\":\"Startseite\",\"item\":\"https:\\\/\\\/vb-bachstein.de\\\/wolfsburg\\\/\"},{\"@type\":\"ListItem\",\"position\":2,\"name\":\"Mobilit\u00e4t\",\"item\":\"https:\\\/\\\/vb-bachstein.de\\\/wolfsburg\\\/mobilitaet\\\/\"},{\"@type\":\"ListItem\",\"position\":3,\"name\":\"Aktuelle St\u00f6rungen\"}]},{\"@type\":\"WebSite\",\"@id\":\"https:\\\/\\\/vb-bachstein.de\\\/wolfsburg\\\/#website\",\"url\":\"https:\\\/\\\/vb-bachstein.de\\\/wolfsburg\\\/\",\"name\":\"VB-Wolfsburg\",\"description\":\"\",\"publisher\":{\"@id\":\"https:\\\/\\\/vb-bachstein.de\\\/wolfsburg\\\/#organization\"},\"potentialAction\":[{\"@type\":\"SearchAction\",\"target\":{\"@type\":\"EntryPoint\",\"urlTemplate\":\"https:\\\/\\\/vb-bachstein.de\\\/wolfsburg\\\/?s={search_term_string}\"},\"query-input\":{\"@type\":\"PropertyValueSpecification\",\"valueRequired\":true,\"valueName\":\"search_term_string\"}}],\"inLanguage\":\"cs\"},{\"@type\":\"Organization\",\"@id\":\"https:\\\/\\\/vb-bachstein.de\\\/wolfsburg\\\/#organization\",\"name\":\"VB-Wolfsburg\",\"url\":\"https:\\\/\\\/vb-bachstein.de\\\/wolfsburg\\\/\",\"logo\":{\"@type\":\"ImageObject\",\"inLanguage\":\"cs\",\"@id\":\"https:\\\/\\\/vb-bachstein.de\\\/wolfsburg\\\/#\\\/schema\\\/logo\\\/image\\\/\",\"url\":\"https:\\\/\\\/vb-bachstein.de\\\/wolfsburg\\\/wp-content\\\/uploads\\\/sites\\\/14\\\/vb-bachstein_logo.svg\",\"contentUrl\":\"https:\\\/\\\/vb-bachstein.de\\\/wolfsburg\\\/wp-content\\\/uploads\\\/sites\\\/14\\\/vb-bachstein_logo.svg\",\"caption\":\"VB-Wolfsburg\"},\"image\":{\"@id\":\"https:\\\/\\\/vb-bachstein.de\\\/wolfsburg\\\/#\\\/schema\\\/logo\\\/image\\\/\"}}]}<\/script>\n<!-- \/ Yoast SEO plugin. -->","yoast_head_json":{"title":"Aktu\u00e1ln\u00ed poruchy - VB-Wolfsburg","robots":{"index":"index","follow":"follow","max-snippet":"max-snippet:-1","max-image-preview":"max-image-preview:large","max-video-preview":"max-video-preview:-1"},"canonical":"https:\/\/vb-bachstein.de\/wolfsburg\/mobilita\/aktualni-poruchy\/","og_locale":"cs_CZ","og_type":"article","og_title":"Aktuelle St\u00f6rungen - VB-Wolfsburg","og_description":"AKTUELLE ST\u00d6RUNGEN","og_url":"https:\/\/vb-bachstein.de\/wolfsburg\/mobilita\/aktualni-poruchy\/","og_site_name":"VB-Wolfsburg","article_modified_time":"2026-01-19T13:14:22+00:00","twitter_card":"summary_large_image","twitter_misc":{"Odhadovan\u00e1 doba \u010dten\u00ed":"1 minuta"},"schema":{"@context":"https:\/\/schema.org","@graph":[{"@type":"WebPage","@id":"https:\/\/vb-bachstein.de\/wolfsburg\/mobilitaet\/aktuelle-stoerungen\/","url":"https:\/\/vb-bachstein.de\/wolfsburg\/mobilitaet\/aktuelle-stoerungen\/","name":"Aktu\u00e1ln\u00ed poruchy - VB-Wolfsburg","isPartOf":{"@id":"https:\/\/vb-bachstein.de\/wolfsburg\/#website"},"primaryImageOfPage":{"@id":"https:\/\/vb-bachstein.de\/wolfsburg\/mobilitaet\/aktuelle-stoerungen\/#primaryimage"},"image":{"@id":"https:\/\/vb-bachstein.de\/wolfsburg\/mobilitaet\/aktuelle-stoerungen\/#primaryimage"},"thumbnailUrl":"https:\/\/vb-bachstein.de\/wolfsburg\/wp-content\/uploads\/sites\/14\/header-subsites_vb-2.jpg","datePublished":"2024-08-21T13:26:37+00:00","dateModified":"2026-01-19T13:14:22+00:00","breadcrumb":{"@id":"https:\/\/vb-bachstein.de\/wolfsburg\/mobilitaet\/aktuelle-stoerungen\/#breadcrumb"},"inLanguage":"cs","potentialAction":[{"@type":"ReadAction","target":["https:\/\/vb-bachstein.de\/wolfsburg\/mobilitaet\/aktuelle-stoerungen\/"]}]},{"@type":"ImageObject","inLanguage":"cs","@id":"https:\/\/vb-bachstein.de\/wolfsburg\/mobilitaet\/aktuelle-stoerungen\/#primaryimage","url":"https:\/\/vb-bachstein.de\/wolfsburg\/wp-content\/uploads\/sites\/14\/header-subsites_vb-2.jpg","contentUrl":"https:\/\/vb-bachstein.de\/wolfsburg\/wp-content\/uploads\/sites\/14\/header-subsites_vb-2.jpg"},{"@type":"BreadcrumbList","@id":"https:\/\/vb-bachstein.de\/wolfsburg\/mobilitaet\/aktuelle-stoerungen\/#breadcrumb","itemListElement":[{"@type":"ListItem","position":1,"name":"Startseite","item":"https:\/\/vb-bachstein.de\/wolfsburg\/"},{"@type":"ListItem","position":2,"name":"Mobilit\u00e4t","item":"https:\/\/vb-bachstein.de\/wolfsburg\/mobilitaet\/"},{"@type":"ListItem","position":3,"name":"Aktuelle St\u00f6rungen"}]},{"@type":"WebSite","@id":"https:\/\/vb-bachstein.de\/wolfsburg\/#website","url":"https:\/\/vb-bachstein.de\/wolfsburg\/","name":"VB-Wolfsburg","description":"","publisher":{"@id":"https:\/\/vb-bachstein.de\/wolfsburg\/#organization"},"potentialAction":[{"@type":"SearchAction","target":{"@type":"EntryPoint","urlTemplate":"https:\/\/vb-bachstein.de\/wolfsburg\/?s={search_term_string}"},"query-input":{"@type":"PropertyValueSpecification","valueRequired":true,"valueName":"search_term_string"}}],"inLanguage":"cs"},{"@type":"Organization","@id":"https:\/\/vb-bachstein.de\/wolfsburg\/#organization","name":"VB-Wolfsburg","url":"https:\/\/vb-bachstein.de\/wolfsburg\/","logo":{"@type":"ImageObject","inLanguage":"cs","@id":"https:\/\/vb-bachstein.de\/wolfsburg\/#\/schema\/logo\/image\/","url":"https:\/\/vb-bachstein.de\/wolfsburg\/wp-content\/uploads\/sites\/14\/vb-bachstein_logo.svg","contentUrl":"https:\/\/vb-bachstein.de\/wolfsburg\/wp-content\/uploads\/sites\/14\/vb-bachstein_logo.svg","caption":"VB-Wolfsburg"},"image":{"@id":"https:\/\/vb-bachstein.de\/wolfsburg\/#\/schema\/logo\/image\/"}}]}},"_links":{"self":[{"href":"https:\/\/vb-bachstein.de\/wolfsburg\/cs\/wp-json\/wp\/v2\/pages\/1323","targetHints":{"allow":["GET"]}}],"collection":[{"href":"https:\/\/vb-bachstein.de\/wolfsburg\/cs\/wp-json\/wp\/v2\/pages"}],"about":[{"href":"https:\/\/vb-bachstein.de\/wolfsburg\/cs\/wp-json\/wp\/v2\/types\/page"}],"author":[{"embeddable":true,"href":"https:\/\/vb-bachstein.de\/wolfsburg\/cs\/wp-json\/wp\/v2\/users\/1"}],"replies":[{"embeddable":true,"href":"https:\/\/vb-bachstein.de\/wolfsburg\/cs\/wp-json\/wp\/v2\/comments?post=1323"}],"version-history":[{"count":0,"href":"https:\/\/vb-bachstein.de\/wolfsburg\/cs\/wp-json\/wp\/v2\/pages\/1323\/revisions"}],"up":[{"embeddable":true,"href":"https:\/\/vb-bachstein.de\/wolfsburg\/cs\/wp-json\/wp\/v2\/pages\/408"}],"wp:featuredmedia":[{"embeddable":true,"href":"https:\/\/vb-bachstein.de\/wolfsburg\/cs\/wp-json\/"}],"wp:attachment":[{"href":"https:\/\/vb-bachstein.de\/wolfsburg\/cs\/wp-json\/wp\/v2\/media?parent=1323"}],"curies":[{"name":"wp","href":"https:\/\/api.w.org\/{rel}","templated":true}]}}