{"id":361,"date":"2023-07-18T09:58:18","date_gmt":"2023-07-18T07:58:18","guid":{"rendered":"https:\/\/kvg-bus.de\/vb-master\/?page_id=361"},"modified":"2026-03-24T10:37:47","modified_gmt":"2026-03-24T09:37:47","slug":"plany-jazdy","status":"publish","type":"page","link":"https:\/\/vb-bachstein.de\/salzgitter\/pl\/fahrplaene\/","title":{"rendered":"Rozk\u0142ady jazdy"},"content":{"rendered":"\t\t<div data-elementor-type=\"wp-page\" data-elementor-id=\"361\" class=\"elementor elementor-361\" data-elementor-post-type=\"page\">\n\t\t\t\t\t\t<section class=\"elementor-section elementor-top-section elementor-element elementor-element-b776ad2 elementor-section-boxed elementor-section-height-default elementor-section-height-default wpr-particle-no wpr-jarallax-no wpr-parallax-no wpr-sticky-section-no wpr-equal-height-no\" data-id=\"b776ad2\" data-element_type=\"section\" data-e-type=\"section\">\n\t\t\t\t\t\t<div class=\"elementor-container elementor-column-gap-default\">\n\t\t\t\t\t<div class=\"elementor-column elementor-col-50 elementor-top-column elementor-element elementor-element-be2a2cf\" data-id=\"be2a2cf\" data-element_type=\"column\" data-e-type=\"column\">\n\t\t\t<div class=\"elementor-widget-wrap elementor-element-populated\">\n\t\t\t\t\t\t<div class=\"elementor-element elementor-element-6dd07f0 elementor-widget elementor-widget-heading\" data-id=\"6dd07f0\" data-element_type=\"widget\" data-e-type=\"widget\" data-widget_type=\"heading.default\">\n\t\t\t\t<div class=\"elementor-widget-container\">\n\t\t\t\t\t<h2 class=\"elementor-heading-title elementor-size-default\">FAHRPL\u00c4NE<\/h2>\t\t\t\t<\/div>\n\t\t\t\t<\/div>\n\t\t\t\t\t<\/div>\n\t\t<\/div>\n\t\t\t\t<div class=\"elementor-column elementor-col-50 elementor-top-column elementor-element elementor-element-13a2ad2\" data-id=\"13a2ad2\" data-element_type=\"column\" data-e-type=\"column\">\n\t\t\t<div class=\"elementor-widget-wrap\">\n\t\t\t\t\t\t\t<\/div>\n\t\t<\/div>\n\t\t\t\t\t<\/div>\n\t\t<\/section>\n\t\t\t\t<section class=\"elementor-section elementor-top-section elementor-element elementor-element-6869ec8 elementor-section-boxed elementor-section-height-default elementor-section-height-default wpr-particle-no wpr-jarallax-no wpr-parallax-no wpr-sticky-section-no wpr-equal-height-no\" data-id=\"6869ec8\" data-element_type=\"section\" data-e-type=\"section\">\n\t\t\t\t\t\t<div class=\"elementor-container elementor-column-gap-default\">\n\t\t\t\t\t<div class=\"elementor-column elementor-col-50 elementor-top-column elementor-element elementor-element-3d6bc72\" data-id=\"3d6bc72\" data-element_type=\"column\" data-e-type=\"column\">\n\t\t\t<div class=\"elementor-widget-wrap elementor-element-populated\">\n\t\t\t\t\t\t<div class=\"elementor-element elementor-element-1490823 elementor-widget elementor-widget-text-editor\" data-id=\"1490823\" data-element_type=\"widget\" data-e-type=\"widget\" data-widget_type=\"text-editor.default\">\n\t\t\t\t<div class=\"elementor-widget-container\">\n\t\t\t\t\t\t\t\t\t<p><strong>Wann f\u00e4hrt mein Bus:<\/strong> Alle Fahrpl\u00e4ne in unserem Verkehrsgebiet im \u00dcberblick.<\/p>\t\t\t\t\t\t\t\t<\/div>\n\t\t\t\t<\/div>\n\t\t\t\t<div class=\"elementor-element elementor-element-565f85b elementor-search-form--button-type-text elementor-search-form--skin-classic elementor-widget elementor-widget-search_form_fahrplanabweichungen\" data-id=\"565f85b\" data-element_type=\"widget\" data-e-type=\"widget\" data-settings=\"{&quot;skin&quot;:&quot;classic&quot;}\" data-widget_type=\"search_form_fahrplanabweichungen.default\">\n\t\t\t\t<div class=\"elementor-widget-container\">\n\t\t\t\t\t        <form class=\"elementor-search-form\" role=\"search\" action=\"https:\/\/vb-bachstein.de\/salzgitter\/pl\" method=\"get\">\r\n                                    <div class=\"elementor-search-form__container\">\r\n                                <input placeholder=\"Linie\" class=\"elementor-search-form__input\" type=\"search\" name=\"s\" title=\"Szukaj\" value=\"\">\r\n                <input type=\"hidden\" name=\"post_type\" value=\"post\">\r\n                <input type=\"hidden\" name=\"category_name\" value=\"fahrplanabweichungen\">\r\n                                                    <button class=\"elementor-search-form__submit\" type=\"submit\" title=\"Szukaj\" aria-label=\"Szukaj\">\r\n                                                    FAHRPLAN SUCHEN                                            <\/button>\r\n                                            <\/div>\r\n        <\/form>\r\n        \t\t\t\t<\/div>\n\t\t\t\t<\/div>\n\t\t\t\t<div class=\"elementor-element elementor-element-d5b8d43 elementor-icon-list--layout-traditional elementor-list-item-link-full_width elementor-widget elementor-widget-icon-list\" data-id=\"d5b8d43\" data-element_type=\"widget\" data-e-type=\"widget\" data-widget_type=\"icon-list.default\">\n\t\t\t\t<div class=\"elementor-widget-container\">\n\t\t\t\t\t\t\t<ul class=\"elementor-icon-list-items\">\n\t\t\t\t\t\t\t<li class=\"elementor-icon-list-item\">\n\t\t\t\t\t\t\t\t\t\t\t<a href=\"https:\/\/vb-bachstein.de\/hornburg\/mobilitaet\/rufmobil-hornburg\/\" target=\"_blank\">\n\n\t\t\t\t\t\t\t\t\t\t\t\t<span class=\"elementor-icon-list-icon\">\n\t\t\t\t\t\t\t\t\t\t\t\t\t<\/span>\n\t\t\t\t\t\t\t\t\t\t<span class=\"elementor-icon-list-text\">= RufMobil<\/span>\n\t\t\t\t\t\t\t\t\t\t\t<\/a>\n\t\t\t\t\t\t\t\t\t<\/li>\n\t\t\t\t\t\t<\/ul>\n\t\t\t\t\t\t<\/div>\n\t\t\t\t<\/div>\n\t\t\t\t\t<\/div>\n\t\t<\/div>\n\t\t\t\t<div class=\"elementor-column elementor-col-50 elementor-top-column elementor-element elementor-element-c996b2a\" data-id=\"c996b2a\" data-element_type=\"column\" data-e-type=\"column\">\n\t\t\t<div class=\"elementor-widget-wrap\">\n\t\t\t\t\t\t\t<\/div>\n\t\t<\/div>\n\t\t\t\t\t<\/div>\n\t\t<\/section>\n\t\t<div class=\"elementor-element elementor-element-f6ed16b e-flex e-con-boxed wpr-particle-no wpr-jarallax-no wpr-parallax-no wpr-sticky-section-no wpr-equal-height-no e-con e-parent\" data-id=\"f6ed16b\" data-element_type=\"container\" data-e-type=\"container\">\n\t\t\t\t\t<div class=\"e-con-inner\">\n\t\t\t\t<div class=\"elementor-element elementor-element-327f898 elementor-widget elementor-widget-spacer\" data-id=\"327f898\" data-element_type=\"widget\" data-e-type=\"widget\" data-widget_type=\"spacer.default\">\n\t\t\t\t<div class=\"elementor-widget-container\">\n\t\t\t\t\t\t\t<div class=\"elementor-spacer\">\n\t\t\t<div class=\"elementor-spacer-inner\"><\/div>\n\t\t<\/div>\n\t\t\t\t\t\t<\/div>\n\t\t\t\t<\/div>\n\t\t\t\t<div class=\"elementor-element elementor-element-784bbea elementor-widget elementor-widget-heading\" data-id=\"784bbea\" data-element_type=\"widget\" data-e-type=\"widget\" data-widget_type=\"heading.default\">\n\t\t\t\t<div class=\"elementor-widget-container\">\n\t\t\t\t\t<h3 class=\"elementor-heading-title elementor-size-default\">Region Salzgitter - Baddeckenstedt<\/h3>\t\t\t\t<\/div>\n\t\t\t\t<\/div>\n\t\t\t\t<div class=\"elementor-element elementor-element-13a0946 elementor-widget elementor-widget-menu-anchor\" data-id=\"13a0946\" data-element_type=\"widget\" data-e-type=\"widget\" data-widget_type=\"menu-anchor.default\">\n\t\t\t\t<div class=\"elementor-widget-container\">\n\t\t\t\t\t\t\t<div class=\"elementor-menu-anchor\" id=\"FahrplneSalzgitter\"><\/div>\n\t\t\t\t\t\t<\/div>\n\t\t\t\t<\/div>\n\t\t\t\t\t<\/div>\n\t\t\t\t<\/div>\n\t\t\t\t<section class=\"elementor-section elementor-top-section elementor-element elementor-element-c4e3793 elementor-section-boxed elementor-section-height-default elementor-section-height-default wpr-particle-no wpr-jarallax-no wpr-parallax-no wpr-sticky-section-no wpr-equal-height-no\" data-id=\"c4e3793\" data-element_type=\"section\" data-e-type=\"section\" data-settings=\"{&quot;background_background&quot;:&quot;classic&quot;}\">\n\t\t\t\t\t\t<div class=\"elementor-container elementor-column-gap-default\">\n\t\t\t\t\t<div class=\"elementor-column elementor-col-100 elementor-top-column elementor-element elementor-element-a0e196c\" data-id=\"a0e196c\" data-element_type=\"column\" data-e-type=\"column\" data-settings=\"{&quot;background_background&quot;:&quot;classic&quot;}\">\n\t\t\t<div class=\"elementor-widget-wrap elementor-element-populated\">\n\t\t\t\t\t\t<div class=\"elementor-element elementor-element-fdf9099 elementor-widget elementor-widget-menu-anchor\" data-id=\"fdf9099\" data-element_type=\"widget\" data-e-type=\"widget\" data-widget_type=\"menu-anchor.default\">\n\t\t\t\t<div class=\"elementor-widget-container\">\n\t\t\t\t\t\t\t<div class=\"elementor-menu-anchor\" id=\"Linie656\"><\/div>\n\t\t\t\t\t\t<\/div>\n\t\t\t\t<\/div>\n\t\t\t\t<div class=\"elementor-element elementor-element-0471e57 elementor-widget__width-initial elementor-widget elementor-widget-icon-box\" data-id=\"0471e57\" data-element_type=\"widget\" data-e-type=\"widget\" data-widget_type=\"icon-box.default\">\n\t\t\t\t<div class=\"elementor-widget-container\">\n\t\t\t\t\t\t\t<div class=\"elementor-icon-box-wrapper\">\n\n\t\t\t\n\t\t\t\t\t\t<div class=\"elementor-icon-box-content\">\n\n\t\t\t\t\t\t\t\t\t<h3 class=\"elementor-icon-box-title\">\n\t\t\t\t\t\t<a href=\"#\" >\n\t\t\t\t\t\t\t 656 | Baddeckenstedt - Heere - Sehlde - Salzgitter-Bad \t\t\t\t\t\t<\/a>\n\t\t\t\t\t<\/h3>\n\t\t\t\t\n\t\t\t\t\n\t\t\t<\/div>\n\t\t\t\n\t\t<\/div>\n\t\t            <style>\r\n                .elementor-element-0471e57 .elementor-icon-box-title a::after {\r\n                    content: \"\";\r\n                    display: inline-block;\r\n                    width: 40px;\r\n                    height: 40px;\r\n                    float: right;\r\n                    background-image: url('https:\/\/vb-bachstein.de\/salzgitter\/wp-content\/uploads\/sites\/14\/icon_rufmobil-1-1.svg');\r\n                    background-size: cover;\r\n                    margin-left: 10px;\r\n                }\r\n\r\n\r\n            <\/style>\r\n            \t\t\t\t<\/div>\n\t\t\t\t<\/div>\n\t\t\t\t<div class=\"elementor-element elementor-element-7471279 elementor-widget__width-initial elementor-icon-list--layout-traditional elementor-list-item-link-full_width elementor-widget elementor-widget-icon-list\" data-id=\"7471279\" data-element_type=\"widget\" data-e-type=\"widget\" data-widget_type=\"icon-list.default\">\n\t\t\t\t<div class=\"elementor-widget-container\">\n\t\t\t\t\t\t\t<ul class=\"elementor-icon-list-items\">\n\t\t\t\t\t\t\t<li class=\"elementor-icon-list-item\">\n\t\t\t\t\t\t\t\t\t\t\t<a href=\"https:\/\/vb-bachstein.de\/salzgitter\/wp-content\/uploads\/sites\/14\/656_250810_F.pdf\" target=\"_blank\">\n\n\t\t\t\t\t\t\t\t\t\t\t\t<span class=\"elementor-icon-list-icon\">\n\t\t\t\t\t\t\t<i aria-hidden=\"true\" class=\"fas fa-file-pdf\"><\/i>\t\t\t\t\t\t<\/span>\n\t\t\t\t\t\t\t\t\t\t<span class=\"elementor-icon-list-text\">Fahrplan<\/span>\n\t\t\t\t\t\t\t\t\t\t\t<\/a>\n\t\t\t\t\t\t\t\t\t<\/li>\n\t\t\t\t\t\t\t\t<li class=\"elementor-icon-list-item\">\n\t\t\t\t\t\t\t\t\t\t\t<a href=\"https:\/\/vb-bachstein.de\/salzgitter\/wp-content\/uploads\/sites\/14\/656_260302_BFP.pdf\" target=\"_blank\">\n\n\t\t\t\t\t\t\t\t\t\t\t\t<span class=\"elementor-icon-list-icon\">\n\t\t\t\t\t\t\t<i aria-hidden=\"true\" class=\"fas fa-file-pdf\"><\/i>\t\t\t\t\t\t<\/span>\n\t\t\t\t\t\t\t\t\t\t<span class=\"elementor-icon-list-text\">Baustellenfahrplan: ab 02.03.2026 <\/span>\n\t\t\t\t\t\t\t\t\t\t\t<\/a>\n\t\t\t\t\t\t\t\t\t<\/li>\n\t\t\t\t\t\t<\/ul>\n\t\t\t\t\t\t<\/div>\n\t\t\t\t<\/div>\n\t\t\t\t<div class=\"elementor-element elementor-element-9ddf261 elementor-grid-1 elementor-posts--thumbnail-none elementor-grid-tablet-2 elementor-grid-mobile-1 elementor-widget elementor-widget-posts\" data-id=\"9ddf261\" data-element_type=\"widget\" data-e-type=\"widget\" data-settings=\"{&quot;classic_columns&quot;:&quot;1&quot;,&quot;classic_row_gap&quot;:{&quot;unit&quot;:&quot;px&quot;,&quot;size&quot;:&quot;10&quot;,&quot;sizes&quot;:[]},&quot;classic_columns_tablet&quot;:&quot;2&quot;,&quot;classic_columns_mobile&quot;:&quot;1&quot;,&quot;classic_row_gap_tablet&quot;:{&quot;unit&quot;:&quot;px&quot;,&quot;size&quot;:&quot;&quot;,&quot;sizes&quot;:[]},&quot;classic_row_gap_mobile&quot;:{&quot;unit&quot;:&quot;px&quot;,&quot;size&quot;:&quot;&quot;,&quot;sizes&quot;:[]}}\" data-widget_type=\"posts.classic\">\n\t\t\t\t<div class=\"elementor-widget-container\">\n\t\t\t\t\t\t\t<div class=\"elementor-posts-container elementor-posts elementor-posts--skin-classic elementor-grid\" role=\"list\">\n\t\t\t\t<article class=\"elementor-post elementor-grid-item post-3374 post type-post status-publish format-standard has-post-thumbnail hentry category-fahrplanabweichungen\" role=\"listitem\">\n\t\t\t\t<div class=\"elementor-post__text\">\n\t\t\t\t<h3 class=\"elementor-post__title\">\n\t\t\t<a href=\"https:\/\/vb-bachstein.de\/salzgitter\/pl\/linie-656-sperrung-l498-zwischen-ringelheim-und-sehlde-ab-14-08-2025-bis-auf-weiteres\/\" >\n\t\t\t\tLinie 656 | Sperrung L498, zwischen Ringelheim und Sehlde: ab 14.08.2025 bis auf Weiteres\t\t\t<\/a>\n\t\t<\/h3>\n\t\t\t\t<\/div>\n\t\t\t\t<\/article>\n\t\t\t\t<\/div>\n\t\t\n\t\t\t\t\t\t<\/div>\n\t\t\t\t<\/div>\n\t\t\t\t<div class=\"elementor-element elementor-element-0a96521 elementor-widget elementor-widget-spacer\" data-id=\"0a96521\" data-element_type=\"widget\" data-e-type=\"widget\" data-widget_type=\"spacer.default\">\n\t\t\t\t<div class=\"elementor-widget-container\">\n\t\t\t\t\t\t\t<div class=\"elementor-spacer\">\n\t\t\t<div class=\"elementor-spacer-inner\"><\/div>\n\t\t<\/div>\n\t\t\t\t\t\t<\/div>\n\t\t\t\t<\/div>\n\t\t\t\t\t<\/div>\n\t\t<\/div>\n\t\t\t\t\t<\/div>\n\t\t<\/section>\n\t\t\t\t<section class=\"elementor-section elementor-top-section elementor-element elementor-element-cc87c3c elementor-section-boxed elementor-section-height-default elementor-section-height-default wpr-particle-no wpr-jarallax-no wpr-parallax-no wpr-sticky-section-no wpr-equal-height-no\" data-id=\"cc87c3c\" data-element_type=\"section\" data-e-type=\"section\" data-settings=\"{&quot;background_background&quot;:&quot;classic&quot;}\">\n\t\t\t\t\t\t<div class=\"elementor-container elementor-column-gap-default\">\n\t\t\t\t\t<div class=\"elementor-column elementor-col-100 elementor-top-column elementor-element elementor-element-b086cad\" data-id=\"b086cad\" data-element_type=\"column\" data-e-type=\"column\" data-settings=\"{&quot;background_background&quot;:&quot;classic&quot;}\">\n\t\t\t<div class=\"elementor-widget-wrap elementor-element-populated\">\n\t\t\t\t\t\t<div class=\"elementor-element elementor-element-c4715d8 elementor-widget elementor-widget-menu-anchor\" data-id=\"c4715d8\" data-element_type=\"widget\" data-e-type=\"widget\" data-widget_type=\"menu-anchor.default\">\n\t\t\t\t<div class=\"elementor-widget-container\">\n\t\t\t\t\t\t\t<div class=\"elementor-menu-anchor\" id=\"Linie658\"><\/div>\n\t\t\t\t\t\t<\/div>\n\t\t\t\t<\/div>\n\t\t\t\t<div class=\"elementor-element elementor-element-a381184 elementor-widget__width-initial elementor-widget elementor-widget-icon-box\" data-id=\"a381184\" data-element_type=\"widget\" data-e-type=\"widget\" data-widget_type=\"icon-box.default\">\n\t\t\t\t<div class=\"elementor-widget-container\">\n\t\t\t\t\t\t\t<div class=\"elementor-icon-box-wrapper\">\n\n\t\t\t\n\t\t\t\t\t\t<div class=\"elementor-icon-box-content\">\n\n\t\t\t\t\t\t\t\t\t<h3 class=\"elementor-icon-box-title\">\n\t\t\t\t\t\t<a href=\"#\" >\n\t\t\t\t\t\t\t 658 | (Westerlinde) - Berel - Hohenassel - Baddeckenstedt \t\t\t\t\t\t<\/a>\n\t\t\t\t\t<\/h3>\n\t\t\t\t\n\t\t\t\t\n\t\t\t<\/div>\n\t\t\t\n\t\t<\/div>\n\t\t\t\t\t\t<\/div>\n\t\t\t\t<\/div>\n\t\t\t\t<div class=\"elementor-element elementor-element-d5caa90 elementor-widget__width-initial elementor-icon-list--layout-traditional elementor-list-item-link-full_width elementor-widget elementor-widget-icon-list\" data-id=\"d5caa90\" data-element_type=\"widget\" data-e-type=\"widget\" data-widget_type=\"icon-list.default\">\n\t\t\t\t<div class=\"elementor-widget-container\">\n\t\t\t\t\t\t\t<ul class=\"elementor-icon-list-items\">\n\t\t\t\t\t\t\t<li class=\"elementor-icon-list-item\">\n\t\t\t\t\t\t\t\t\t\t\t<a href=\"https:\/\/vb-bachstein.de\/salzgitter\/wp-content\/uploads\/sites\/14\/658_260413_FP-1.pdf\" target=\"_blank\">\n\n\t\t\t\t\t\t\t\t\t\t\t\t<span class=\"elementor-icon-list-icon\">\n\t\t\t\t\t\t\t<i aria-hidden=\"true\" class=\"fas fa-file-pdf\"><\/i>\t\t\t\t\t\t<\/span>\n\t\t\t\t\t\t\t\t\t\t<span class=\"elementor-icon-list-text\">Fahrplan<\/span>\n\t\t\t\t\t\t\t\t\t\t\t<\/a>\n\t\t\t\t\t\t\t\t\t<\/li>\n\t\t\t\t\t\t\t\t<li class=\"elementor-icon-list-item\">\n\t\t\t\t\t\t\t\t\t\t\t<a href=\"https:\/\/vb-bachstein.de\/salzgitter\/wp-content\/uploads\/sites\/14\/658_260302-_BFP.pdf\" target=\"_blank\">\n\n\t\t\t\t\t\t\t\t\t\t\t\t<span class=\"elementor-icon-list-icon\">\n\t\t\t\t\t\t\t<i aria-hidden=\"true\" class=\"fas fa-file-pdf\"><\/i>\t\t\t\t\t\t<\/span>\n\t\t\t\t\t\t\t\t\t\t<span class=\"elementor-icon-list-text\">Baustellenfahrplan (Vollsperrung K76): ab 02.03.2026<\/span>\n\t\t\t\t\t\t\t\t\t\t\t<\/a>\n\t\t\t\t\t\t\t\t\t<\/li>\n\t\t\t\t\t\t<\/ul>\n\t\t\t\t\t\t<\/div>\n\t\t\t\t<\/div>\n\t\t\t\t<div class=\"elementor-element elementor-element-0b43526 elementor-widget elementor-widget-spacer\" data-id=\"0b43526\" data-element_type=\"widget\" data-e-type=\"widget\" data-widget_type=\"spacer.default\">\n\t\t\t\t<div class=\"elementor-widget-container\">\n\t\t\t\t\t\t\t<div class=\"elementor-spacer\">\n\t\t\t<div class=\"elementor-spacer-inner\"><\/div>\n\t\t<\/div>\n\t\t\t\t\t\t<\/div>\n\t\t\t\t<\/div>\n\t\t\t\t\t<\/div>\n\t\t<\/div>\n\t\t\t\t\t<\/div>\n\t\t<\/section>\n\t\t\t\t<section class=\"elementor-section elementor-top-section elementor-element elementor-element-07baa1f elementor-section-boxed elementor-section-height-default elementor-section-height-default wpr-particle-no wpr-jarallax-no wpr-parallax-no wpr-sticky-section-no wpr-equal-height-no\" data-id=\"07baa1f\" data-element_type=\"section\" data-e-type=\"section\" data-settings=\"{&quot;background_background&quot;:&quot;classic&quot;}\">\n\t\t\t\t\t\t<div class=\"elementor-container elementor-column-gap-default\">\n\t\t\t\t\t<div class=\"elementor-column elementor-col-100 elementor-top-column elementor-element elementor-element-affcace\" data-id=\"affcace\" data-element_type=\"column\" data-e-type=\"column\" data-settings=\"{&quot;background_background&quot;:&quot;classic&quot;}\">\n\t\t\t<div class=\"elementor-widget-wrap elementor-element-populated\">\n\t\t\t\t\t\t<div class=\"elementor-element elementor-element-acc0438 elementor-widget elementor-widget-menu-anchor\" data-id=\"acc0438\" data-element_type=\"widget\" data-e-type=\"widget\" data-widget_type=\"menu-anchor.default\">\n\t\t\t\t<div class=\"elementor-widget-container\">\n\t\t\t\t\t\t\t<div class=\"elementor-menu-anchor\" id=\"Linie660\"><\/div>\n\t\t\t\t\t\t<\/div>\n\t\t\t\t<\/div>\n\t\t\t\t<div class=\"elementor-element elementor-element-707937e elementor-widget__width-initial elementor-widget elementor-widget-icon-box\" data-id=\"707937e\" data-element_type=\"widget\" data-e-type=\"widget\" data-widget_type=\"icon-box.default\">\n\t\t\t\t<div class=\"elementor-widget-container\">\n\t\t\t\t\t\t\t<div class=\"elementor-icon-box-wrapper\">\n\n\t\t\t\n\t\t\t\t\t\t<div class=\"elementor-icon-box-content\">\n\n\t\t\t\t\t\t\t\t\t<h3 class=\"elementor-icon-box-title\">\n\t\t\t\t\t\t<a href=\"#\" >\n\t\t\t\t\t\t\t 660 | Baddeckenstedt - Gr.Elbe - Steinlah - Salzgitter-Bad \t\t\t\t\t\t<\/a>\n\t\t\t\t\t<\/h3>\n\t\t\t\t\n\t\t\t\t\n\t\t\t<\/div>\n\t\t\t\n\t\t<\/div>\n\t\t            <style>\r\n                .elementor-element-707937e .elementor-icon-box-title a::after {\r\n                    content: \"\";\r\n                    display: inline-block;\r\n                    width: 40px;\r\n                    height: 40px;\r\n                    float: right;\r\n                    background-image: url('https:\/\/vb-bachstein.de\/salzgitter\/wp-content\/uploads\/sites\/14\/icon_rufmobil-1-1.svg');\r\n                    background-size: cover;\r\n                    margin-left: 10px;\r\n                }\r\n\r\n\r\n            <\/style>\r\n            \t\t\t\t<\/div>\n\t\t\t\t<\/div>\n\t\t\t\t<div class=\"elementor-element elementor-element-0294785 elementor-widget__width-initial elementor-icon-list--layout-traditional elementor-list-item-link-full_width elementor-widget elementor-widget-icon-list\" data-id=\"0294785\" data-element_type=\"widget\" data-e-type=\"widget\" data-widget_type=\"icon-list.default\">\n\t\t\t\t<div class=\"elementor-widget-container\">\n\t\t\t\t\t\t\t<ul class=\"elementor-icon-list-items\">\n\t\t\t\t\t\t\t<li class=\"elementor-icon-list-item\">\n\t\t\t\t\t\t\t\t\t\t\t<a href=\"https:\/\/vb-bachstein.de\/salzgitter\/wp-content\/uploads\/sites\/14\/660_260302_FP.pdf\" target=\"_blank\">\n\n\t\t\t\t\t\t\t\t\t\t\t\t<span class=\"elementor-icon-list-icon\">\n\t\t\t\t\t\t\t<i aria-hidden=\"true\" class=\"fas fa-file-pdf\"><\/i>\t\t\t\t\t\t<\/span>\n\t\t\t\t\t\t\t\t\t\t<span class=\"elementor-icon-list-text\">Fahrplan<\/span>\n\t\t\t\t\t\t\t\t\t\t\t<\/a>\n\t\t\t\t\t\t\t\t\t<\/li>\n\t\t\t\t\t\t<\/ul>\n\t\t\t\t\t\t<\/div>\n\t\t\t\t<\/div>\n\t\t\t\t<div class=\"elementor-element elementor-element-2710e3b elementor-widget elementor-widget-spacer\" data-id=\"2710e3b\" data-element_type=\"widget\" data-e-type=\"widget\" data-widget_type=\"spacer.default\">\n\t\t\t\t<div class=\"elementor-widget-container\">\n\t\t\t\t\t\t\t<div class=\"elementor-spacer\">\n\t\t\t<div class=\"elementor-spacer-inner\"><\/div>\n\t\t<\/div>\n\t\t\t\t\t\t<\/div>\n\t\t\t\t<\/div>\n\t\t\t\t\t<\/div>\n\t\t<\/div>\n\t\t\t\t\t<\/div>\n\t\t<\/section>\n\t\t<div class=\"elementor-element elementor-element-d3ca50f e-flex e-con-boxed wpr-particle-no wpr-jarallax-no wpr-parallax-no wpr-sticky-section-no wpr-equal-height-no e-con e-parent\" data-id=\"d3ca50f\" data-element_type=\"container\" data-e-type=\"container\">\n\t\t\t\t\t<div class=\"e-con-inner\">\n\t\t\t\t<div class=\"elementor-element elementor-element-60aee11 elementor-widget elementor-widget-spacer\" data-id=\"60aee11\" data-element_type=\"widget\" data-e-type=\"widget\" data-widget_type=\"spacer.default\">\n\t\t\t\t<div class=\"elementor-widget-container\">\n\t\t\t\t\t\t\t<div class=\"elementor-spacer\">\n\t\t\t<div class=\"elementor-spacer-inner\"><\/div>\n\t\t<\/div>\n\t\t\t\t\t\t<\/div>\n\t\t\t\t<\/div>\n\t\t\t\t<div class=\"elementor-element elementor-element-fa74a5d elementor-widget elementor-widget-elementor-extension-gravity-forms\" data-id=\"fa74a5d\" data-element_type=\"widget\" data-e-type=\"widget\" data-widget_type=\"elementor-extension-gravity-forms.default\">\n\t\t\t\t<div class=\"elementor-widget-container\">\n\t\t\t\t\t<script type=\"text\/javascript\">\n\/* <![CDATA[ *\/\nvar gform;gform||(document.addEventListener(\"gform_main_scripts_loaded\",function(){gform.scriptsLoaded=!0}),document.addEventListener(\"gform\/theme\/scripts_loaded\",function(){gform.themeScriptsLoaded=!0}),window.addEventListener(\"DOMContentLoaded\",function(){gform.domLoaded=!0}),gform={domLoaded:!1,scriptsLoaded:!1,themeScriptsLoaded:!1,isFormEditor:()=>\"function\"==typeof InitializeEditor,callIfLoaded:function(o){return!(!gform.domLoaded||!gform.scriptsLoaded||!gform.themeScriptsLoaded&&!gform.isFormEditor()||(gform.isFormEditor()&&console.warn(\"The use of gform.initializeOnLoaded() is deprecated in the form editor context and will be removed in Gravity Forms 3.1.\"),o(),0))},initializeOnLoaded:function(o){gform.callIfLoaded(o)||(document.addEventListener(\"gform_main_scripts_loaded\",()=>{gform.scriptsLoaded=!0,gform.callIfLoaded(o)}),document.addEventListener(\"gform\/theme\/scripts_loaded\",()=>{gform.themeScriptsLoaded=!0,gform.callIfLoaded(o)}),window.addEventListener(\"DOMContentLoaded\",()=>{gform.domLoaded=!0,gform.callIfLoaded(o)}))},hooks:{action:{},filter:{}},addAction:function(o,r,e,t){gform.addHook(\"action\",o,r,e,t)},addFilter:function(o,r,e,t){gform.addHook(\"filter\",o,r,e,t)},doAction:function(o){gform.doHook(\"action\",o,arguments)},applyFilters:function(o){return gform.doHook(\"filter\",o,arguments)},removeAction:function(o,r){gform.removeHook(\"action\",o,r)},removeFilter:function(o,r,e){gform.removeHook(\"filter\",o,r,e)},addHook:function(o,r,e,t,n){null==gform.hooks[o][r]&&(gform.hooks[o][r]=[]);var d=gform.hooks[o][r];null==n&&(n=r+\"_\"+d.length),gform.hooks[o][r].push({tag:n,callable:e,priority:t=null==t?10:t})},doHook:function(r,o,e){var t;if(e=Array.prototype.slice.call(e,1),null!=gform.hooks[r][o]&&((o=gform.hooks[r][o]).sort(function(o,r){return o.priority-r.priority}),o.forEach(function(o){\"function\"!=typeof(t=o.callable)&&(t=window[t]),\"action\"==r?t.apply(null,e):e[0]=t.apply(null,e)})),\"filter\"==r)return e[0]},removeHook:function(o,r,t,n){var e;null!=gform.hooks[o][r]&&(e=(e=gform.hooks[o][r]).filter(function(o,r,e){return!!(null!=n&&n!=o.tag||null!=t&&t!=o.priority)}),gform.hooks[o][r]=e)}});\n\/* ]]> *\/\n<\/script>\n\n                <div class='gf_browser_gecko gform_wrapper gravity-theme gform-theme--no-framework' data-form-theme='gravity-theme' data-form-index='0' id='gform_wrapper_18' ><form method='post' enctype='multipart\/form-data'  id='gform_18'  action='\/salzgitter\/pl\/wp-json\/wp\/v2\/pages\/361' data-formid='18' novalidate>\n                        <div class='gform-body gform_body'><div id='gform_fields_18' class='gform_fields top_label form_sublabel_below description_below validation_below'><div id=\"field_18_1\" class=\"gfield gfield--type-survey gfield--input-type-rating field_sublabel_below gfield--no-description field_description_below field_validation_below gfield_visibility_visible gsurvey-survey-field \"  data-field-class=\"gsurvey-survey-field\" ><label class='gfield_label gform-field-label' >Wie gut gef\u00e4llt dir unsere Website?<\/label><div class='ginput_container gsurvey-rating-wrapper'><div class='gsurvey-rating' id='input_18_1'><input name='input_1' type='radio' value='grating172b515f7'  id='choice_18_1_0'    \/><label for='choice_18_1_0' title='Herausragend'><span>Herausragend<\/span><\/label><input name='input_1' type='radio' value='grating15b90bab7'  id='choice_18_1_1'    \/><label for='choice_18_1_1' title='Vorwiegend gut'><span>Vorwiegend gut<\/span><\/label><input name='input_1' type='radio' value='grating196111746'  id='choice_18_1_2'    \/><label for='choice_18_1_2' title='Neutral'><span>Neutral<\/span><\/label><input name='input_1' type='radio' value='grating112dfd37b'  id='choice_18_1_3'    \/><label for='choice_18_1_3' title='Nicht gut'><span>Nicht gut<\/span><\/label><input name='input_1' type='radio' value='grating16b0d9dde'  id='choice_18_1_4'    \/><label for='choice_18_1_4' title='Furchtbar'><span>Furchtbar<\/span><\/label><\/div><\/div><\/div><div id=\"field_18_5\" class=\"gfield gfield--type-website gfield--input-type-website gfield--width-full gfield_contains_required field_sublabel_below gfield--no-description field_description_below field_validation_below gfield_visibility_visible\"  ><label class='gfield_label gform-field-label' for='input_18_5'>Auf welcher Seite befindest du dich?<span class=\"gfield_required\"><span class=\"gfield_required gfield_required_text\">(wymagane)<\/span><\/span><\/label><div class='ginput_container ginput_container_website'>\n                    <input name='input_5' id='input_18_5' type='url' value='' class='large'    placeholder='https:\/\/' aria-required=\"true\" aria-invalid=\"false\" \/>\n                <\/div><\/div><div id=\"field_18_3\" class=\"gfield gfield--type-textarea gfield--input-type-textarea gfield--width-full field_sublabel_below gfield--no-description field_description_below field_validation_below gfield_visibility_visible\"  ><label class='gfield_label gform-field-label' for='input_18_3'>M\u00f6chtest du uns sonst noch etwas sagen?<\/label><div class='ginput_container ginput_container_textarea'><textarea name='input_3' id='input_18_3' class='textarea small'      aria-invalid=\"false\"   rows='10' cols='50'><\/textarea><\/div><\/div><\/div><\/div>\n        <div class='gform-footer gform_footer top_label'> <input type='submit' id='gform_submit_button_18' class='gform_button button' onclick='gform.submission.handleButtonClick(this);' data-submission-type='submit' value='ABSENDEN'  \/> \n            <input type='hidden' class='gform_hidden' name='gform_submission_method' data-js='gform_submission_method_18' value='postback' \/>\n            <input type='hidden' class='gform_hidden' name='gform_theme' data-js='gform_theme_18' id='gform_theme_18' value='gravity-theme' \/>\n            <input type='hidden' class='gform_hidden' name='gform_style_settings' data-js='gform_style_settings_18' id='gform_style_settings_18' value='[]' \/>\n            <input type='hidden' class='gform_hidden' name='is_submit_18' value='1' \/>\n            <input type='hidden' class='gform_hidden' name='gform_submit' value='18' \/>\n            \n            <input type='hidden' class='gform_hidden' name='gform_currency' data-currency='EUR' value='5GDg2LRhgkHizWVeORZ64d9lDdY1Gr\/OC7FYIyJOHAxw7DqrfytjXSsy8EjncUlmfawOhdo8gzLU99vaC3rSB+\/UdN+3ytlkel3bpb\/TE6y+kWI=' \/>\n            <input type='hidden' class='gform_hidden' name='gform_unique_id' value='' \/>\n            <input type='hidden' class='gform_hidden' name='state_18' value='WyJbXSIsIjZmMTE0ODIzMzlhOGJjNDE3OWMyNjY1ZjgwYmQxODJiIl0=' \/>\n            <input type='hidden' autocomplete='off' class='gform_hidden' name='gform_target_page_number_18' id='gform_target_page_number_18' value='0' \/>\n            <input type='hidden' autocomplete='off' class='gform_hidden' name='gform_source_page_number_18' id='gform_source_page_number_18' value='1' \/>\n            <input type='hidden' name='gform_field_values' value='' \/>\n            \n        <\/div>\n                        <input type=\"hidden\" id=\"ct_checkjs_02e74f10e0327ad868d138f2b4fdd6f0\" name=\"ct_checkjs\" value=\"0\" \/><script >setTimeout(function(){var ct_input_name = \"ct_checkjs_02e74f10e0327ad868d138f2b4fdd6f0\";if (document.getElementById(ct_input_name) !== null) {var ct_input_value = document.getElementById(ct_input_name).value;document.getElementById(ct_input_name).value = document.getElementById(ct_input_name).value.replace(ct_input_value, '63e94b69225451aa4411bcc49c4210af095bd89ae3deb444968bea89264ea14b');}}, 1000);<\/script><input\n                    class=\"apbct_special_field apbct_email_id__gravity_form\"\n                    name=\"apbct__email_id__gravity_form\"\n                    aria-label=\"apbct__label_id__gravity_form\"\n                    type=\"text\" size=\"30\" maxlength=\"200\" autocomplete=\"off\"\n                    value=\"\"\n                \/><\/form>\n                        <\/div><script type=\"text\/javascript\">\n\/* <![CDATA[ *\/\n gform.initializeOnLoaded( function() {gformInitSpinner( 18, 'https:\/\/vb-bachstein.de\/salzgitter\/wp-content\/plugins\/gravityforms\/images\/spinner.svg', true );jQuery('#gform_ajax_frame_18').on('load',function(){var contents = jQuery(this).contents().find('*').html();var is_postback = contents.indexOf('GF_AJAX_POSTBACK') >= 0;if(!is_postback){return;}var form_content = jQuery(this).contents().find('#gform_wrapper_18');var is_confirmation = jQuery(this).contents().find('#gform_confirmation_wrapper_18').length > 0;var is_redirect = contents.indexOf('gformRedirect(){') >= 0;var is_form = form_content.length > 0 && ! is_redirect && ! is_confirmation;var mt = parseInt(jQuery('html').css('margin-top'), 10) + parseInt(jQuery('body').css('margin-top'), 10) + 100;if(is_form){jQuery('#gform_wrapper_18').html(form_content.html());if(form_content.hasClass('gform_validation_error')){jQuery('#gform_wrapper_18').addClass('gform_validation_error');} else {jQuery('#gform_wrapper_18').removeClass('gform_validation_error');}setTimeout( function() { \/* delay the scroll by 50 milliseconds to fix a bug in chrome *\/  }, 50 );if(window['gformInitDatepicker']) {gformInitDatepicker();}if(window['gformInitPriceFields']) {gformInitPriceFields();}var current_page = jQuery('#gform_source_page_number_18').val();gformInitSpinner( 18, 'https:\/\/vb-bachstein.de\/salzgitter\/wp-content\/plugins\/gravityforms\/images\/spinner.svg', true );jQuery(document).trigger('gform_page_loaded', [18, current_page]);window['gf_submitting_18'] = false;}else if(!is_redirect){var confirmation_content = jQuery(this).contents().find('.GF_AJAX_POSTBACK').html();if(!confirmation_content){confirmation_content = contents;}jQuery('#gform_wrapper_18').replaceWith(confirmation_content);jQuery(document).trigger('gform_confirmation_loaded', [18]);window['gf_submitting_18'] = false;wp.a11y.speak(jQuery('#gform_confirmation_message_18').text());}else{jQuery('#gform_18').append(contents);if(window['gformRedirect']) {gformRedirect();}}jQuery(document).trigger(\"gform_pre_post_render\", [{ formId: \"18\", currentPage: \"current_page\", abort: function() { this.preventDefault(); } }]);        if (event && event.defaultPrevented) {                return;        }        const gformWrapperDiv = document.getElementById( \"gform_wrapper_18\" );        if ( gformWrapperDiv ) {            const visibilitySpan = document.createElement( \"span\" );            visibilitySpan.id = \"gform_visibility_test_18\";            gformWrapperDiv.insertAdjacentElement( \"afterend\", visibilitySpan );        }        const visibilityTestDiv = document.getElementById( \"gform_visibility_test_18\" );        let postRenderFired = false;        function triggerPostRender() {            if ( postRenderFired ) {                return;            }            postRenderFired = true;            gform.core.triggerPostRenderEvents( 18, current_page );            if ( visibilityTestDiv ) {                visibilityTestDiv.parentNode.removeChild( visibilityTestDiv );            }        }        function debounce( func, wait, immediate ) {            var timeout;            return function() {                var context = this, args = arguments;                var later = function() {                    timeout = null;                    if ( !immediate ) func.apply( context, args );                };                var callNow = immediate && !timeout;                clearTimeout( timeout );                timeout = setTimeout( later, wait );                if ( callNow ) func.apply( context, args );            };        }        const debouncedTriggerPostRender = debounce( function() {            triggerPostRender();        }, 200 );        if ( visibilityTestDiv && visibilityTestDiv.offsetParent === null ) {            const observer = new MutationObserver( ( mutations ) => {                mutations.forEach( ( mutation ) => {                    if ( mutation.type === 'attributes' && visibilityTestDiv.offsetParent !== null ) {                        debouncedTriggerPostRender();                        observer.disconnect();                    }                });            });            observer.observe( document.body, {                attributes: true,                childList: false,                subtree: true,                attributeFilter: [ 'style', 'class' ],            });        } else {            triggerPostRender();        }    } );} ); \n\/* ]]> *\/\n<\/script>\n\t\t\t\t<\/div>\n\t\t\t\t<\/div>\n\t\t\t\t<div class=\"elementor-element elementor-element-c6234c6 elementor-widget elementor-widget-spacer\" data-id=\"c6234c6\" data-element_type=\"widget\" data-e-type=\"widget\" data-widget_type=\"spacer.default\">\n\t\t\t\t<div class=\"elementor-widget-container\">\n\t\t\t\t\t\t\t<div class=\"elementor-spacer\">\n\t\t\t<div class=\"elementor-spacer-inner\"><\/div>\n\t\t<\/div>\n\t\t\t\t\t\t<\/div>\n\t\t\t\t<\/div>\n\t\t\t\t\t<\/div>\n\t\t\t\t<\/div>\n\t\t\t\t<\/div>\n\t\t","protected":false},"excerpt":{"rendered":"<p>FAHRPL\u00c4NE Wann f\u00e4hrt mein Bus: Alle Fahrpl\u00e4ne in unserem Verkehrsgebiet im \u00dcberblick. = RufMobil Region Salzgitter &#8211; Baddeckenstedt 656 | Baddeckenstedt &#8211; Heere &#8211; Sehlde &#8211; Salzgitter-Bad .elementor-element-0471e57 .elementor-icon-box-title a::after { content: &#8222;&#8220;; display: inline-block; width: 40px; height: 40px; float: right; background-image: url(&#8218;https:\/\/vb-bachstein.de\/salzgitter\/wp-content\/uploads\/sites\/14\/icon_rufmobil-1-1.svg&#8216;); background-size: cover; margin-left: 10px; } Fahrplan Baustellenfahrplan: ab 02.03.2026 658 | (Westerlinde) &#8211; Berel &#8211; Hohenassel &#8211; Baddeckenstedt Fahrplan Baustellenfahrplan (Vollsperrung K76): ab 02.03.2026 660 | Baddeckenstedt &#8211; Gr.Elbe &#8211; Steinlah &#8211; Salzgitter-Bad .elementor-element-707937e .elementor-icon-box-title a::after { content: &#8222;&#8220;; display: inline-block; width: 40px; height: 40px; float: right; background-image: url(&#8218;https:\/\/vb-bachstein.de\/salzgitter\/wp-content\/uploads\/sites\/14\/icon_rufmobil-1-1.svg&#8216;); background-size: cover; margin-left: 10px; } Fahrplan Wie gut gef\u00e4llt dir unsere Website?HerausragendVorwiegend gutNeutralNicht gutFurchtbarAuf welcher Seite befindest du dich?(erforderlich) M\u00f6chtest du uns sonst noch etwas sagen?<\/p>","protected":false},"author":2,"featured_media":4083,"parent":0,"menu_order":13,"comment_status":"closed","ping_status":"closed","template":"","meta":{"footnotes":""},"class_list":["post-361","page","type-page","status-publish","has-post-thumbnail","hentry"],"yoast_head":"<!-- This site is optimized with the Yoast SEO plugin v27.4 - https:\/\/yoast.com\/product\/yoast-seo-wordpress\/ -->\n<title>Fahrpl\u00e4ne - VB-Salzgitter<\/title>\n<meta name=\"robots\" content=\"index, follow, max-snippet:-1, max-image-preview:large, max-video-preview:-1\" \/>\n<link rel=\"canonical\" href=\"https:\/\/vb-bachstein.de\/salzgitter\/plany-jazdy\/\" \/>\n<meta property=\"og:locale\" content=\"pl_PL\" \/>\n<meta property=\"og:type\" content=\"article\" \/>\n<meta property=\"og:title\" content=\"Fahrpl\u00e4ne - VB-Salzgitter\" \/>\n<meta property=\"og:description\" content=\"FAHRPL\u00c4NE Wann f\u00e4hrt mein Bus: Alle Fahrpl\u00e4ne in unserem Verkehrsgebiet im \u00dcberblick. = RufMobil Region Salzgitter &#8211; Baddeckenstedt 656 | Baddeckenstedt &#8211; Heere &#8211; Sehlde &#8211; Salzgitter-Bad .elementor-element-0471e57 .elementor-icon-box-title a::after { content: &#8222;&#8220;; display: inline-block; width: 40px; height: 40px; float: right; background-image: url(&#8218;https:\/\/vb-bachstein.de\/salzgitter\/wp-content\/uploads\/sites\/14\/icon_rufmobil-1-1.svg&#8216;); background-size: cover; margin-left: 10px; } Fahrplan Baustellenfahrplan: ab 02.03.2026 658 | (Westerlinde) &#8211; Berel &#8211; Hohenassel &#8211; Baddeckenstedt Fahrplan Baustellenfahrplan (Vollsperrung K76): ab 02.03.2026 660 | Baddeckenstedt &#8211; Gr.Elbe &#8211; Steinlah &#8211; Salzgitter-Bad .elementor-element-707937e .elementor-icon-box-title a::after { content: &#8222;&#8220;; display: inline-block; width: 40px; height: 40px; float: right; background-image: url(&#8218;https:\/\/vb-bachstein.de\/salzgitter\/wp-content\/uploads\/sites\/14\/icon_rufmobil-1-1.svg&#8216;); background-size: cover; margin-left: 10px; } Fahrplan Wie gut gef\u00e4llt dir unsere Website?HerausragendVorwiegend gutNeutralNicht gutFurchtbarAuf welcher Seite befindest du dich?(erforderlich) M\u00f6chtest du uns sonst noch etwas sagen?\" \/>\n<meta property=\"og:url\" content=\"https:\/\/vb-bachstein.de\/salzgitter\/plany-jazdy\/\" \/>\n<meta property=\"og:site_name\" content=\"VB-Salzgitter\" \/>\n<meta property=\"article:modified_time\" content=\"2026-03-24T09:37:47+00:00\" \/>\n<meta name=\"twitter:card\" content=\"summary_large_image\" \/>\n<meta name=\"twitter:label1\" content=\"Szacowany czas czytania\" \/>\n\t<meta name=\"twitter:data1\" content=\"1 minuta\" \/>\n<script type=\"application\/ld+json\" class=\"yoast-schema-graph\">{\"@context\":\"https:\\\/\\\/schema.org\",\"@graph\":[{\"@type\":\"WebPage\",\"@id\":\"https:\\\/\\\/vb-bachstein.de\\\/salzgitter\\\/fahrplaene\\\/\",\"url\":\"https:\\\/\\\/vb-bachstein.de\\\/salzgitter\\\/fahrplaene\\\/\",\"name\":\"Fahrpl\u00e4ne - VB-Salzgitter\",\"isPartOf\":{\"@id\":\"https:\\\/\\\/vb-bachstein.de\\\/salzgitter\\\/#website\"},\"primaryImageOfPage\":{\"@id\":\"https:\\\/\\\/vb-bachstein.de\\\/salzgitter\\\/fahrplaene\\\/#primaryimage\"},\"image\":{\"@id\":\"https:\\\/\\\/vb-bachstein.de\\\/salzgitter\\\/fahrplaene\\\/#primaryimage\"},\"thumbnailUrl\":\"https:\\\/\\\/vb-bachstein.de\\\/salzgitter\\\/wp-content\\\/uploads\\\/sites\\\/14\\\/header-subsites_vb-2.jpg\",\"datePublished\":\"2023-07-18T07:58:18+00:00\",\"dateModified\":\"2026-03-24T09:37:47+00:00\",\"breadcrumb\":{\"@id\":\"https:\\\/\\\/vb-bachstein.de\\\/salzgitter\\\/fahrplaene\\\/#breadcrumb\"},\"inLanguage\":\"pl-PL\",\"potentialAction\":[{\"@type\":\"ReadAction\",\"target\":[\"https:\\\/\\\/vb-bachstein.de\\\/salzgitter\\\/fahrplaene\\\/\"]}]},{\"@type\":\"ImageObject\",\"inLanguage\":\"pl-PL\",\"@id\":\"https:\\\/\\\/vb-bachstein.de\\\/salzgitter\\\/fahrplaene\\\/#primaryimage\",\"url\":\"https:\\\/\\\/vb-bachstein.de\\\/salzgitter\\\/wp-content\\\/uploads\\\/sites\\\/14\\\/header-subsites_vb-2.jpg\",\"contentUrl\":\"https:\\\/\\\/vb-bachstein.de\\\/salzgitter\\\/wp-content\\\/uploads\\\/sites\\\/14\\\/header-subsites_vb-2.jpg\"},{\"@type\":\"BreadcrumbList\",\"@id\":\"https:\\\/\\\/vb-bachstein.de\\\/salzgitter\\\/fahrplaene\\\/#breadcrumb\",\"itemListElement\":[{\"@type\":\"ListItem\",\"position\":1,\"name\":\"Startseite\",\"item\":\"https:\\\/\\\/vb-bachstein.de\\\/salzgitter\\\/\"},{\"@type\":\"ListItem\",\"position\":2,\"name\":\"Fahrpl\u00e4ne\"}]},{\"@type\":\"WebSite\",\"@id\":\"https:\\\/\\\/vb-bachstein.de\\\/salzgitter\\\/#website\",\"url\":\"https:\\\/\\\/vb-bachstein.de\\\/salzgitter\\\/\",\"name\":\"VB-Salzgitter\",\"description\":\"\",\"publisher\":{\"@id\":\"https:\\\/\\\/vb-bachstein.de\\\/salzgitter\\\/#organization\"},\"potentialAction\":[{\"@type\":\"SearchAction\",\"target\":{\"@type\":\"EntryPoint\",\"urlTemplate\":\"https:\\\/\\\/vb-bachstein.de\\\/salzgitter\\\/?s={search_term_string}\"},\"query-input\":{\"@type\":\"PropertyValueSpecification\",\"valueRequired\":true,\"valueName\":\"search_term_string\"}}],\"inLanguage\":\"pl-PL\"},{\"@type\":\"Organization\",\"@id\":\"https:\\\/\\\/vb-bachstein.de\\\/salzgitter\\\/#organization\",\"name\":\"VB-Salzgitter\",\"url\":\"https:\\\/\\\/vb-bachstein.de\\\/salzgitter\\\/\",\"logo\":{\"@type\":\"ImageObject\",\"inLanguage\":\"pl-PL\",\"@id\":\"https:\\\/\\\/vb-bachstein.de\\\/salzgitter\\\/#\\\/schema\\\/logo\\\/image\\\/\",\"url\":\"https:\\\/\\\/vb-bachstein.de\\\/salzgitter\\\/wp-content\\\/uploads\\\/sites\\\/14\\\/Bachstein_Logo.png\",\"contentUrl\":\"https:\\\/\\\/vb-bachstein.de\\\/salzgitter\\\/wp-content\\\/uploads\\\/sites\\\/14\\\/Bachstein_Logo.png\",\"width\":1966,\"height\":293,\"caption\":\"VB-Salzgitter\"},\"image\":{\"@id\":\"https:\\\/\\\/vb-bachstein.de\\\/salzgitter\\\/#\\\/schema\\\/logo\\\/image\\\/\"}}]}<\/script>\n<!-- \/ Yoast SEO plugin. -->","yoast_head_json":{"title":"Rozk\u0142ady jazdy - VB-Salzgitter","robots":{"index":"index","follow":"follow","max-snippet":"max-snippet:-1","max-image-preview":"max-image-preview:large","max-video-preview":"max-video-preview:-1"},"canonical":"https:\/\/vb-bachstein.de\/salzgitter\/plany-jazdy\/","og_locale":"pl_PL","og_type":"article","og_title":"Fahrpl\u00e4ne - VB-Salzgitter","og_description":"FAHRPL\u00c4NE Wann f\u00e4hrt mein Bus: Alle Fahrpl\u00e4ne in unserem Verkehrsgebiet im \u00dcberblick. = RufMobil Region Salzgitter &#8211; Baddeckenstedt 656 | Baddeckenstedt &#8211; Heere &#8211; Sehlde &#8211; Salzgitter-Bad .elementor-element-0471e57 .elementor-icon-box-title a::after { content: &#8222;&#8220;; display: inline-block; width: 40px; height: 40px; float: right; background-image: url(&#8218;https:\/\/vb-bachstein.de\/salzgitter\/wp-content\/uploads\/sites\/14\/icon_rufmobil-1-1.svg&#8216;); background-size: cover; margin-left: 10px; } Fahrplan Baustellenfahrplan: ab 02.03.2026 658 | (Westerlinde) &#8211; Berel &#8211; Hohenassel &#8211; Baddeckenstedt Fahrplan Baustellenfahrplan (Vollsperrung K76): ab 02.03.2026 660 | Baddeckenstedt &#8211; Gr.Elbe &#8211; Steinlah &#8211; Salzgitter-Bad .elementor-element-707937e .elementor-icon-box-title a::after { content: &#8222;&#8220;; display: inline-block; width: 40px; height: 40px; float: right; background-image: url(&#8218;https:\/\/vb-bachstein.de\/salzgitter\/wp-content\/uploads\/sites\/14\/icon_rufmobil-1-1.svg&#8216;); background-size: cover; margin-left: 10px; } Fahrplan Wie gut gef\u00e4llt dir unsere Website?HerausragendVorwiegend gutNeutralNicht gutFurchtbarAuf welcher Seite befindest du dich?(erforderlich) M\u00f6chtest du uns sonst noch etwas sagen?","og_url":"https:\/\/vb-bachstein.de\/salzgitter\/plany-jazdy\/","og_site_name":"VB-Salzgitter","article_modified_time":"2026-03-24T09:37:47+00:00","twitter_card":"summary_large_image","twitter_misc":{"Szacowany czas czytania":"1 minuta"},"schema":{"@context":"https:\/\/schema.org","@graph":[{"@type":"WebPage","@id":"https:\/\/vb-bachstein.de\/salzgitter\/fahrplaene\/","url":"https:\/\/vb-bachstein.de\/salzgitter\/fahrplaene\/","name":"Rozk\u0142ady jazdy - VB-Salzgitter","isPartOf":{"@id":"https:\/\/vb-bachstein.de\/salzgitter\/#website"},"primaryImageOfPage":{"@id":"https:\/\/vb-bachstein.de\/salzgitter\/fahrplaene\/#primaryimage"},"image":{"@id":"https:\/\/vb-bachstein.de\/salzgitter\/fahrplaene\/#primaryimage"},"thumbnailUrl":"https:\/\/vb-bachstein.de\/salzgitter\/wp-content\/uploads\/sites\/14\/header-subsites_vb-2.jpg","datePublished":"2023-07-18T07:58:18+00:00","dateModified":"2026-03-24T09:37:47+00:00","breadcrumb":{"@id":"https:\/\/vb-bachstein.de\/salzgitter\/fahrplaene\/#breadcrumb"},"inLanguage":"pl-PL","potentialAction":[{"@type":"ReadAction","target":["https:\/\/vb-bachstein.de\/salzgitter\/fahrplaene\/"]}]},{"@type":"ImageObject","inLanguage":"pl-PL","@id":"https:\/\/vb-bachstein.de\/salzgitter\/fahrplaene\/#primaryimage","url":"https:\/\/vb-bachstein.de\/salzgitter\/wp-content\/uploads\/sites\/14\/header-subsites_vb-2.jpg","contentUrl":"https:\/\/vb-bachstein.de\/salzgitter\/wp-content\/uploads\/sites\/14\/header-subsites_vb-2.jpg"},{"@type":"BreadcrumbList","@id":"https:\/\/vb-bachstein.de\/salzgitter\/fahrplaene\/#breadcrumb","itemListElement":[{"@type":"ListItem","position":1,"name":"Startseite","item":"https:\/\/vb-bachstein.de\/salzgitter\/"},{"@type":"ListItem","position":2,"name":"Fahrpl\u00e4ne"}]},{"@type":"WebSite","@id":"https:\/\/vb-bachstein.de\/salzgitter\/#website","url":"https:\/\/vb-bachstein.de\/salzgitter\/","name":"VB-Salzgitter","description":"","publisher":{"@id":"https:\/\/vb-bachstein.de\/salzgitter\/#organization"},"potentialAction":[{"@type":"SearchAction","target":{"@type":"EntryPoint","urlTemplate":"https:\/\/vb-bachstein.de\/salzgitter\/?s={search_term_string}"},"query-input":{"@type":"PropertyValueSpecification","valueRequired":true,"valueName":"search_term_string"}}],"inLanguage":"pl-PL"},{"@type":"Organization","@id":"https:\/\/vb-bachstein.de\/salzgitter\/#organization","name":"VB-Salzgitter","url":"https:\/\/vb-bachstein.de\/salzgitter\/","logo":{"@type":"ImageObject","inLanguage":"pl-PL","@id":"https:\/\/vb-bachstein.de\/salzgitter\/#\/schema\/logo\/image\/","url":"https:\/\/vb-bachstein.de\/salzgitter\/wp-content\/uploads\/sites\/14\/Bachstein_Logo.png","contentUrl":"https:\/\/vb-bachstein.de\/salzgitter\/wp-content\/uploads\/sites\/14\/Bachstein_Logo.png","width":1966,"height":293,"caption":"VB-Salzgitter"},"image":{"@id":"https:\/\/vb-bachstein.de\/salzgitter\/#\/schema\/logo\/image\/"}}]}},"_links":{"self":[{"href":"https:\/\/vb-bachstein.de\/salzgitter\/pl\/wp-json\/wp\/v2\/pages\/361","targetHints":{"allow":["GET"]}}],"collection":[{"href":"https:\/\/vb-bachstein.de\/salzgitter\/pl\/wp-json\/wp\/v2\/pages"}],"about":[{"href":"https:\/\/vb-bachstein.de\/salzgitter\/pl\/wp-json\/wp\/v2\/types\/page"}],"author":[{"embeddable":true,"href":"https:\/\/vb-bachstein.de\/salzgitter\/pl\/wp-json\/wp\/v2\/users\/2"}],"replies":[{"embeddable":true,"href":"https:\/\/vb-bachstein.de\/salzgitter\/pl\/wp-json\/wp\/v2\/comments?post=361"}],"version-history":[{"count":0,"href":"https:\/\/vb-bachstein.de\/salzgitter\/pl\/wp-json\/wp\/v2\/pages\/361\/revisions"}],"wp:featuredmedia":[{"embeddable":true,"href":"https:\/\/vb-bachstein.de\/salzgitter\/pl\/wp-json\/"}],"wp:attachment":[{"href":"https:\/\/vb-bachstein.de\/salzgitter\/pl\/wp-json\/wp\/v2\/media?parent=361"}],"curies":[{"name":"wp","href":"https:\/\/api.w.org\/{rel}","templated":true}]}}