{"id":1937,"date":"2025-01-08T08:35:21","date_gmt":"2025-01-08T07:35:21","guid":{"rendered":"https:\/\/kvg-bus.de\/vb-master\/?page_id=1937"},"modified":"2026-01-19T13:35:00","modified_gmt":"2026-01-19T12:35:00","slug":"imprimir","status":"publish","type":"page","link":"https:\/\/vb-bachstein.de\/salzgitter\/es\/impressum\/","title":{"rendered":"Pie de imprenta"},"content":{"rendered":"<div data-elementor-type=\"wp-page\" data-elementor-id=\"1937\" class=\"elementor elementor-1937\" data-elementor-post-type=\"page\">\n\t\t\t\t<div class=\"elementor-element elementor-element-5c21956 e-con-full e-flex wpr-particle-no wpr-jarallax-no wpr-parallax-no wpr-sticky-section-no wpr-equal-height-no e-con e-parent\" data-id=\"5c21956\" data-element_type=\"container\" data-e-type=\"container\">\n\t\t<div class=\"elementor-element elementor-element-70f0c0e e-con-full e-flex wpr-particle-no wpr-jarallax-no wpr-parallax-no wpr-sticky-section-no wpr-equal-height-no e-con e-child\" data-id=\"70f0c0e\" data-element_type=\"container\" data-e-type=\"container\">\n\t\t\t\t<div class=\"elementor-element elementor-element-483b16b elementor-widget elementor-widget-heading\" data-id=\"483b16b\" data-element_type=\"widget\" data-e-type=\"widget\" data-widget_type=\"heading.default\">\n\t\t\t\t<div class=\"elementor-widget-container\">\n\t\t\t\t\t<h2 class=\"elementor-heading-title elementor-size-default\">IMPRIMIR<\/h2>\t\t\t\t<\/div>\n\t\t\t\t<\/div>\n\t\t\t\t<\/div>\n\t\t\t\t<\/div>\n\t\t<div class=\"elementor-element elementor-element-83b9976 e-flex e-con-boxed wpr-particle-no wpr-jarallax-no wpr-parallax-no wpr-sticky-section-no wpr-equal-height-no e-con e-parent\" data-id=\"83b9976\" data-element_type=\"container\" data-e-type=\"container\">\n\t\t\t\t\t<div class=\"e-con-inner\">\n\t\t<div class=\"elementor-element elementor-element-6bb05a8 e-con-full e-flex wpr-particle-no wpr-jarallax-no wpr-parallax-no wpr-sticky-section-no wpr-equal-height-no e-con e-child\" data-id=\"6bb05a8\" data-element_type=\"container\" data-e-type=\"container\">\n\t\t\t\t<div class=\"elementor-element elementor-element-c36a01e mb-1 elementor-widget elementor-widget-text-editor\" data-id=\"c36a01e\" data-element_type=\"widget\" data-e-type=\"widget\" data-widget_type=\"text-editor.default\">\n\t\t\t\t<div class=\"elementor-widget-container\">\n\t\t\t\t\t\t\t\t\t<h4>Verkehrsbetriebe Bachstein GmbH<\/h4><p>Calle Nienburger 50<br \/>29225 Celle<\/p>\t\t\t\t\t\t\t\t<\/div>\n\t\t\t\t<\/div>\n\t\t\t\t<div class=\"elementor-element elementor-element-1f99a20 elementor-align-start elementor-list-item-link-inline elementor-mobile-align-start elementor-icon-list--layout-traditional elementor-widget elementor-widget-icon-list\" data-id=\"1f99a20\" data-element_type=\"widget\" data-e-type=\"widget\" data-widget_type=\"icon-list.default\">\n\t\t\t\t<div class=\"elementor-widget-container\">\n\t\t\t\t\t\t\t<ul class=\"elementor-icon-list-items\">\n\t\t\t\t\t\t\t<li class=\"elementor-icon-list-item\">\n\t\t\t\t\t\t\t\t\t\t\t<a href=\"tel:051414870850\">\n\n\t\t\t\t\t\t\t\t\t\t\t\t<span class=\"elementor-icon-list-icon\">\n\t\t\t\t\t\t\t<i aria-hidden=\"true\" class=\"fas fa-phone-alt\"><\/i>\t\t\t\t\t\t<\/span>\n\t\t\t\t\t\t\t\t\t\t<span class=\"elementor-icon-list-text\">05141 48708-50<\/span>\n\t\t\t\t\t\t\t\t\t\t\t<\/a>\n\t\t\t\t\t\t\t\t\t<\/li>\n\t\t\t\t\t\t\t\t<li class=\"elementor-icon-list-item\">\n\t\t\t\t\t\t\t\t\t\t\t<a href=\"fax:051414870879\">\n\n\t\t\t\t\t\t\t\t\t\t\t\t<span class=\"elementor-icon-list-icon\">\n\t\t\t\t\t\t\t<i aria-hidden=\"true\" class=\"fas fa-fax\"><\/i>\t\t\t\t\t\t<\/span>\n\t\t\t\t\t\t\t\t\t\t<span class=\"elementor-icon-list-text\">05141 48708-79<\/span>\n\t\t\t\t\t\t\t\t\t\t\t<\/a>\n\t\t\t\t\t\t\t\t\t<\/li>\n\t\t\t\t\t\t\t\t<li class=\"elementor-icon-list-item\">\n\t\t\t\t\t\t\t\t\t\t\t<a href=\"mailto:info@vb-bachstein.de\">\n\n\t\t\t\t\t\t\t\t\t\t\t\t<span class=\"elementor-icon-list-icon\">\n\t\t\t\t\t\t\t<i aria-hidden=\"true\" class=\"fas fa-paper-plane\"><\/i>\t\t\t\t\t\t<\/span>\n\t\t\t\t\t\t\t\t\t\t<span class=\"elementor-icon-list-text\">info@vb-bachstein.de<\/span>\n\t\t\t\t\t\t\t\t\t\t\t<\/a>\n\t\t\t\t\t\t\t\t\t<\/li>\n\t\t\t\t\t\t<\/ul>\n\t\t\t\t\t\t<\/div>\n\t\t\t\t<\/div>\n\t\t\t\t<div class=\"elementor-element elementor-element-7d871e1 elementor-widget elementor-widget-text-editor\" data-id=\"7d871e1\" data-element_type=\"widget\" data-e-type=\"widget\" data-widget_type=\"text-editor.default\">\n\t\t\t\t<div class=\"elementor-widget-container\">\n\t\t\t\t\t\t\t\t\t<p><strong>Gesti\u00f3n<\/strong><br \/>Dipl.-Kfm. Jan Behrendt, Economista de empresa (VWA) Michael Fastert<\/p><p><strong>Inscripci\u00f3n en el registro mercantil<\/strong><br \/>Juzgado de primera instancia de L\u00fcneburg, HRB 101634<\/p><p><strong>N\u00famero de identificaci\u00f3n fiscal<\/strong><br \/>DE115115955<\/p>\t\t\t\t\t\t\t\t<\/div>\n\t\t\t\t<\/div>\n\t\t\t\t<\/div>\n\t\t\t\t\t<\/div>\n\t\t\t\t<\/div>\n\t\t<div class=\"elementor-element elementor-element-f17e87d margin-left-0 e-flex e-con-boxed wpr-particle-no wpr-jarallax-no wpr-parallax-no wpr-sticky-section-no wpr-equal-height-no e-con e-parent\" data-id=\"f17e87d\" data-element_type=\"container\" data-e-type=\"container\">\n\t\t\t\t\t<div class=\"e-con-inner\">\n\t\t<div class=\"elementor-element elementor-element-e0d8678 e-con-full e-flex wpr-particle-no wpr-jarallax-no wpr-parallax-no wpr-sticky-section-no wpr-equal-height-no e-con e-child\" data-id=\"e0d8678\" data-element_type=\"container\" data-e-type=\"container\">\n\t\t<div class=\"elementor-element elementor-element-9a45da6 e-con-full e-flex wpr-particle-no wpr-jarallax-no wpr-parallax-no wpr-sticky-section-no wpr-equal-height-no e-con e-child\" data-id=\"9a45da6\" data-element_type=\"container\" data-e-type=\"container\">\n\t\t\t\t<div class=\"elementor-element elementor-element-0ecbc17 kvg-mb-0 elementor-widget elementor-widget-text-editor\" data-id=\"0ecbc17\" data-element_type=\"widget\" data-e-type=\"widget\" data-widget_type=\"text-editor.default\">\n\t\t\t\t<div class=\"elementor-widget-container\">\n\t\t\t\t\t\t\t\t\t<p><strong>Redacci\u00f3n<br \/><\/strong>Sherin Prager;<br \/>Birgit Peters (\u201eNoticias y actualidad\u201c)<\/p>\t\t\t\t\t\t\t\t<\/div>\n\t\t\t\t<\/div>\n\t\t\t\t<div class=\"elementor-element elementor-element-3f4dcda elementor-align-start elementor-list-item-link-inline elementor-mobile-align-start elementor-icon-list--layout-traditional elementor-widget elementor-widget-icon-list\" data-id=\"3f4dcda\" data-element_type=\"widget\" data-e-type=\"widget\" data-widget_type=\"icon-list.default\">\n\t\t\t\t<div class=\"elementor-widget-container\">\n\t\t\t\t\t\t\t<ul class=\"elementor-icon-list-items\">\n\t\t\t\t\t\t\t<li class=\"elementor-icon-list-item\">\n\t\t\t\t\t\t\t\t\t\t\t<a href=\"mailto:webmaster@vb-bachstein.de\">\n\n\t\t\t\t\t\t\t\t\t\t\t\t<span class=\"elementor-icon-list-icon\">\n\t\t\t\t\t\t\t<i aria-hidden=\"true\" class=\"fas fa-paper-plane\"><\/i>\t\t\t\t\t\t<\/span>\n\t\t\t\t\t\t\t\t\t\t<span class=\"elementor-icon-list-text\">webmaster@vb-bachstein.de<\/span>\n\t\t\t\t\t\t\t\t\t\t\t<\/a>\n\t\t\t\t\t\t\t\t\t<\/li>\n\t\t\t\t\t\t<\/ul>\n\t\t\t\t\t\t<\/div>\n\t\t\t\t<\/div>\n\t\t\t\t<\/div>\n\t\t\t\t<div class=\"elementor-element elementor-element-74188db elementor-widget elementor-widget-text-editor\" data-id=\"74188db\" data-element_type=\"widget\" data-e-type=\"widget\" data-widget_type=\"text-editor.default\">\n\t\t\t\t<div class=\"elementor-widget-container\">\n\t\t\t\t\t\t\t\t\t<p><strong>Autorizaciones <\/strong><\/p><p>En Baja Sajonia, la Landesnahverkehrsgesellschaft Niedersachsen mbH (LNVG), Kurt-Schumacher-Stra\u00dfe 5, 30159 Hannover, es responsable de las licencias de conformidad con los art\u00edculos 42 y 43 de la PBefG. En Baja Sajonia, la autoridad de transporte inferior (distrito, regi\u00f3n, ciudad independiente) del lugar de actividad de la empresa es responsable de las autorizaciones de conformidad con los art\u00edculos 48 y 49 de la PBefG.<\/p><p>En Baviera, el Gobierno de Alta Franconia, Ludwigstra\u00dfe 20, 95444 Bayreuth, es responsable de las autorizaciones de conformidad con los art\u00edculos 42, 43, 48 y 49 de la PBefG.<\/p><p>\u00a0<\/p><p><strong>Descargo de responsabilidad <\/strong><\/p><p>A pesar del cuidadoso control de los contenidos, no asumimos ninguna responsabilidad por el contenido de los enlaces externos. Los operadores de las p\u00e1ginas enlazadas son los \u00fanicos responsables de su contenido.\u00a0<\/p><p>\u00a0<\/p><p><strong>Dise\u00f1o y realizaci\u00f3n <\/strong><\/p><p><a href=\"https:\/\/blauzweig.de\/\" target=\"_blank\" rel=\"noopener\">blauzweig.de<\/a><\/p><p>\u00a0<\/p><p><strong>Derechos de imagen<\/strong><\/p><p>Salvo indicaci\u00f3n contraria:<br \/>\u00a9 Verkehrsbetriebe Bachstein GmbH<\/p>\t\t\t\t\t\t\t\t<\/div>\n\t\t\t\t<\/div>\n\t\t\t\t<\/div>\n\t\t\t\t\t<\/div>\n\t\t\t\t<\/div>\n\t\t\t\t<\/div>","protected":false},"excerpt":{"rendered":"<p>IMPRINT Verkehrsbetriebe Bachstein GmbH Nienburger Stra\u00dfe 50 29225 Celle 05141 48708-50 05141 48708-79 info@vb-bachstein.de Direcci\u00f3n Dipl.- Kfm.Kfm. Jan Behrendt, Betriebswirt (VWA) Michael Fastert Inscripci\u00f3n en el registro mercantil Juzgado municipal de Luneburgo, HRB 101634 N\u00famero de identificaci\u00f3n fiscal DE115115955 Redactora Sherin Prager; Birgit Peters (\u201eNoticias y actualidad\u201c) webmaster@vb-bachstein.de Autorizaciones En Baja Sajonia, la Landesnahverkehrsgesellschaft Niedersachsen mbH (LNVG), Kurt-Schumacher-Stra\u00dfe 5, 30159 Hannover es responsable de las autorizaciones de conformidad con los art\u00edculos 42 y 43 de la PBefG. En Baja Sajonia, la autoridad de transporte inferior (distrito, regi\u00f3n, ciudad independiente) del lugar de actividad de la empresa es responsable de las autorizaciones de conformidad con los art\u00edculos 48 y 49 de la PBefG. En Baviera, el Gobierno de Alta Franconia, Ludwigstra\u00dfe 20, 95444 Bayreuth, es responsable de las autorizaciones de conformidad con los art\u00edculos 42, 43, 48 y 49 de la PBefG. Aviso de responsabilidad A pesar de haber comprobado cuidadosamente el contenido, no asumimos ninguna responsabilidad por el contenido de los enlaces externos. Los operadores de las p\u00e1ginas enlazadas son los \u00fanicos responsables de su contenido. Dise\u00f1o y realizaci\u00f3n blauzweig.de Derechos de imagen Salvo que se indique lo contrario: \u00a9 Verkehrsbetriebe Bachstein GmbH<\/p>","protected":false},"author":4,"featured_media":4083,"parent":0,"menu_order":39,"comment_status":"closed","ping_status":"closed","template":"","meta":{"footnotes":""},"class_list":["post-1937","page","type-page","status-publish","has-post-thumbnail","hentry"],"yoast_head":"<!-- This site is optimized with the Yoast SEO plugin v27.4 - https:\/\/yoast.com\/product\/yoast-seo-wordpress\/ -->\n<title>Impressum - VB-Salzgitter<\/title>\n<meta name=\"robots\" content=\"index, follow, max-snippet:-1, max-image-preview:large, max-video-preview:-1\" \/>\n<link rel=\"canonical\" href=\"https:\/\/vb-bachstein.de\/salzgitter\/imprimir\/\" \/>\n<meta property=\"og:locale\" content=\"es_ES\" \/>\n<meta property=\"og:type\" content=\"article\" \/>\n<meta property=\"og:title\" content=\"Impressum - VB-Salzgitter\" \/>\n<meta property=\"og:description\" content=\"IMPRESSUM Verkehrsbetriebe Bachstein GmbH Nienburger Stra\u00dfe 50 29225 Celle 05141 48708-50 05141 48708-79 info@vb-bachstein.de Gesch\u00e4ftsf\u00fchrung Dipl.-Kfm. Jan Behrendt, Betriebswirt (VWA) Michael Fastert Handelsregistereintrag Amtsgericht L\u00fcneburg, HRB 101634 Umsatzsteuer-Identifikationsnummer DE115115955 Redaktion Sherin Prager; Birgit Peters (&#8222;News &amp; Aktuelle St\u00f6rungen&#8220;) webmaster@vb-bachstein.de Genehmigungen F\u00fcr Genehmigungen nach \u00a7 42 und \u00a7 43 PBefG ist in Niedersachen die Landesnahverkehrsgesellschaft Niedersachsen mbH (LNVG), Kurt-Schumacher-Stra\u00dfe 5, 30159 Hannover zust\u00e4ndig. F\u00fcr die Genehmigungen nach \u00a7 48 und \u00a7 49 PBefG ist in Niedersachsen jeweils die Untere Verkehrsbeh\u00f6rde (Landkreis, Region, kreisfreie Stadt) am Betriebssitz des Unternehmens zust\u00e4ndig. F\u00fcr Genehmigungen nach \u00a7 42, \u00a7 43, \u00a7 48 und \u00a7 49 PBefG ist in Bayern die Regierung von Oberfranken, Ludwigstra\u00dfe 20, 95444 Bayreuth zust\u00e4ndig. Haftungshinweis Trotz sorgf\u00e4ltiger inhaltlicher Kontrolle \u00fcbernehmen wir keine Haftung f\u00fcr die Inhalte externer Links. F\u00fcr den Inhalt der verlinkten Seiten sind ausschlie\u00dflich deren Betreiber verantwortlich. Design &amp; Umsetzung blauzweig.de Bildrechte Soweit nicht anders angegeben: \u00a9 Verkehrsbetriebe Bachstein GmbH\" \/>\n<meta property=\"og:url\" content=\"https:\/\/vb-bachstein.de\/salzgitter\/imprimir\/\" \/>\n<meta property=\"og:site_name\" content=\"VB-Salzgitter\" \/>\n<meta property=\"article:modified_time\" content=\"2026-01-19T12:35:00+00:00\" \/>\n<meta name=\"twitter:card\" content=\"summary_large_image\" \/>\n<meta name=\"twitter:label1\" content=\"Tiempo de lectura\" \/>\n\t<meta name=\"twitter:data1\" content=\"2 minutos\" \/>\n<script type=\"application\/ld+json\" class=\"yoast-schema-graph\">{\"@context\":\"https:\\\/\\\/schema.org\",\"@graph\":[{\"@type\":\"WebPage\",\"@id\":\"https:\\\/\\\/vb-bachstein.de\\\/salzgitter\\\/impressum\\\/\",\"url\":\"https:\\\/\\\/vb-bachstein.de\\\/salzgitter\\\/impressum\\\/\",\"name\":\"Impressum - VB-Salzgitter\",\"isPartOf\":{\"@id\":\"https:\\\/\\\/vb-bachstein.de\\\/salzgitter\\\/#website\"},\"primaryImageOfPage\":{\"@id\":\"https:\\\/\\\/vb-bachstein.de\\\/salzgitter\\\/impressum\\\/#primaryimage\"},\"image\":{\"@id\":\"https:\\\/\\\/vb-bachstein.de\\\/salzgitter\\\/impressum\\\/#primaryimage\"},\"thumbnailUrl\":\"https:\\\/\\\/vb-bachstein.de\\\/salzgitter\\\/wp-content\\\/uploads\\\/sites\\\/14\\\/header-subsites_vb-2.jpg\",\"datePublished\":\"2025-01-08T07:35:21+00:00\",\"dateModified\":\"2026-01-19T12:35:00+00:00\",\"breadcrumb\":{\"@id\":\"https:\\\/\\\/vb-bachstein.de\\\/salzgitter\\\/impressum\\\/#breadcrumb\"},\"inLanguage\":\"es\",\"potentialAction\":[{\"@type\":\"ReadAction\",\"target\":[\"https:\\\/\\\/vb-bachstein.de\\\/salzgitter\\\/impressum\\\/\"]}]},{\"@type\":\"ImageObject\",\"inLanguage\":\"es\",\"@id\":\"https:\\\/\\\/vb-bachstein.de\\\/salzgitter\\\/impressum\\\/#primaryimage\",\"url\":\"https:\\\/\\\/vb-bachstein.de\\\/salzgitter\\\/wp-content\\\/uploads\\\/sites\\\/14\\\/header-subsites_vb-2.jpg\",\"contentUrl\":\"https:\\\/\\\/vb-bachstein.de\\\/salzgitter\\\/wp-content\\\/uploads\\\/sites\\\/14\\\/header-subsites_vb-2.jpg\"},{\"@type\":\"BreadcrumbList\",\"@id\":\"https:\\\/\\\/vb-bachstein.de\\\/salzgitter\\\/impressum\\\/#breadcrumb\",\"itemListElement\":[{\"@type\":\"ListItem\",\"position\":1,\"name\":\"Startseite\",\"item\":\"https:\\\/\\\/vb-bachstein.de\\\/salzgitter\\\/\"},{\"@type\":\"ListItem\",\"position\":2,\"name\":\"Impressum\"}]},{\"@type\":\"WebSite\",\"@id\":\"https:\\\/\\\/vb-bachstein.de\\\/salzgitter\\\/#website\",\"url\":\"https:\\\/\\\/vb-bachstein.de\\\/salzgitter\\\/\",\"name\":\"VB-Salzgitter\",\"description\":\"\",\"publisher\":{\"@id\":\"https:\\\/\\\/vb-bachstein.de\\\/salzgitter\\\/#organization\"},\"potentialAction\":[{\"@type\":\"SearchAction\",\"target\":{\"@type\":\"EntryPoint\",\"urlTemplate\":\"https:\\\/\\\/vb-bachstein.de\\\/salzgitter\\\/?s={search_term_string}\"},\"query-input\":{\"@type\":\"PropertyValueSpecification\",\"valueRequired\":true,\"valueName\":\"search_term_string\"}}],\"inLanguage\":\"es\"},{\"@type\":\"Organization\",\"@id\":\"https:\\\/\\\/vb-bachstein.de\\\/salzgitter\\\/#organization\",\"name\":\"VB-Salzgitter\",\"url\":\"https:\\\/\\\/vb-bachstein.de\\\/salzgitter\\\/\",\"logo\":{\"@type\":\"ImageObject\",\"inLanguage\":\"es\",\"@id\":\"https:\\\/\\\/vb-bachstein.de\\\/salzgitter\\\/#\\\/schema\\\/logo\\\/image\\\/\",\"url\":\"https:\\\/\\\/vb-bachstein.de\\\/salzgitter\\\/wp-content\\\/uploads\\\/sites\\\/14\\\/Bachstein_Logo.png\",\"contentUrl\":\"https:\\\/\\\/vb-bachstein.de\\\/salzgitter\\\/wp-content\\\/uploads\\\/sites\\\/14\\\/Bachstein_Logo.png\",\"width\":1966,\"height\":293,\"caption\":\"VB-Salzgitter\"},\"image\":{\"@id\":\"https:\\\/\\\/vb-bachstein.de\\\/salzgitter\\\/#\\\/schema\\\/logo\\\/image\\\/\"}}]}<\/script>\n<!-- \/ Yoast SEO plugin. -->","yoast_head_json":{"title":"Pie de imprenta - VB-Salzgitter","robots":{"index":"index","follow":"follow","max-snippet":"max-snippet:-1","max-image-preview":"max-image-preview:large","max-video-preview":"max-video-preview:-1"},"canonical":"https:\/\/vb-bachstein.de\/salzgitter\/imprimir\/","og_locale":"es_ES","og_type":"article","og_title":"Impressum - VB-Salzgitter","og_description":"IMPRESSUM Verkehrsbetriebe Bachstein GmbH Nienburger Stra\u00dfe 50 29225 Celle 05141 48708-50 05141 48708-79 info@vb-bachstein.de Gesch\u00e4ftsf\u00fchrung Dipl.-Kfm. Jan Behrendt, Betriebswirt (VWA) Michael Fastert Handelsregistereintrag Amtsgericht L\u00fcneburg, HRB 101634 Umsatzsteuer-Identifikationsnummer DE115115955 Redaktion Sherin Prager; Birgit Peters (&#8222;News &amp; Aktuelle St\u00f6rungen&#8220;) webmaster@vb-bachstein.de Genehmigungen F\u00fcr Genehmigungen nach \u00a7 42 und \u00a7 43 PBefG ist in Niedersachen die Landesnahverkehrsgesellschaft Niedersachsen mbH (LNVG), Kurt-Schumacher-Stra\u00dfe 5, 30159 Hannover zust\u00e4ndig. F\u00fcr die Genehmigungen nach \u00a7 48 und \u00a7 49 PBefG ist in Niedersachsen jeweils die Untere Verkehrsbeh\u00f6rde (Landkreis, Region, kreisfreie Stadt) am Betriebssitz des Unternehmens zust\u00e4ndig. F\u00fcr Genehmigungen nach \u00a7 42, \u00a7 43, \u00a7 48 und \u00a7 49 PBefG ist in Bayern die Regierung von Oberfranken, Ludwigstra\u00dfe 20, 95444 Bayreuth zust\u00e4ndig. Haftungshinweis Trotz sorgf\u00e4ltiger inhaltlicher Kontrolle \u00fcbernehmen wir keine Haftung f\u00fcr die Inhalte externer Links. F\u00fcr den Inhalt der verlinkten Seiten sind ausschlie\u00dflich deren Betreiber verantwortlich. Design &amp; Umsetzung blauzweig.de Bildrechte Soweit nicht anders angegeben: \u00a9 Verkehrsbetriebe Bachstein GmbH","og_url":"https:\/\/vb-bachstein.de\/salzgitter\/imprimir\/","og_site_name":"VB-Salzgitter","article_modified_time":"2026-01-19T12:35:00+00:00","twitter_card":"summary_large_image","twitter_misc":{"Tiempo de lectura":"2 minutos"},"schema":{"@context":"https:\/\/schema.org","@graph":[{"@type":"WebPage","@id":"https:\/\/vb-bachstein.de\/salzgitter\/impressum\/","url":"https:\/\/vb-bachstein.de\/salzgitter\/impressum\/","name":"Pie de imprenta - VB-Salzgitter","isPartOf":{"@id":"https:\/\/vb-bachstein.de\/salzgitter\/#website"},"primaryImageOfPage":{"@id":"https:\/\/vb-bachstein.de\/salzgitter\/impressum\/#primaryimage"},"image":{"@id":"https:\/\/vb-bachstein.de\/salzgitter\/impressum\/#primaryimage"},"thumbnailUrl":"https:\/\/vb-bachstein.de\/salzgitter\/wp-content\/uploads\/sites\/14\/header-subsites_vb-2.jpg","datePublished":"2025-01-08T07:35:21+00:00","dateModified":"2026-01-19T12:35:00+00:00","breadcrumb":{"@id":"https:\/\/vb-bachstein.de\/salzgitter\/impressum\/#breadcrumb"},"inLanguage":"es","potentialAction":[{"@type":"ReadAction","target":["https:\/\/vb-bachstein.de\/salzgitter\/impressum\/"]}]},{"@type":"ImageObject","inLanguage":"es","@id":"https:\/\/vb-bachstein.de\/salzgitter\/impressum\/#primaryimage","url":"https:\/\/vb-bachstein.de\/salzgitter\/wp-content\/uploads\/sites\/14\/header-subsites_vb-2.jpg","contentUrl":"https:\/\/vb-bachstein.de\/salzgitter\/wp-content\/uploads\/sites\/14\/header-subsites_vb-2.jpg"},{"@type":"BreadcrumbList","@id":"https:\/\/vb-bachstein.de\/salzgitter\/impressum\/#breadcrumb","itemListElement":[{"@type":"ListItem","position":1,"name":"Startseite","item":"https:\/\/vb-bachstein.de\/salzgitter\/"},{"@type":"ListItem","position":2,"name":"Impressum"}]},{"@type":"WebSite","@id":"https:\/\/vb-bachstein.de\/salzgitter\/#website","url":"https:\/\/vb-bachstein.de\/salzgitter\/","name":"Rejilla de sal VB","description":"","publisher":{"@id":"https:\/\/vb-bachstein.de\/salzgitter\/#organization"},"potentialAction":[{"@type":"SearchAction","target":{"@type":"EntryPoint","urlTemplate":"https:\/\/vb-bachstein.de\/salzgitter\/?s={search_term_string}"},"query-input":{"@type":"PropertyValueSpecification","valueRequired":true,"valueName":"search_term_string"}}],"inLanguage":"es"},{"@type":"Organization","@id":"https:\/\/vb-bachstein.de\/salzgitter\/#organization","name":"Rejilla de sal VB","url":"https:\/\/vb-bachstein.de\/salzgitter\/","logo":{"@type":"ImageObject","inLanguage":"es","@id":"https:\/\/vb-bachstein.de\/salzgitter\/#\/schema\/logo\/image\/","url":"https:\/\/vb-bachstein.de\/salzgitter\/wp-content\/uploads\/sites\/14\/Bachstein_Logo.png","contentUrl":"https:\/\/vb-bachstein.de\/salzgitter\/wp-content\/uploads\/sites\/14\/Bachstein_Logo.png","width":1966,"height":293,"caption":"VB-Salzgitter"},"image":{"@id":"https:\/\/vb-bachstein.de\/salzgitter\/#\/schema\/logo\/image\/"}}]}},"_links":{"self":[{"href":"https:\/\/vb-bachstein.de\/salzgitter\/es\/wp-json\/wp\/v2\/pages\/1937","targetHints":{"allow":["GET"]}}],"collection":[{"href":"https:\/\/vb-bachstein.de\/salzgitter\/es\/wp-json\/wp\/v2\/pages"}],"about":[{"href":"https:\/\/vb-bachstein.de\/salzgitter\/es\/wp-json\/wp\/v2\/types\/page"}],"author":[{"embeddable":true,"href":"https:\/\/vb-bachstein.de\/salzgitter\/es\/wp-json\/wp\/v2\/users\/4"}],"replies":[{"embeddable":true,"href":"https:\/\/vb-bachstein.de\/salzgitter\/es\/wp-json\/wp\/v2\/comments?post=1937"}],"version-history":[{"count":0,"href":"https:\/\/vb-bachstein.de\/salzgitter\/es\/wp-json\/wp\/v2\/pages\/1937\/revisions"}],"wp:featuredmedia":[{"embeddable":true,"href":"https:\/\/vb-bachstein.de\/salzgitter\/es\/wp-json\/"}],"wp:attachment":[{"href":"https:\/\/vb-bachstein.de\/salzgitter\/es\/wp-json\/wp\/v2\/media?parent=1937"}],"curies":[{"name":"wp","href":"https:\/\/api.w.org\/{rel}","templated":true}]}}