{"id":1323,"date":"2024-08-21T15:26:37","date_gmt":"2024-08-21T13:26:37","guid":{"rendered":"https:\/\/kvg-bus.de\/vb-hof\/?page_id=1323"},"modified":"2026-01-19T13:25:05","modified_gmt":"2026-01-19T12:25:05","slug":"aktuelle-stoerungen","status":"publish","type":"page","link":"https:\/\/vb-bachstein.de\/fichtelgebirge\/mobilitaet\/aktuelle-stoerungen\/","title":{"rendered":"Aktuelle St\u00f6rungen"},"content":{"rendered":"\t\t<div data-elementor-type=\"wp-page\" data-elementor-id=\"1323\" class=\"elementor elementor-1323\" data-elementor-post-type=\"page\">\n\t\t\t\t\t\t<section class=\"elementor-section elementor-top-section elementor-element elementor-element-10fed1b elementor-section-boxed elementor-section-height-default elementor-section-height-default wpr-particle-no wpr-jarallax-no wpr-parallax-no wpr-sticky-section-no wpr-equal-height-no\" data-id=\"10fed1b\" data-element_type=\"section\" data-e-type=\"section\">\n\t\t\t\t\t\t<div class=\"elementor-container elementor-column-gap-default\">\n\t\t\t\t\t<div class=\"elementor-column elementor-col-50 elementor-top-column elementor-element elementor-element-2b5188d\" data-id=\"2b5188d\" data-element_type=\"column\" data-e-type=\"column\">\n\t\t\t<div class=\"elementor-widget-wrap elementor-element-populated\">\n\t\t\t\t\t\t<div class=\"elementor-element elementor-element-f4b3d55 elementor-widget elementor-widget-heading\" data-id=\"f4b3d55\" data-element_type=\"widget\" data-e-type=\"widget\" data-widget_type=\"heading.default\">\n\t\t\t\t<div class=\"elementor-widget-container\">\n\t\t\t\t\t<h2 class=\"elementor-heading-title elementor-size-default\">AKTUELLE ST\u00d6RUNGEN<\/h2>\t\t\t\t<\/div>\n\t\t\t\t<\/div>\n\t\t\t\t\t<\/div>\n\t\t<\/div>\n\t\t\t\t<div class=\"elementor-column elementor-col-50 elementor-top-column elementor-element elementor-element-39db7a1\" data-id=\"39db7a1\" data-element_type=\"column\" data-e-type=\"column\">\n\t\t\t<div class=\"elementor-widget-wrap\">\n\t\t\t\t\t\t\t<\/div>\n\t\t<\/div>\n\t\t\t\t\t<\/div>\n\t\t<\/section>\n\t\t\t\t<section class=\"elementor-section elementor-top-section elementor-element elementor-element-6d96fc2 elementor-section-boxed elementor-section-height-default elementor-section-height-default wpr-particle-no wpr-jarallax-no wpr-parallax-no wpr-sticky-section-no wpr-equal-height-no\" data-id=\"6d96fc2\" data-element_type=\"section\" data-e-type=\"section\">\n\t\t\t\t\t\t<div class=\"elementor-container elementor-column-gap-default\">\n\t\t\t\t\t<div class=\"elementor-column elementor-col-50 elementor-top-column elementor-element elementor-element-9f31d88\" data-id=\"9f31d88\" data-element_type=\"column\" data-e-type=\"column\">\n\t\t\t<div class=\"elementor-widget-wrap elementor-element-populated\">\n\t\t\t\t\t\t<div class=\"elementor-element elementor-element-c9a8eeb elementor-search-form--button-type-text elementor-search-form--skin-classic elementor-widget elementor-widget-search-form\" data-id=\"c9a8eeb\" data-element_type=\"widget\" data-e-type=\"widget\" data-settings=\"{&quot;skin&quot;:&quot;classic&quot;}\" data-widget_type=\"search-form.default\">\n\t\t\t\t<div class=\"elementor-widget-container\">\n\t\t\t\t\t\t\t<search role=\"search\">\n\t\t\t<form class=\"elementor-search-form\" action=\"https:\/\/vb-bachstein.de\/fichtelgebirge\" method=\"get\">\n\t\t\t\t\t\t\t\t\t\t\t\t<div class=\"elementor-search-form__container\">\n\t\t\t\t\t<label class=\"elementor-screen-only\" for=\"elementor-search-form-c9a8eeb\">Suche<\/label>\n\n\t\t\t\t\t\n\t\t\t\t\t<input id=\"elementor-search-form-c9a8eeb\" placeholder=\"Linie\" class=\"elementor-search-form__input\" type=\"search\" name=\"s\" value=\"\">\n\t\t\t\t\t\n\t\t\t\t\t\t\t\t\t\t\t<button class=\"elementor-search-form__submit\" type=\"submit\" aria-label=\"Suche\">\n\t\t\t\t\t\t\t\t\t\t\t\t\t\t\tSUCHE DEINE LINIE\t\t\t\t\t\t\t\t\t\t\t\t\t<\/button>\n\t\t\t\t\t\n\t\t\t\t\t\t\t\t\t<\/div>\n\t\t\t<\/form>\n\t\t<\/search>\n\t\t\t\t\t\t<\/div>\n\t\t\t\t<\/div>\n\t\t\t\t<div class=\"elementor-element elementor-element-7181967 elementor-widget elementor-widget-spacer\" data-id=\"7181967\" data-element_type=\"widget\" data-e-type=\"widget\" data-widget_type=\"spacer.default\">\n\t\t\t\t<div class=\"elementor-widget-container\">\n\t\t\t\t\t\t\t<div class=\"elementor-spacer\">\n\t\t\t<div class=\"elementor-spacer-inner\"><\/div>\n\t\t<\/div>\n\t\t\t\t\t\t<\/div>\n\t\t\t\t<\/div>\n\t\t\t\t\t<\/div>\n\t\t<\/div>\n\t\t\t\t<div class=\"elementor-column elementor-col-50 elementor-top-column elementor-element elementor-element-82b271b\" data-id=\"82b271b\" data-element_type=\"column\" data-e-type=\"column\">\n\t\t\t<div class=\"elementor-widget-wrap\">\n\t\t\t\t\t\t\t<\/div>\n\t\t<\/div>\n\t\t\t\t\t<\/div>\n\t\t<\/section>\n\t\t<div class=\"elementor-element elementor-element-4e2f041 e-flex e-con-boxed wpr-particle-no wpr-jarallax-no wpr-parallax-no wpr-sticky-section-no wpr-equal-height-no e-con e-parent\" data-id=\"4e2f041\" data-element_type=\"container\" data-e-type=\"container\">\n\t\t\t\t\t<div class=\"e-con-inner\">\n\t\t\t\t<div class=\"elementor-element elementor-element-4006ebc elementor-posts--thumbnail-none elementor-grid-3 elementor-grid-tablet-2 elementor-grid-mobile-1 elementor-card-shadow-yes elementor-posts__hover-gradient elementor-widget elementor-widget-posts\" data-id=\"4006ebc\" data-element_type=\"widget\" data-e-type=\"widget\" data-settings=\"{&quot;cards_columns&quot;:&quot;3&quot;,&quot;cards_columns_tablet&quot;:&quot;2&quot;,&quot;cards_columns_mobile&quot;:&quot;1&quot;,&quot;cards_row_gap&quot;:{&quot;unit&quot;:&quot;px&quot;,&quot;size&quot;:35,&quot;sizes&quot;:[]},&quot;cards_row_gap_tablet&quot;:{&quot;unit&quot;:&quot;px&quot;,&quot;size&quot;:&quot;&quot;,&quot;sizes&quot;:[]},&quot;cards_row_gap_mobile&quot;:{&quot;unit&quot;:&quot;px&quot;,&quot;size&quot;:&quot;&quot;,&quot;sizes&quot;:[]}}\" data-widget_type=\"posts.cards\">\n\t\t\t\t<div class=\"elementor-widget-container\">\n\t\t\t\t\t\t\t<div class=\"elementor-posts-container elementor-posts elementor-posts--skin-cards elementor-grid\" role=\"list\">\n\t\t\t\t<article class=\"elementor-post elementor-grid-item post-3460 post type-post status-publish format-standard has-post-thumbnail hentry category-fahrplanabweichungen category-news\" role=\"listitem\">\n\t\t\t<div class=\"elementor-post__card\">\n\t\t\t\t<div class=\"elementor-post__text\">\n\t\t\t\t<h3 class=\"elementor-post__title\">\n\t\t\t<a href=\"https:\/\/vb-bachstein.de\/fichtelgebirge\/linie-1545-fahrplanabweichung-zwischen-gefrees-und-muenchberg-ab-09-03-2026-bis-auf-unbestimmte-zeit\/\" >\n\t\t\t\tLinie 1545 | Fahrplanabweichung zwischen Gefrees und M\u00fcnchberg: ab 09.03.2026 bis auf unbestimmte Zeit\t\t\t<\/a>\n\t\t<\/h3>\n\t\t\t\t<div class=\"elementor-post__excerpt\">\n\t\t\t<p>Aufgrund einer Bauma\u00dfnahme m\u00fcssen zwischen Gefrees und M\u00fcnchberg bei den<\/p>\n\t\t<\/div>\n\t\t\n\t\t<a class=\"elementor-post__read-more\" href=\"https:\/\/vb-bachstein.de\/fichtelgebirge\/linie-1545-fahrplanabweichung-zwischen-gefrees-und-muenchberg-ab-09-03-2026-bis-auf-unbestimmte-zeit\/\" aria-label=\"Mehr \u00fcber Linie 1545 | Fahrplanabweichung zwischen Gefrees und M\u00fcnchberg: ab 09.03.2026 bis auf unbestimmte Zeit\" tabindex=\"-1\" >\n\t\t\tWeiterlesen \u00bb\t\t<\/a>\n\n\t\t\t\t<\/div>\n\t\t\t\t\t<\/div>\n\t\t<\/article>\n\t\t\t\t<\/div>\n\t\t\n\t\t\t\t\t\t<\/div>\n\t\t\t\t<\/div>\n\t\t\t\t\t<\/div>\n\t\t\t\t<\/div>\n\t\t<div class=\"elementor-element elementor-element-b774eb7 e-flex e-con-boxed wpr-particle-no wpr-jarallax-no wpr-parallax-no wpr-sticky-section-no wpr-equal-height-no e-con e-parent\" data-id=\"b774eb7\" data-element_type=\"container\" data-e-type=\"container\">\n\t\t\t\t\t<div class=\"e-con-inner\">\n\t\t\t\t<div class=\"elementor-element elementor-element-cca8ff5 elementor-widget elementor-widget-spacer\" data-id=\"cca8ff5\" data-element_type=\"widget\" data-e-type=\"widget\" data-widget_type=\"spacer.default\">\n\t\t\t\t<div class=\"elementor-widget-container\">\n\t\t\t\t\t\t\t<div class=\"elementor-spacer\">\n\t\t\t<div class=\"elementor-spacer-inner\"><\/div>\n\t\t<\/div>\n\t\t\t\t\t\t<\/div>\n\t\t\t\t<\/div>\n\t\t\t\t\t<\/div>\n\t\t\t\t<\/div>\n\t\t\t\t<\/div>\n\t\t","protected":false},"excerpt":{"rendered":"<p>AKTUELLE ST\u00d6RUNGEN<\/p>\n","protected":false},"author":1,"featured_media":4083,"parent":408,"menu_order":8,"comment_status":"closed","ping_status":"closed","template":"","meta":{"footnotes":""},"class_list":["post-1323","page","type-page","status-publish","has-post-thumbnail","hentry"],"yoast_head":"<!-- This site is optimized with the Yoast SEO plugin v27.4 - https:\/\/yoast.com\/product\/yoast-seo-wordpress\/ -->\n<title>Aktuelle St\u00f6rungen - VB-Fichtelgebirge<\/title>\n<meta name=\"robots\" content=\"index, follow, max-snippet:-1, max-image-preview:large, max-video-preview:-1\" \/>\n<link rel=\"canonical\" href=\"https:\/\/vb-bachstein.de\/fichtelgebirge\/mobilitaet\/aktuelle-stoerungen\/\" \/>\n<meta property=\"og:locale\" content=\"de_DE\" \/>\n<meta property=\"og:type\" content=\"article\" \/>\n<meta property=\"og:title\" content=\"Aktuelle St\u00f6rungen - VB-Fichtelgebirge\" \/>\n<meta property=\"og:description\" content=\"AKTUELLE ST\u00d6RUNGEN\" \/>\n<meta property=\"og:url\" content=\"https:\/\/vb-bachstein.de\/fichtelgebirge\/mobilitaet\/aktuelle-stoerungen\/\" \/>\n<meta property=\"og:site_name\" content=\"VB-Fichtelgebirge\" \/>\n<meta property=\"article:modified_time\" content=\"2026-01-19T12:25:05+00:00\" \/>\n<meta name=\"twitter:card\" content=\"summary_large_image\" \/>\n<meta name=\"twitter:label1\" content=\"Gesch\u00e4tzte Lesezeit\" \/>\n\t<meta name=\"twitter:data1\" content=\"1\u00a0Minute\" \/>\n<script type=\"application\/ld+json\" class=\"yoast-schema-graph\">{\"@context\":\"https:\\\/\\\/schema.org\",\"@graph\":[{\"@type\":\"WebPage\",\"@id\":\"https:\\\/\\\/vb-bachstein.de\\\/fichtelgebirge\\\/mobilitaet\\\/aktuelle-stoerungen\\\/\",\"url\":\"https:\\\/\\\/vb-bachstein.de\\\/fichtelgebirge\\\/mobilitaet\\\/aktuelle-stoerungen\\\/\",\"name\":\"Aktuelle St\u00f6rungen - VB-Fichtelgebirge\",\"isPartOf\":{\"@id\":\"https:\\\/\\\/vb-bachstein.de\\\/fichtelgebirge\\\/#website\"},\"primaryImageOfPage\":{\"@id\":\"https:\\\/\\\/vb-bachstein.de\\\/fichtelgebirge\\\/mobilitaet\\\/aktuelle-stoerungen\\\/#primaryimage\"},\"image\":{\"@id\":\"https:\\\/\\\/vb-bachstein.de\\\/fichtelgebirge\\\/mobilitaet\\\/aktuelle-stoerungen\\\/#primaryimage\"},\"thumbnailUrl\":\"https:\\\/\\\/vb-bachstein.de\\\/fichtelgebirge\\\/wp-content\\\/uploads\\\/sites\\\/14\\\/header-subsites_vb-2.jpg\",\"datePublished\":\"2024-08-21T13:26:37+00:00\",\"dateModified\":\"2026-01-19T12:25:05+00:00\",\"breadcrumb\":{\"@id\":\"https:\\\/\\\/vb-bachstein.de\\\/fichtelgebirge\\\/mobilitaet\\\/aktuelle-stoerungen\\\/#breadcrumb\"},\"inLanguage\":\"de\",\"potentialAction\":[{\"@type\":\"ReadAction\",\"target\":[\"https:\\\/\\\/vb-bachstein.de\\\/fichtelgebirge\\\/mobilitaet\\\/aktuelle-stoerungen\\\/\"]}]},{\"@type\":\"ImageObject\",\"inLanguage\":\"de\",\"@id\":\"https:\\\/\\\/vb-bachstein.de\\\/fichtelgebirge\\\/mobilitaet\\\/aktuelle-stoerungen\\\/#primaryimage\",\"url\":\"https:\\\/\\\/vb-bachstein.de\\\/fichtelgebirge\\\/wp-content\\\/uploads\\\/sites\\\/14\\\/header-subsites_vb-2.jpg\",\"contentUrl\":\"https:\\\/\\\/vb-bachstein.de\\\/fichtelgebirge\\\/wp-content\\\/uploads\\\/sites\\\/14\\\/header-subsites_vb-2.jpg\"},{\"@type\":\"BreadcrumbList\",\"@id\":\"https:\\\/\\\/vb-bachstein.de\\\/fichtelgebirge\\\/mobilitaet\\\/aktuelle-stoerungen\\\/#breadcrumb\",\"itemListElement\":[{\"@type\":\"ListItem\",\"position\":1,\"name\":\"Startseite\",\"item\":\"https:\\\/\\\/vb-bachstein.de\\\/fichtelgebirge\\\/\"},{\"@type\":\"ListItem\",\"position\":2,\"name\":\"Mobilit\u00e4t\",\"item\":\"https:\\\/\\\/vb-bachstein.de\\\/fichtelgebirge\\\/mobilitaet\\\/\"},{\"@type\":\"ListItem\",\"position\":3,\"name\":\"Aktuelle St\u00f6rungen\"}]},{\"@type\":\"WebSite\",\"@id\":\"https:\\\/\\\/vb-bachstein.de\\\/fichtelgebirge\\\/#website\",\"url\":\"https:\\\/\\\/vb-bachstein.de\\\/fichtelgebirge\\\/\",\"name\":\"VB-Fichtelgebirge\",\"description\":\"\",\"publisher\":{\"@id\":\"https:\\\/\\\/vb-bachstein.de\\\/fichtelgebirge\\\/#organization\"},\"potentialAction\":[{\"@type\":\"SearchAction\",\"target\":{\"@type\":\"EntryPoint\",\"urlTemplate\":\"https:\\\/\\\/vb-bachstein.de\\\/fichtelgebirge\\\/?s={search_term_string}\"},\"query-input\":{\"@type\":\"PropertyValueSpecification\",\"valueRequired\":true,\"valueName\":\"search_term_string\"}}],\"inLanguage\":\"de\"},{\"@type\":\"Organization\",\"@id\":\"https:\\\/\\\/vb-bachstein.de\\\/fichtelgebirge\\\/#organization\",\"name\":\"VB-Fichtelgebirge\",\"url\":\"https:\\\/\\\/vb-bachstein.de\\\/fichtelgebirge\\\/\",\"logo\":{\"@type\":\"ImageObject\",\"inLanguage\":\"de\",\"@id\":\"https:\\\/\\\/vb-bachstein.de\\\/fichtelgebirge\\\/#\\\/schema\\\/logo\\\/image\\\/\",\"url\":\"https:\\\/\\\/vb-bachstein.de\\\/fichtelgebirge\\\/wp-content\\\/uploads\\\/sites\\\/14\\\/vb-bachstein_logo.svg\",\"contentUrl\":\"https:\\\/\\\/vb-bachstein.de\\\/fichtelgebirge\\\/wp-content\\\/uploads\\\/sites\\\/14\\\/vb-bachstein_logo.svg\",\"caption\":\"VB-Fichtelgebirge\"},\"image\":{\"@id\":\"https:\\\/\\\/vb-bachstein.de\\\/fichtelgebirge\\\/#\\\/schema\\\/logo\\\/image\\\/\"}}]}<\/script>\n<!-- \/ Yoast SEO plugin. -->","yoast_head_json":{"title":"Aktuelle St\u00f6rungen - VB-Fichtelgebirge","robots":{"index":"index","follow":"follow","max-snippet":"max-snippet:-1","max-image-preview":"max-image-preview:large","max-video-preview":"max-video-preview:-1"},"canonical":"https:\/\/vb-bachstein.de\/fichtelgebirge\/mobilitaet\/aktuelle-stoerungen\/","og_locale":"de_DE","og_type":"article","og_title":"Aktuelle St\u00f6rungen - VB-Fichtelgebirge","og_description":"AKTUELLE ST\u00d6RUNGEN","og_url":"https:\/\/vb-bachstein.de\/fichtelgebirge\/mobilitaet\/aktuelle-stoerungen\/","og_site_name":"VB-Fichtelgebirge","article_modified_time":"2026-01-19T12:25:05+00:00","twitter_card":"summary_large_image","twitter_misc":{"Gesch\u00e4tzte Lesezeit":"1\u00a0Minute"},"schema":{"@context":"https:\/\/schema.org","@graph":[{"@type":"WebPage","@id":"https:\/\/vb-bachstein.de\/fichtelgebirge\/mobilitaet\/aktuelle-stoerungen\/","url":"https:\/\/vb-bachstein.de\/fichtelgebirge\/mobilitaet\/aktuelle-stoerungen\/","name":"Aktuelle St\u00f6rungen - VB-Fichtelgebirge","isPartOf":{"@id":"https:\/\/vb-bachstein.de\/fichtelgebirge\/#website"},"primaryImageOfPage":{"@id":"https:\/\/vb-bachstein.de\/fichtelgebirge\/mobilitaet\/aktuelle-stoerungen\/#primaryimage"},"image":{"@id":"https:\/\/vb-bachstein.de\/fichtelgebirge\/mobilitaet\/aktuelle-stoerungen\/#primaryimage"},"thumbnailUrl":"https:\/\/vb-bachstein.de\/fichtelgebirge\/wp-content\/uploads\/sites\/14\/header-subsites_vb-2.jpg","datePublished":"2024-08-21T13:26:37+00:00","dateModified":"2026-01-19T12:25:05+00:00","breadcrumb":{"@id":"https:\/\/vb-bachstein.de\/fichtelgebirge\/mobilitaet\/aktuelle-stoerungen\/#breadcrumb"},"inLanguage":"de","potentialAction":[{"@type":"ReadAction","target":["https:\/\/vb-bachstein.de\/fichtelgebirge\/mobilitaet\/aktuelle-stoerungen\/"]}]},{"@type":"ImageObject","inLanguage":"de","@id":"https:\/\/vb-bachstein.de\/fichtelgebirge\/mobilitaet\/aktuelle-stoerungen\/#primaryimage","url":"https:\/\/vb-bachstein.de\/fichtelgebirge\/wp-content\/uploads\/sites\/14\/header-subsites_vb-2.jpg","contentUrl":"https:\/\/vb-bachstein.de\/fichtelgebirge\/wp-content\/uploads\/sites\/14\/header-subsites_vb-2.jpg"},{"@type":"BreadcrumbList","@id":"https:\/\/vb-bachstein.de\/fichtelgebirge\/mobilitaet\/aktuelle-stoerungen\/#breadcrumb","itemListElement":[{"@type":"ListItem","position":1,"name":"Startseite","item":"https:\/\/vb-bachstein.de\/fichtelgebirge\/"},{"@type":"ListItem","position":2,"name":"Mobilit\u00e4t","item":"https:\/\/vb-bachstein.de\/fichtelgebirge\/mobilitaet\/"},{"@type":"ListItem","position":3,"name":"Aktuelle St\u00f6rungen"}]},{"@type":"WebSite","@id":"https:\/\/vb-bachstein.de\/fichtelgebirge\/#website","url":"https:\/\/vb-bachstein.de\/fichtelgebirge\/","name":"VB-Fichtelgebirge","description":"","publisher":{"@id":"https:\/\/vb-bachstein.de\/fichtelgebirge\/#organization"},"potentialAction":[{"@type":"SearchAction","target":{"@type":"EntryPoint","urlTemplate":"https:\/\/vb-bachstein.de\/fichtelgebirge\/?s={search_term_string}"},"query-input":{"@type":"PropertyValueSpecification","valueRequired":true,"valueName":"search_term_string"}}],"inLanguage":"de"},{"@type":"Organization","@id":"https:\/\/vb-bachstein.de\/fichtelgebirge\/#organization","name":"VB-Fichtelgebirge","url":"https:\/\/vb-bachstein.de\/fichtelgebirge\/","logo":{"@type":"ImageObject","inLanguage":"de","@id":"https:\/\/vb-bachstein.de\/fichtelgebirge\/#\/schema\/logo\/image\/","url":"https:\/\/vb-bachstein.de\/fichtelgebirge\/wp-content\/uploads\/sites\/14\/vb-bachstein_logo.svg","contentUrl":"https:\/\/vb-bachstein.de\/fichtelgebirge\/wp-content\/uploads\/sites\/14\/vb-bachstein_logo.svg","caption":"VB-Fichtelgebirge"},"image":{"@id":"https:\/\/vb-bachstein.de\/fichtelgebirge\/#\/schema\/logo\/image\/"}}]}},"_links":{"self":[{"href":"https:\/\/vb-bachstein.de\/fichtelgebirge\/wp-json\/wp\/v2\/pages\/1323","targetHints":{"allow":["GET"]}}],"collection":[{"href":"https:\/\/vb-bachstein.de\/fichtelgebirge\/wp-json\/wp\/v2\/pages"}],"about":[{"href":"https:\/\/vb-bachstein.de\/fichtelgebirge\/wp-json\/wp\/v2\/types\/page"}],"author":[{"embeddable":true,"href":"https:\/\/vb-bachstein.de\/fichtelgebirge\/wp-json\/wp\/v2\/users\/1"}],"replies":[{"embeddable":true,"href":"https:\/\/vb-bachstein.de\/fichtelgebirge\/wp-json\/wp\/v2\/comments?post=1323"}],"version-history":[{"count":0,"href":"https:\/\/vb-bachstein.de\/fichtelgebirge\/wp-json\/wp\/v2\/pages\/1323\/revisions"}],"up":[{"embeddable":true,"href":"https:\/\/vb-bachstein.de\/fichtelgebirge\/wp-json\/wp\/v2\/pages\/408"}],"wp:featuredmedia":[{"embeddable":true,"href":"https:\/\/vb-bachstein.de\/fichtelgebirge\/wp-json\/"}],"wp:attachment":[{"href":"https:\/\/vb-bachstein.de\/fichtelgebirge\/wp-json\/wp\/v2\/media?parent=1323"}],"curies":[{"name":"wp","href":"https:\/\/api.w.org\/{rel}","templated":true}]}}